{"id":4040,"date":"2021-07-23T11:46:21","date_gmt":"2021-07-23T09:46:21","guid":{"rendered":"https:\/\/ilv-fernerkundung.de\/?page_id=4040"},"modified":"2025-01-07T08:04:07","modified_gmt":"2025-01-07T07:04:07","slug":"entreprise","status":"publish","type":"page","link":"https:\/\/ilv-fernerkundung.de\/fr\/entreprise\/","title":{"rendered":"Entreprise"},"content":{"rendered":"\t\t<div data-elementor-type=\"wp-page\" data-elementor-id=\"4040\" class=\"elementor elementor-4040 elementor-29\" data-elementor-settings=\"{&quot;element_pack_global_tooltip_width&quot;:{&quot;unit&quot;:&quot;px&quot;,&quot;size&quot;:&quot;&quot;,&quot;sizes&quot;:[]},&quot;element_pack_global_tooltip_width_tablet&quot;:{&quot;unit&quot;:&quot;px&quot;,&quot;size&quot;:&quot;&quot;,&quot;sizes&quot;:[]},&quot;element_pack_global_tooltip_width_mobile&quot;:{&quot;unit&quot;:&quot;px&quot;,&quot;size&quot;:&quot;&quot;,&quot;sizes&quot;:[]},&quot;element_pack_global_tooltip_padding&quot;:{&quot;unit&quot;:&quot;px&quot;,&quot;top&quot;:&quot;&quot;,&quot;right&quot;:&quot;&quot;,&quot;bottom&quot;:&quot;&quot;,&quot;left&quot;:&quot;&quot;,&quot;isLinked&quot;:true},&quot;element_pack_global_tooltip_padding_tablet&quot;:{&quot;unit&quot;:&quot;px&quot;,&quot;top&quot;:&quot;&quot;,&quot;right&quot;:&quot;&quot;,&quot;bottom&quot;:&quot;&quot;,&quot;left&quot;:&quot;&quot;,&quot;isLinked&quot;:true},&quot;element_pack_global_tooltip_padding_mobile&quot;:{&quot;unit&quot;:&quot;px&quot;,&quot;top&quot;:&quot;&quot;,&quot;right&quot;:&quot;&quot;,&quot;bottom&quot;:&quot;&quot;,&quot;left&quot;:&quot;&quot;,&quot;isLinked&quot;:true},&quot;element_pack_global_tooltip_border_radius&quot;:{&quot;unit&quot;:&quot;px&quot;,&quot;top&quot;:&quot;&quot;,&quot;right&quot;:&quot;&quot;,&quot;bottom&quot;:&quot;&quot;,&quot;left&quot;:&quot;&quot;,&quot;isLinked&quot;:true},&quot;element_pack_global_tooltip_border_radius_tablet&quot;:{&quot;unit&quot;:&quot;px&quot;,&quot;top&quot;:&quot;&quot;,&quot;right&quot;:&quot;&quot;,&quot;bottom&quot;:&quot;&quot;,&quot;left&quot;:&quot;&quot;,&quot;isLinked&quot;:true},&quot;element_pack_global_tooltip_border_radius_mobile&quot;:{&quot;unit&quot;:&quot;px&quot;,&quot;top&quot;:&quot;&quot;,&quot;right&quot;:&quot;&quot;,&quot;bottom&quot;:&quot;&quot;,&quot;left&quot;:&quot;&quot;,&quot;isLinked&quot;:true}}\" data-elementor-post-type=\"page\">\n\t\t\t\t<div class=\"elementor-element elementor-element-8057ccc e-flex e-con-boxed elementor-invisible e-con e-parent\" data-id=\"8057ccc\" data-element_type=\"container\" data-e-type=\"container\" data-settings=\"{&quot;animation&quot;:&quot;fadeInUp&quot;}\">\n\t\t\t\t\t<div class=\"e-con-inner\">\n\t\t<div class=\"elementor-element elementor-element-a84ead9 e-con-full e-flex e-con e-child\" data-id=\"a84ead9\" data-element_type=\"container\" data-e-type=\"container\">\n\t\t\t\t<div class=\"elementor-element elementor-element-29c02a9 elementor-widget elementor-widget-text-editor\" data-id=\"29c02a9\" data-element_type=\"widget\" data-e-type=\"widget\" data-widget_type=\"text-editor.default\">\n\t\t\t\t\t\t\t\t\t<p>Les ori\u00adgines d\u2019ILV-Fer\u00adner\u00adkun\u00addung GmbH remontent \u00e0 l\u2019\u00e9\u00adpoque pr\u00e9\u00adc\u00e9\u00addant la r\u00e9uni\u00adfi\u00adca\u00adtion alle\u00admande. Le fon\u00adda\u00adteur, pro\u00adpri\u00e9\u00adtaire et actuel direc\u00adteur g\u00e9n\u00e9\u00adral, Mar\u00adtin Wag\u00adner, ing\u00e9\u00adnieur dipl\u00f4\u00adm\u00e9 des mines, a tra\u00advaill\u00e9 comme chef du d\u00e9par\u00adte\u00adment scien\u00adti\u00adfique et tech\u00adnique de l\u2019an\u00adcienne uni\u00adt\u00e9 mini\u00e8re de lignite de Bor\u00adna (FMB) entre 1988 et 1990. \u00c0 l\u2019\u00e9\u00adpoque d\u00e9j\u00e0, il exis\u00adtait des contacts \u00e9troits avec l\u2019A\u00adca\u00add\u00e9\u00admie des sciences de la RDA, notam\u00adment avec le groupe de t\u00e9l\u00e9\u00add\u00e9\u00adtec\u00adtion diri\u00adg\u00e9e par le pro\u00adfes\u00adseur Karl-Heinz Marek.<\/p><p>BKW Bor\u00adna fai\u00adsait par\u00adtie du groupe de pro\u00adduc\u00adtion de lignite de Bit\u00adter\u00adfeld et comp\u00adtait \u00e0 l\u2019\u00e9\u00adpoque 21 mines \u00e0 ciel ouvert et 24 usines d\u2019enrichissement et plus de 57 000 employ\u00e9s. Au cours du revire-ment poli\u00adtique de 1990, la Verei\u00adnigte Mit\u00adtel\u00addeutsche Braun\u00adkoh\u00adlen\u00adwerke AG a \u00e9t\u00e9 cr\u00e9\u00e9e \u00e0 par\u00adtir de la com\u00adbi\u00adnai\u00adson fusion de ces mines \u2013 la future MIBRAG. Cette soci\u00e9\u00adt\u00e9 a repris l\u2019ex\u00adploi\u00adta\u00adtion conti\u00adnue de la par\u00adtie encore active de l\u2019in\u00addus\u00adtrie mini\u00e8re du lignite en Alle\u00admagne cen\u00adtrale.<\/p><p>Pour l\u2019in\u00addus\u00adtrie du char\u00adbon de la RDA, le col\u00adlec\u00adtif de recherche des jeunes ing\u00e9\u00adnieurs du d\u00e9parte-ment de g\u00e9o\u00add\u00e9\u00adsie, que Mar\u00adtin Wag\u00adner diri\u00adgeait \u00e0 l\u2019\u00e9\u00adpoque, a mis en place pour la pre\u00admi\u00e8re fois un centre d\u2019\u00e9\u00adva\u00adlua\u00adtion pho\u00adto\u00adgram\u00adm\u00e9\u00adtrique num\u00e9\u00adrique. D\u00e8s lors, le centre a pris en charge l\u2019\u00e9\u00adva\u00adlua\u00adtion cen\u00adtrale des pho\u00adtos a\u00e9riennes cou\u00advrant les mines \u00e0 ciel ouvert deu BKW de Bor\u00adna.<\/p><p>Il a ensuite \u00e9t\u00e9 char\u00adg\u00e9 de d\u00e9ve\u00adlop\u00adper un sys\u00adt\u00e8me de CAO\/FAO pour les mines \u00e0 ciel ouvert. Avec un bud\u00adget de pas moins de 4,4 mil\u00adlions de marks alle\u00admands, le col\u00adlec\u00adtif inter\u00addis\u00adci\u00adpli\u00adnaire de jeunes cher\u00adcheurs a com\u00admen\u00adc\u00e9 ses tra\u00advaux. D\u00e8s lors, des solu\u00adtions de sto\u00adckage et de mise \u00e0 dis\u00adpo\u00adsi\u00adtion de don\u00adn\u00e9es \u00e0 tra\u00advers des solu\u00adtions \u201cCloud\u201d ain\u00adsi que de trans\u00admis\u00adsion de don\u00adn\u00e9es via des r\u00e9seaux radio et \u00e0 fibre optique ont \u00e9t\u00e9 tes\u00adt\u00e9es et mises en \u0153uvre avec suc\u00adc\u00e8s. \u00c0 cette fin, on a uti\u00adli\u00ads\u00e9 prin-cipa\u00adle\u00adment la tech\u00adno\u00adlo\u00adgie des grandes entre\u00adprises indus\u00adtrielles comme Carl Zeiss Jena et Robo\u00adtron, mais aus\u00adsi des tech\u00adno\u00adlo\u00adgies d\u00e9ve\u00adlop\u00adp\u00e9es en com\u00admun avec des ins\u00adti\u00adtu\u00adtions de recherche et des uni\u00adver\u00adsi\u00adt\u00e9s.<\/p><p>En 1990, les trois ing\u00e9\u00adnieurs Mar\u00adtin Wag\u00adner, Andreas Forg\u00adber (\u00e0 l\u2019\u00e9\u00adpoque chef du d\u00e9par\u00adte\u00adment d\u2019in\u00adfor\u00adma\u00adtique du BKK de Bit\u00adter\u00adfeld) et Bea\u00adtrix Wag\u00adner (\u00e0 l\u2019\u00e9\u00adpoque chef de la for\u00adma\u00adtion pro\u00adfes\u00adsion-nelle des g\u00e9o\u00adm\u00e8tres miniers dans l\u2019in\u00addus\u00adtrie du lignite de la RDA) ont fon\u00add\u00e9 l\u2019In\u00adge\u00adnieurb\u00fc\u00adro f\u00fcr Luft-bil\u00addaus\u00adwer\u00adtung und Ver\u00admes\u00adsung (ILV).<\/p>\t\t\t\t\t\t\t\t<\/div>\n\t\t\t\t<\/div>\n\t\t\t\t\t<\/div>\n\t\t\t\t<\/div>\n\t\t<div class=\"elementor-element elementor-element-7e99651 e-flex e-con-boxed elementor-invisible e-con e-parent\" data-id=\"7e99651\" data-element_type=\"container\" data-e-type=\"container\" data-settings=\"{&quot;animation&quot;:&quot;fadeInUp&quot;}\">\n\t\t\t\t\t<div class=\"e-con-inner\">\n\t\t<div class=\"elementor-element elementor-element-b58b0e2 e-con-full e-flex e-con e-child\" data-id=\"b58b0e2\" data-element_type=\"container\" data-e-type=\"container\">\n\t\t\t\t<div class=\"elementor-element elementor-element-74f50a5 elementor-skin-carousel elementor-arrows-yes elementor-pagination-type-bullets elementor-pagination-position-outside elementor-widget elementor-widget-media-carousel\" data-id=\"74f50a5\" data-element_type=\"widget\" data-e-type=\"widget\" data-settings=\"{&quot;skin&quot;:&quot;carousel&quot;,&quot;effect&quot;:&quot;slide&quot;,&quot;show_arrows&quot;:&quot;yes&quot;,&quot;pagination&quot;:&quot;bullets&quot;,&quot;speed&quot;:500,&quot;autoplay&quot;:&quot;yes&quot;,&quot;autoplay_speed&quot;:5000,&quot;loop&quot;:&quot;yes&quot;,&quot;pause_on_hover&quot;:&quot;yes&quot;,&quot;pause_on_interaction&quot;:&quot;yes&quot;,&quot;space_between&quot;:{&quot;unit&quot;:&quot;px&quot;,&quot;size&quot;:10,&quot;sizes&quot;:[]},&quot;space_between_tablet&quot;:{&quot;unit&quot;:&quot;px&quot;,&quot;size&quot;:10,&quot;sizes&quot;:[]},&quot;space_between_mobile&quot;:{&quot;unit&quot;:&quot;px&quot;,&quot;size&quot;:10,&quot;sizes&quot;:[]}}\" data-widget_type=\"media-carousel.default\">\n\t\t\t\t\t\t\t\t\t\t<div class=\"elementor-main-swiper swiper\" role=\"region\" aria-roledescription=\"carousel\" aria-label=\"Slider\">\n\t\t\t\t<div class=\"swiper-wrapper\">\n\t\t\t\t\t\t\t\t\t\t\t<div class=\"swiper-slide\" role=\"group\" aria-roledescription=\"slide\">\n\t\t\t\t\t\t\t<a href=\"https:\/\/ilv-fernerkundung.de\/wp-content\/uploads\/2021\/07\/1986_JFK-BKW-Borna-e1597916099517.jpg\" data-elementor-open-lightbox=\"yes\" data-elementor-lightbox-slideshow=\"74f50a5\" data-elementor-lightbox-title=\"1986 : Collectif de recherche des jeunes chercheurs en g\u00e9od\u00e9sie\" data-e-action-hash=\"#elementor-action%3Aaction%3Dlightbox%26settings%3DeyJpZCI6NDMxMywidXJsIjoiaHR0cHM6XC9cL2lsdi1mZXJuZXJrdW5kdW5nLmRlXC93cC1jb250ZW50XC91cGxvYWRzXC8yMDIxXC8wN1wvMTk4Nl9KRkstQktXLUJvcm5hLWUxNTk3OTE2MDk5NTE3LmpwZyIsInNsaWRlc2hvdyI6Ijc0ZjUwYTUifQ%3D%3D\">\t\t<div class=\"elementor-carousel-image\" role=\"img\" aria-label=\"1986 : Collectif de recherche des jeunes chercheurs en g\u00e9od\u00e9sie\" style=\"background-image: url('https:\/\/ilv-fernerkundung.de\/wp-content\/uploads\/2021\/07\/1986_JFK-BKW-Borna-e1597916099517-768x608.jpg')\">\n\n\t\t\t\n\t\t\t\t\t<\/div>\n\t\t<\/a>\t\t\t\t\t\t<\/div>\n\t\t\t\t\t\t\t\t\t\t\t<div class=\"swiper-slide\" role=\"group\" aria-roledescription=\"slide\">\n\t\t\t\t\t\t\t<a href=\"https:\/\/ilv-fernerkundung.de\/wp-content\/uploads\/2021\/07\/13_FAZ_RGW_AUSSCHNITT-e1597916075798.jpg\" data-elementor-open-lightbox=\"yes\" data-elementor-lightbox-slideshow=\"74f50a5\" data-elementor-lightbox-title=\"1986 : Le ministre des mines de l'URSS s'entretient avec Martin Wagner, ing\u00e9nieur civil des mines, \u00e0 l'occasion de la r\u00e9union du Conseil d\u2019entreaide \u00e9conomique en RDA (R\u00e9publique d\u00e9mocratique allemande)\" data-e-action-hash=\"#elementor-action%3Aaction%3Dlightbox%26settings%3DeyJpZCI6NDMwMSwidXJsIjoiaHR0cHM6XC9cL2lsdi1mZXJuZXJrdW5kdW5nLmRlXC93cC1jb250ZW50XC91cGxvYWRzXC8yMDIxXC8wN1wvMTNfRkFaX1JHV19BVVNTQ0hOSVRULWUxNTk3OTE2MDc1Nzk4LmpwZyIsInNsaWRlc2hvdyI6Ijc0ZjUwYTUifQ%3D%3D\">\t\t<div class=\"elementor-carousel-image\" role=\"img\" aria-label=\"1986 : Le ministre des mines de l'URSS s'entretient avec Martin Wagner, ing\u00e9nieur civil des mines, \u00e0 l'occasion de la r\u00e9union du Conseil d\u2019entreaide \u00e9conomique en RDA (R\u00e9publique d\u00e9mocratique allemande)\" style=\"background-image: url('https:\/\/ilv-fernerkundung.de\/wp-content\/uploads\/2021\/07\/13_FAZ_RGW_AUSSCHNITT-e1597916075798-768x608.jpg')\">\n\n\t\t\t\n\t\t\t\t\t<\/div>\n\t\t<\/a>\t\t\t\t\t\t<\/div>\n\t\t\t\t\t\t\t\t\t\t\t<div class=\"swiper-slide\" role=\"group\" aria-roledescription=\"slide\">\n\t\t\t\t\t\t\t<a href=\"https:\/\/ilv-fernerkundung.de\/wp-content\/uploads\/2021\/07\/1987_jugendforscher.png\" data-elementor-open-lightbox=\"yes\" data-elementor-lightbox-slideshow=\"74f50a5\" data-elementor-lightbox-title=\"1987: Collectif de recherche sur la jeunesse &quot;Markscheiderei&quot;\" data-e-action-hash=\"#elementor-action%3Aaction%3Dlightbox%26settings%3DeyJpZCI6NDMxNywidXJsIjoiaHR0cHM6XC9cL2lsdi1mZXJuZXJrdW5kdW5nLmRlXC93cC1jb250ZW50XC91cGxvYWRzXC8yMDIxXC8wN1wvMTk4N19qdWdlbmRmb3JzY2hlci5wbmciLCJzbGlkZXNob3ciOiI3NGY1MGE1In0%3D\">\t\t<div class=\"elementor-carousel-image\" role=\"img\" aria-label=\"1987: Collectif de recherche sur la jeunesse &quot;Markscheiderei&quot;\" style=\"background-image: url('https:\/\/ilv-fernerkundung.de\/wp-content\/uploads\/2021\/07\/1987_jugendforscher-768x576.png')\">\n\n\t\t\t\n\t\t\t\t\t<\/div>\n\t\t<\/a>\t\t\t\t\t\t<\/div>\n\t\t\t\t\t\t\t\t\t\t\t<div class=\"swiper-slide\" role=\"group\" aria-roledescription=\"slide\">\n\t\t\t\t\t\t\t<a href=\"https:\/\/ilv-fernerkundung.de\/wp-content\/uploads\/2020\/08\/Aktuelle-Kamera.png\" data-elementor-open-lightbox=\"yes\" data-elementor-lightbox-slideshow=\"74f50a5\" data-elementor-lightbox-title=\"Aktuelle Kamera\" data-e-action-hash=\"#elementor-action%3Aaction%3Dlightbox%26settings%3DeyJpZCI6Mjg0NiwidXJsIjoiaHR0cHM6XC9cL2lsdi1mZXJuZXJrdW5kdW5nLmRlXC93cC1jb250ZW50XC91cGxvYWRzXC8yMDIwXC8wOFwvQWt0dWVsbGUtS2FtZXJhLndlYnAiLCJzbGlkZXNob3ciOiI3NGY1MGE1In0%3D\" data-elementor-lightbox-video=\"https:\/\/www.youtube.com\/embed\/jImh3mX3KdI?feature=oembed&amp;autoplay=1&amp;rel=0&amp;controls=0\">\t\t<div class=\"elementor-carousel-image\" role=\"img\" aria-label=\"Aktuelle Kamera\" style=\"background-image: url('https:\/\/ilv-fernerkundung.de\/wp-content\/uploads\/2020\/08\/Aktuelle-Kamera-768x563.webp')\">\n\n\t\t\t\n\t\t\t\t\t\t\t<div class=\"elementor-custom-embed-play\">\n\t\t\t\t\t<svg aria-hidden=\"true\" class=\"e-font-icon-svg e-eicon-play\" viewBox=\"0 0 1000 1000\"><path d=\"M838 162C746 71 633 25 500 25 371 25 258 71 163 162 71 254 25 367 25 500 25 633 71 746 163 837 254 929 367 979 500 979 633 979 746 933 838 837 929 746 975 633 975 500 975 367 929 254 838 162M808 192C892 279 933 379 933 500 933 621 892 725 808 808 725 892 621 938 500 938 379 938 279 896 196 808 113 725 67 621 67 500 67 379 108 279 196 192 279 108 383 62 500 62 621 62 721 108 808 192M438 392V642L642 517 438 392Z\" \/><\/svg>\t\t\t\t\t<span class=\"elementor-screen-only\">Lire<\/span>\n\t\t\t\t<\/div>\n\t\t\t\t\t<\/div>\n\t\t<\/a>\t\t\t\t\t\t<\/div>\n\t\t\t\t\t\t\t\t\t<\/div>\n\t\t\t\t\t\t\t\t\t\t\t\t\t\t\t<div class=\"elementor-swiper-button elementor-swiper-button-prev\" role=\"button\" tabindex=\"0\" aria-label=\"Pr\u00e9c\u00e9dent\">\n\t\t\t\t\t\t\t<svg aria-hidden=\"true\" class=\"e-font-icon-svg e-eicon-chevron-left\" viewBox=\"0 0 1000 1000\"><path d=\"M646 125C629 125 613 133 604 142L308 442C296 454 292 471 292 487 292 504 296 521 308 533L604 854C617 867 629 875 646 875 663 875 679 871 692 858 704 846 713 829 713 812 713 796 708 779 692 767L438 487 692 225C700 217 708 204 708 187 708 171 704 154 692 142 675 129 663 125 646 125Z\" \/><\/svg>\t\t\t\t\t\t<\/div>\n\t\t\t\t\t\t<div class=\"elementor-swiper-button elementor-swiper-button-next\" role=\"button\" tabindex=\"0\" aria-label=\"Suivant\">\n\t\t\t\t\t\t\t<svg aria-hidden=\"true\" class=\"e-font-icon-svg e-eicon-chevron-right\" viewBox=\"0 0 1000 1000\"><path d=\"M696 533C708 521 713 504 713 487 713 471 708 454 696 446L400 146C388 133 375 125 354 125 338 125 325 129 313 142 300 154 292 171 292 187 292 204 296 221 308 233L563 492 304 771C292 783 288 800 288 817 288 833 296 850 308 863 321 871 338 875 354 875 371 875 388 867 400 854L696 533Z\" \/><\/svg>\t\t\t\t\t\t<\/div>\n\t\t\t\t\t\t\t\t\t\t\t\t\t\t\t\t<div class=\"swiper-pagination\"><\/div>\n\t\t\t\t\t\t\t\t\t\t\t\t<\/div>\n\t\t\t\t\t\t\t\t<\/div>\n\t\t\t\t<\/div>\n\t\t\t\t\t<\/div>\n\t\t\t\t<\/div>\n\t\t<div class=\"elementor-element elementor-element-aa783c7 e-flex e-con-boxed elementor-invisible e-con e-parent\" data-id=\"aa783c7\" data-element_type=\"container\" data-e-type=\"container\" data-settings=\"{&quot;animation&quot;:&quot;fadeInUp&quot;}\">\n\t\t\t\t\t<div class=\"e-con-inner\">\n\t\t<div class=\"elementor-element elementor-element-079baaf e-con-full e-flex e-con e-child\" data-id=\"079baaf\" data-element_type=\"container\" data-e-type=\"container\">\n\t\t\t\t<div class=\"elementor-element elementor-element-b949b49 elementor-widget elementor-widget-text-editor\" data-id=\"b949b49\" data-element_type=\"widget\" data-e-type=\"widget\" data-widget_type=\"text-editor.default\">\n\t\t\t\t\t\t\t\t\tEn 1978, un groupe de recherche de l\u2019Ins\u00adti\u00adtut cen\u00adtral de phy\u00adsique de la Terre (aujourd\u2019\u00adhui GFZ \u2013 Geo\u00adfor\u00adschung\u00adszen\u00adtrum Pots\u00addam) diri\u00adg\u00e9 par le pro\u00adfes\u00adseur Marek a super\u00advi\u00ads\u00e9 la pre\u00admi\u00e8re mis\u00adsion spa\u00adtiale de la RDA avec la cam\u00e9\u00adra mul\u00adti-spec\u00adtrale MKF 6 de Carl Zeiss Jena et le cos\u00admo\u00adnaute avia-teur Sig\u00admund J\u00e4hn.\t\t\t\t\t\t\t\t<\/div>\n\t\t\t\t<\/div>\n\t\t\t\t\t<\/div>\n\t\t\t\t<\/div>\n\t\t<div class=\"elementor-element elementor-element-0def8f6 e-flex e-con-boxed elementor-invisible e-con e-parent\" data-id=\"0def8f6\" data-element_type=\"container\" data-e-type=\"container\" data-settings=\"{&quot;animation&quot;:&quot;fadeInUp&quot;}\">\n\t\t\t\t\t<div class=\"e-con-inner\">\n\t\t<div class=\"elementor-element elementor-element-04a6b2f e-con-full e-flex e-con e-child\" data-id=\"04a6b2f\" data-element_type=\"container\" data-e-type=\"container\">\n\t\t\t\t<div class=\"elementor-element elementor-element-23d5f70 elementor-skin-carousel elementor-arrows-yes elementor-pagination-type-bullets elementor-pagination-position-outside elementor-widget elementor-widget-media-carousel\" data-id=\"23d5f70\" data-element_type=\"widget\" data-e-type=\"widget\" data-settings=\"{&quot;skin&quot;:&quot;carousel&quot;,&quot;effect&quot;:&quot;slide&quot;,&quot;show_arrows&quot;:&quot;yes&quot;,&quot;pagination&quot;:&quot;bullets&quot;,&quot;speed&quot;:500,&quot;autoplay&quot;:&quot;yes&quot;,&quot;autoplay_speed&quot;:5000,&quot;loop&quot;:&quot;yes&quot;,&quot;pause_on_hover&quot;:&quot;yes&quot;,&quot;pause_on_interaction&quot;:&quot;yes&quot;,&quot;space_between&quot;:{&quot;unit&quot;:&quot;px&quot;,&quot;size&quot;:10,&quot;sizes&quot;:[]},&quot;space_between_tablet&quot;:{&quot;unit&quot;:&quot;px&quot;,&quot;size&quot;:10,&quot;sizes&quot;:[]},&quot;space_between_mobile&quot;:{&quot;unit&quot;:&quot;px&quot;,&quot;size&quot;:10,&quot;sizes&quot;:[]}}\" data-widget_type=\"media-carousel.default\">\n\t\t\t\t\t\t\t\t\t\t<div class=\"elementor-main-swiper swiper\" role=\"region\" aria-roledescription=\"carousel\" aria-label=\"Slider\">\n\t\t\t\t<div class=\"swiper-wrapper\">\n\t\t\t\t\t\t\t\t\t\t\t<div class=\"swiper-slide\" role=\"group\" aria-roledescription=\"slide\">\n\t\t\t\t\t\t\t<a href=\"https:\/\/ilv-fernerkundung.de\/wp-content\/uploads\/2021\/07\/1979_Besuch_SJ_kompri-e1600701296910.png\" data-elementor-open-lightbox=\"yes\" data-elementor-lightbox-slideshow=\"23d5f70\" data-elementor-lightbox-title=\"1979 : Visite du Dr. Sigmund J\u00e4hn au groupe dirig\u00e9 par le Prof. Marek\" data-e-action-hash=\"#elementor-action%3Aaction%3Dlightbox%26settings%3DeyJpZCI6NDMwNSwidXJsIjoiaHR0cHM6XC9cL2lsdi1mZXJuZXJrdW5kdW5nLmRlXC93cC1jb250ZW50XC91cGxvYWRzXC8yMDIxXC8wN1wvMTk3OV9CZXN1Y2hfU0pfa29tcHJpLWUxNjAwNzAxMjk2OTEwLnBuZyIsInNsaWRlc2hvdyI6IjIzZDVmNzAifQ%3D%3D\">\t\t<div class=\"elementor-carousel-image\" role=\"img\" aria-label=\"1979 : Visite du Dr. Sigmund J\u00e4hn au groupe dirig\u00e9 par le Prof. Marek\" style=\"background-image: url('https:\/\/ilv-fernerkundung.de\/wp-content\/uploads\/2021\/07\/1979_Besuch_SJ_kompri-e1600701296910-768x470.png')\">\n\n\t\t\t\n\t\t\t\t\t<\/div>\n\t\t<\/a>\t\t\t\t\t\t<\/div>\n\t\t\t\t\t\t\t\t\t\t\t<div class=\"swiper-slide\" role=\"group\" aria-roledescription=\"slide\">\n\t\t\t\t\t\t\t<a href=\"https:\/\/ilv-fernerkundung.de\/wp-content\/uploads\/2021\/07\/1979_UdSSR_DDR_kompri-e1600701244492.png\" data-elementor-open-lightbox=\"yes\" data-elementor-lightbox-slideshow=\"23d5f70\" data-elementor-lightbox-title=\"1979 : Carte postale de l'URSS\/RDA, sign\u00e9e par le Dr Sigmund J\u00e4hn\" data-e-action-hash=\"#elementor-action%3Aaction%3Dlightbox%26settings%3DeyJpZCI6NDMwOSwidXJsIjoiaHR0cHM6XC9cL2lsdi1mZXJuZXJrdW5kdW5nLmRlXC93cC1jb250ZW50XC91cGxvYWRzXC8yMDIxXC8wN1wvMTk3OV9VZFNTUl9ERFJfa29tcHJpLWUxNjAwNzAxMjQ0NDkyLnBuZyIsInNsaWRlc2hvdyI6IjIzZDVmNzAifQ%3D%3D\">\t\t<div class=\"elementor-carousel-image\" role=\"img\" aria-label=\"1979 : Carte postale de l'URSS\/RDA, sign\u00e9e par le Dr Sigmund J\u00e4hn\" style=\"background-image: url('https:\/\/ilv-fernerkundung.de\/wp-content\/uploads\/2021\/07\/1979_UdSSR_DDR_kompri-e1600701244492-768x531.png')\">\n\n\t\t\t\n\t\t\t\t\t<\/div>\n\t\t<\/a>\t\t\t\t\t\t<\/div>\n\t\t\t\t\t\t\t\t\t\t\t<div class=\"swiper-slide\" role=\"group\" aria-roledescription=\"slide\">\n\t\t\t\t\t\t\t<a href=\"https:\/\/ilv-fernerkundung.de\/wp-content\/uploads\/2021\/07\/2005_Broschuere_ILV-FE_AUSSCHNITT_kompri-e1600701198788.png\" data-elementor-open-lightbox=\"yes\" data-elementor-lightbox-slideshow=\"23d5f70\" data-elementor-lightbox-title=\"2005 : Remerciements de la part du Dr. Sigmund J\u00e4hn, transmis \u00e0 l'\u00e9quipe de l'ILV\" data-e-action-hash=\"#elementor-action%3Aaction%3Dlightbox%26settings%3DeyJpZCI6NDMyMSwidXJsIjoiaHR0cHM6XC9cL2lsdi1mZXJuZXJrdW5kdW5nLmRlXC93cC1jb250ZW50XC91cGxvYWRzXC8yMDIxXC8wN1wvMjAwNV9Ccm9zY2h1ZXJlX0lMVi1GRV9BVVNTQ0hOSVRUX2tvbXByaS1lMTYwMDcwMTE5ODc4OC5wbmciLCJzbGlkZXNob3ciOiIyM2Q1ZjcwIn0%3D\">\t\t<div class=\"elementor-carousel-image\" role=\"img\" aria-label=\"2005 : Remerciements de la part du Dr. Sigmund J\u00e4hn, transmis \u00e0 l'\u00e9quipe de l'ILV\" style=\"background-image: url('https:\/\/ilv-fernerkundung.de\/wp-content\/uploads\/2021\/07\/2005_Broschuere_ILV-FE_AUSSCHNITT_kompri-e1600701198788.png')\">\n\n\t\t\t\n\t\t\t\t\t<\/div>\n\t\t<\/a>\t\t\t\t\t\t<\/div>\n\t\t\t\t\t\t\t\t\t\t\t<div class=\"swiper-slide\" role=\"group\" aria-roledescription=\"slide\">\n\t\t\t\t\t\t\t<a href=\"https:\/\/ilv-fernerkundung.de\/wp-content\/uploads\/2020\/05\/2014-01-16_ILV_J\u201ehn_06_kompri.png\" data-elementor-open-lightbox=\"yes\" data-elementor-lightbox-slideshow=\"23d5f70\" data-elementor-lightbox-title=\"Dr. Sigmund J\u00e4hn im Gespr\u00e4ch mit Prof. Karl-Heinz Marek und Dipl.-Ing. Martin Wagner\" data-e-action-hash=\"#elementor-action%3Aaction%3Dlightbox%26settings%3DeyJpZCI6NTAxLCJ1cmwiOiJodHRwczpcL1wvaWx2LWZlcm5lcmt1bmR1bmcuZGVcL3dwLWNvbnRlbnRcL3VwbG9hZHNcLzIwMjBcLzA1XC8yMDE0LTAxLTE2X0lMVl9KXHUyMDFlaG5fMDZfa29tcHJpLWUxNjAwNzAxMTIyNzM0LndlYnAiLCJzbGlkZXNob3ciOiIyM2Q1ZjcwIn0%3D\" data-elementor-lightbox-video=\"https:\/\/www.youtube.com\/embed\/W5tUVCKVUME?feature=oembed&amp;autoplay=1&amp;rel=0&amp;controls=0\">\t\t<div class=\"elementor-carousel-image\" role=\"img\" aria-label=\"Dr. Sigmund J\u00e4hn im Gespr\u00e4ch mit Prof. Karl-Heinz Marek und Dipl.-Ing. Martin Wagner\" style=\"background-image: url('https:\/\/ilv-fernerkundung.de\/wp-content\/uploads\/2020\/05\/2014-01-16_ILV_J\u201ehn_06_kompri-e1600701122734-768x686.webp')\">\n\n\t\t\t\n\t\t\t\t\t\t\t<div class=\"elementor-custom-embed-play\">\n\t\t\t\t\t<svg aria-hidden=\"true\" class=\"e-font-icon-svg e-eicon-play\" viewBox=\"0 0 1000 1000\"><path d=\"M838 162C746 71 633 25 500 25 371 25 258 71 163 162 71 254 25 367 25 500 25 633 71 746 163 837 254 929 367 979 500 979 633 979 746 933 838 837 929 746 975 633 975 500 975 367 929 254 838 162M808 192C892 279 933 379 933 500 933 621 892 725 808 808 725 892 621 938 500 938 379 938 279 896 196 808 113 725 67 621 67 500 67 379 108 279 196 192 279 108 383 62 500 62 621 62 721 108 808 192M438 392V642L642 517 438 392Z\" \/><\/svg>\t\t\t\t\t<span class=\"elementor-screen-only\">Lire<\/span>\n\t\t\t\t<\/div>\n\t\t\t\t\t<\/div>\n\t\t<\/a>\t\t\t\t\t\t<\/div>\n\t\t\t\t\t\t\t\t\t<\/div>\n\t\t\t\t\t\t\t\t\t\t\t\t\t\t\t<div class=\"elementor-swiper-button elementor-swiper-button-prev\" role=\"button\" tabindex=\"0\" aria-label=\"Pr\u00e9c\u00e9dent\">\n\t\t\t\t\t\t\t<svg aria-hidden=\"true\" class=\"e-font-icon-svg e-eicon-chevron-left\" viewBox=\"0 0 1000 1000\"><path d=\"M646 125C629 125 613 133 604 142L308 442C296 454 292 471 292 487 292 504 296 521 308 533L604 854C617 867 629 875 646 875 663 875 679 871 692 858 704 846 713 829 713 812 713 796 708 779 692 767L438 487 692 225C700 217 708 204 708 187 708 171 704 154 692 142 675 129 663 125 646 125Z\" \/><\/svg>\t\t\t\t\t\t<\/div>\n\t\t\t\t\t\t<div class=\"elementor-swiper-button elementor-swiper-button-next\" role=\"button\" tabindex=\"0\" aria-label=\"Suivant\">\n\t\t\t\t\t\t\t<svg aria-hidden=\"true\" class=\"e-font-icon-svg e-eicon-chevron-right\" viewBox=\"0 0 1000 1000\"><path d=\"M696 533C708 521 713 504 713 487 713 471 708 454 696 446L400 146C388 133 375 125 354 125 338 125 325 129 313 142 300 154 292 171 292 187 292 204 296 221 308 233L563 492 304 771C292 783 288 800 288 817 288 833 296 850 308 863 321 871 338 875 354 875 371 875 388 867 400 854L696 533Z\" \/><\/svg>\t\t\t\t\t\t<\/div>\n\t\t\t\t\t\t\t\t\t\t\t\t\t\t\t\t<div class=\"swiper-pagination\"><\/div>\n\t\t\t\t\t\t\t\t\t\t\t\t<\/div>\n\t\t\t\t\t\t\t\t<\/div>\n\t\t\t\t<\/div>\n\t\t\t\t\t<\/div>\n\t\t\t\t<\/div>\n\t\t<div class=\"elementor-element elementor-element-b251a26 e-flex e-con-boxed elementor-invisible e-con e-parent\" data-id=\"b251a26\" data-element_type=\"container\" data-e-type=\"container\" data-settings=\"{&quot;animation&quot;:&quot;fadeInUp&quot;}\">\n\t\t\t\t\t<div class=\"e-con-inner\">\n\t\t<div class=\"elementor-element elementor-element-383937f e-con-full e-flex e-con e-child\" data-id=\"383937f\" data-element_type=\"container\" data-e-type=\"container\">\n\t\t\t\t<div class=\"elementor-element elementor-element-535a043 elementor-widget elementor-widget-text-editor\" data-id=\"535a043\" data-element_type=\"widget\" data-e-type=\"widget\" data-widget_type=\"text-editor.default\">\n\t\t\t\t\t\t\t\t\tApr\u00e8s la cr\u00e9a\u00adtion d\u2019ILV-Fer\u00adner\u00adkun\u00addung GmbH en 2001, plu\u00adsieurs employ\u00e9s hau\u00adte\u00adment qua\u00adli\u00adfi\u00e9s de ce groupe de recherche, qui avaient tra\u00advaill\u00e9 dans le groupe \u00ab&nbsp;T\u00e9l\u00e9\u00add\u00e9\u00adtec\u00adtion&nbsp;\u00bb sous la direc\u00adtion du pro-fes\u00adseur Marek jus\u00adqu\u2019en 1990, ont \u00e9t\u00e9 int\u00e9\u00adgr\u00e9s dans l\u2019\u00e9\u00adquipe d\u2019ILV. Une ami\u00adti\u00e9 \u00e9troite a exis\u00adt\u00e9 avec le Dr Sig\u00admund J\u00e4hn jus\u00adqu\u2019\u00e0 sa mort en 2019.\t\t\t\t\t\t\t\t<\/div>\n\t\t\t\t<\/div>\n\t\t\t\t\t<\/div>\n\t\t\t\t<\/div>\n\t\t<div class=\"elementor-element elementor-element-d4d9d25 e-flex e-con-boxed elementor-invisible e-con e-parent\" data-id=\"d4d9d25\" data-element_type=\"container\" data-e-type=\"container\" data-settings=\"{&quot;animation&quot;:&quot;fadeInUp&quot;}\">\n\t\t\t\t\t<div class=\"e-con-inner\">\n\t\t<div class=\"elementor-element elementor-element-9758a7b e-con-full e-flex e-con e-child\" data-id=\"9758a7b\" data-element_type=\"container\" data-e-type=\"container\">\n\t\t\t\t<div class=\"elementor-element elementor-element-d2edc4a elementor-skin-carousel elementor-arrows-yes elementor-pagination-type-bullets elementor-pagination-position-outside elementor-widget elementor-widget-media-carousel\" data-id=\"d2edc4a\" data-element_type=\"widget\" data-e-type=\"widget\" data-settings=\"{&quot;skin&quot;:&quot;carousel&quot;,&quot;effect&quot;:&quot;slide&quot;,&quot;show_arrows&quot;:&quot;yes&quot;,&quot;pagination&quot;:&quot;bullets&quot;,&quot;speed&quot;:500,&quot;autoplay&quot;:&quot;yes&quot;,&quot;autoplay_speed&quot;:5000,&quot;loop&quot;:&quot;yes&quot;,&quot;pause_on_hover&quot;:&quot;yes&quot;,&quot;pause_on_interaction&quot;:&quot;yes&quot;,&quot;space_between&quot;:{&quot;unit&quot;:&quot;px&quot;,&quot;size&quot;:10,&quot;sizes&quot;:[]},&quot;space_between_tablet&quot;:{&quot;unit&quot;:&quot;px&quot;,&quot;size&quot;:10,&quot;sizes&quot;:[]},&quot;space_between_mobile&quot;:{&quot;unit&quot;:&quot;px&quot;,&quot;size&quot;:10,&quot;sizes&quot;:[]}}\" data-widget_type=\"media-carousel.default\">\n\t\t\t\t\t\t\t\t\t\t<div class=\"elementor-main-swiper swiper\" role=\"region\" aria-roledescription=\"carousel\" aria-label=\"Slider\">\n\t\t\t\t<div class=\"swiper-wrapper\">\n\t\t\t\t\t\t\t\t\t\t\t<div class=\"swiper-slide\" role=\"group\" aria-roledescription=\"slide\">\n\t\t\t\t\t\t\t<a href=\"https:\/\/ilv-fernerkundung.de\/wp-content\/uploads\/2021\/07\/LABOR-scaled-1.jpg\" data-elementor-open-lightbox=\"yes\" data-elementor-lightbox-slideshow=\"d2edc4a\" data-elementor-lightbox-title=\"Travail dans le laboratoire de l'ILV\" data-e-action-hash=\"#elementor-action%3Aaction%3Dlightbox%26settings%3DeyJpZCI6NDM3NywidXJsIjoiaHR0cHM6XC9cL2lsdi1mZXJuZXJrdW5kdW5nLmRlXC93cC1jb250ZW50XC91cGxvYWRzXC8yMDIxXC8wN1wvTEFCT1Itc2NhbGVkLTEuanBnIiwic2xpZGVzaG93IjoiZDJlZGM0YSJ9\">\t\t<div class=\"elementor-carousel-image\" role=\"img\" aria-label=\"Travail dans le laboratoire de l'ILV\" style=\"background-image: url('https:\/\/ilv-fernerkundung.de\/wp-content\/uploads\/2021\/07\/LABOR-scaled-1-768x1064.jpg')\">\n\n\t\t\t\n\t\t\t\t\t<\/div>\n\t\t<\/a>\t\t\t\t\t\t<\/div>\n\t\t\t\t\t\t\t\t\t\t\t<div class=\"swiper-slide\" role=\"group\" aria-roledescription=\"slide\">\n\t\t\t\t\t\t\t<a href=\"https:\/\/ilv-fernerkundung.de\/wp-content\/uploads\/2021\/07\/DICOMAT-scaled-1.jpg\" data-elementor-open-lightbox=\"yes\" data-elementor-lightbox-slideshow=\"d2edc4a\" data-elementor-lightbox-title=\"Travail sur le Dicomat (dispositif d'\u00e9valuation des images analytiques)\" data-e-action-hash=\"#elementor-action%3Aaction%3Dlightbox%26settings%3DeyJpZCI6NDM1NywidXJsIjoiaHR0cHM6XC9cL2lsdi1mZXJuZXJrdW5kdW5nLmRlXC93cC1jb250ZW50XC91cGxvYWRzXC8yMDIxXC8wN1wvRElDT01BVC1zY2FsZWQtMS5qcGciLCJzbGlkZXNob3ciOiJkMmVkYzRhIn0%3D\">\t\t<div class=\"elementor-carousel-image\" role=\"img\" aria-label=\"Travail sur le Dicomat (dispositif d'\u00e9valuation des images analytiques)\" style=\"background-image: url('https:\/\/ilv-fernerkundung.de\/wp-content\/uploads\/2021\/07\/DICOMAT-scaled-1-768x554.jpg')\">\n\n\t\t\t\n\t\t\t\t\t<\/div>\n\t\t<\/a>\t\t\t\t\t\t<\/div>\n\t\t\t\t\t\t\t\t\t\t\t<div class=\"swiper-slide\" role=\"group\" aria-roledescription=\"slide\">\n\t\t\t\t\t\t\t<a href=\"https:\/\/ilv-fernerkundung.de\/wp-content\/uploads\/2021\/07\/SCANNER-scaled-1.jpg\" data-elementor-open-lightbox=\"yes\" data-elementor-lightbox-slideshow=\"d2edc4a\" data-elementor-lightbox-title=\"Travail sur scanner \u00e0 haute performance\" data-e-action-hash=\"#elementor-action%3Aaction%3Dlightbox%26settings%3DeyJpZCI6NDM4OSwidXJsIjoiaHR0cHM6XC9cL2lsdi1mZXJuZXJrdW5kdW5nLmRlXC93cC1jb250ZW50XC91cGxvYWRzXC8yMDIxXC8wN1wvU0NBTk5FUi1zY2FsZWQtMS5qcGciLCJzbGlkZXNob3ciOiJkMmVkYzRhIn0%3D\">\t\t<div class=\"elementor-carousel-image\" role=\"img\" aria-label=\"Travail sur scanner \u00e0 haute performance\" style=\"background-image: url('https:\/\/ilv-fernerkundung.de\/wp-content\/uploads\/2021\/07\/SCANNER-scaled-1-768x554.jpg')\">\n\n\t\t\t\n\t\t\t\t\t<\/div>\n\t\t<\/a>\t\t\t\t\t\t<\/div>\n\t\t\t\t\t\t\t\t\t<\/div>\n\t\t\t\t\t\t\t\t\t\t\t\t\t\t\t<div class=\"elementor-swiper-button elementor-swiper-button-prev\" role=\"button\" tabindex=\"0\" aria-label=\"Pr\u00e9c\u00e9dent\">\n\t\t\t\t\t\t\t<svg aria-hidden=\"true\" class=\"e-font-icon-svg e-eicon-chevron-left\" viewBox=\"0 0 1000 1000\"><path d=\"M646 125C629 125 613 133 604 142L308 442C296 454 292 471 292 487 292 504 296 521 308 533L604 854C617 867 629 875 646 875 663 875 679 871 692 858 704 846 713 829 713 812 713 796 708 779 692 767L438 487 692 225C700 217 708 204 708 187 708 171 704 154 692 142 675 129 663 125 646 125Z\" \/><\/svg>\t\t\t\t\t\t<\/div>\n\t\t\t\t\t\t<div class=\"elementor-swiper-button elementor-swiper-button-next\" role=\"button\" tabindex=\"0\" aria-label=\"Suivant\">\n\t\t\t\t\t\t\t<svg aria-hidden=\"true\" class=\"e-font-icon-svg e-eicon-chevron-right\" viewBox=\"0 0 1000 1000\"><path d=\"M696 533C708 521 713 504 713 487 713 471 708 454 696 446L400 146C388 133 375 125 354 125 338 125 325 129 313 142 300 154 292 171 292 187 292 204 296 221 308 233L563 492 304 771C292 783 288 800 288 817 288 833 296 850 308 863 321 871 338 875 354 875 371 875 388 867 400 854L696 533Z\" \/><\/svg>\t\t\t\t\t\t<\/div>\n\t\t\t\t\t\t\t\t\t\t\t\t\t\t\t\t<div class=\"swiper-pagination\"><\/div>\n\t\t\t\t\t\t\t\t\t\t\t\t<\/div>\n\t\t\t\t\t\t\t\t<\/div>\n\t\t\t\t<\/div>\n\t\t\t\t\t<\/div>\n\t\t\t\t<\/div>\n\t\t<div class=\"elementor-element elementor-element-e3142eb e-flex e-con-boxed elementor-invisible e-con e-parent\" data-id=\"e3142eb\" data-element_type=\"container\" data-e-type=\"container\" data-settings=\"{&quot;animation&quot;:&quot;fadeInUp&quot;}\">\n\t\t\t\t\t<div class=\"e-con-inner\">\n\t\t<div class=\"elementor-element elementor-element-7e7e856 e-con-full e-flex e-con e-child\" data-id=\"7e7e856\" data-element_type=\"container\" data-e-type=\"container\">\n\t\t\t\t<div class=\"elementor-element elementor-element-bd23af6 elementor-widget elementor-widget-text-editor\" data-id=\"bd23af6\" data-element_type=\"widget\" data-e-type=\"widget\" data-widget_type=\"text-editor.default\">\n\t\t\t\t\t\t\t\t\tILV-Fer\u00adner\u00adkun\u00addung GmbH a \u00e9t\u00e9 fon\u00add\u00e9e dans le but d\u2019\u00e9\u00adlar\u00adgir le pro\u00adfil de l\u2019en\u00adtre\u00adprise Inge\u00adnieurb\u00fc\u00adro f\u00fcr Luft\u00adbil\u00addaus\u00adwer\u00adtung und Ver\u00admes\u00adsung (ILV) aux domaines de la recherche et du d\u00e9ve\u00adlop\u00adpe\u00adment ain\u00adsi qu\u2019\u00e0 la for\u00adma\u00adtion conti\u00adnue, notam\u00adment dans le domaine de la t\u00e9l\u00e9\u00add\u00e9\u00adtec\u00adtion par satel\u00adlite. Le d\u00e9ve\u00adlop-pement tech\u00adnique conti\u00adnu et l\u2019in\u00adves\u00adtis\u00adse\u00adment dans de nou\u00advelles tech\u00adno\u00adlo\u00adgies inno\u00advantes ont conso-lid\u00e9 la posi\u00adtion de lea\u00adder d\u2019ILV-Fer\u00adner\u00adkun\u00addung GmbH dans le domaine de la pho\u00adto\u00adgra\u00adphie a\u00e9rienne num\u00e9\u00adrique et du trai\u00adte\u00adment ult\u00e9\u00adrieur en mod\u00e8les num\u00e9\u00adriques 3D. Une \u00e9tape impor\u00adtante de ce pro-ces\u00adsus a \u00e9t\u00e9 le pas\u00adsage de la tech\u00adno\u00adlo\u00adgie de vol d\u2019i\u00admages ana\u00adlo\u00adgiques \u00e0 la tech\u00adno\u00adlo\u00adgie num\u00e9\u00adrique au d\u00e9but des ann\u00e9es 2000.\nDepuis le d\u00e9but du mil\u00adl\u00e9\u00adnaire, ILV est \u00e9ga\u00adle\u00adment actif sur le conti\u00adnent afri\u00adcain. Le pre\u00admier contrat pro\u00adve\u00adnait de Hous\u00adton, Texas, et concer\u00adnait la car\u00adto\u00adgra\u00adphie de l\u2019\u00c9\u00adtat de Cross River, au Nige\u00adria, au moyen de rele\u00adv\u00e9s a\u00e9riens, \u00e0 l\u2019\u00e9\u00adpoque encore avec du mat\u00e9\u00adriel cin\u00e9\u00adma\u00adto\u00adgra\u00adphique noir et blanc. D\u2019autres contrats en Afrique ont sui\u00advi, de sorte qu\u2019ILV \u00e9tait \u00e9ga\u00adle\u00adment impli\u00adqu\u00e9e de mani\u00e8re signi\u00adfi-cative dans la poli\u00adtique afri\u00adcaine du gou\u00adver\u00adne\u00adment f\u00e9d\u00e9\u00adral alle\u00admand.\t\t\t\t\t\t\t\t<\/div>\n\t\t\t\t<\/div>\n\t\t\t\t\t<\/div>\n\t\t\t\t<\/div>\n\t\t<div class=\"elementor-element elementor-element-40e2020 e-flex e-con-boxed elementor-invisible e-con e-parent\" data-id=\"40e2020\" data-element_type=\"container\" data-e-type=\"container\" data-settings=\"{&quot;animation&quot;:&quot;fadeInUp&quot;}\">\n\t\t\t\t\t<div class=\"e-con-inner\">\n\t\t<div class=\"elementor-element elementor-element-4a66e2f e-con-full e-flex e-con e-child\" data-id=\"4a66e2f\" data-element_type=\"container\" data-e-type=\"container\">\n\t\t\t\t<div class=\"elementor-element elementor-element-250df9f elementor-skin-carousel elementor-arrows-yes elementor-pagination-type-bullets elementor-pagination-position-outside elementor-widget elementor-widget-media-carousel\" data-id=\"250df9f\" data-element_type=\"widget\" data-e-type=\"widget\" data-settings=\"{&quot;skin&quot;:&quot;carousel&quot;,&quot;effect&quot;:&quot;slide&quot;,&quot;show_arrows&quot;:&quot;yes&quot;,&quot;pagination&quot;:&quot;bullets&quot;,&quot;speed&quot;:500,&quot;autoplay&quot;:&quot;yes&quot;,&quot;autoplay_speed&quot;:5000,&quot;loop&quot;:&quot;yes&quot;,&quot;pause_on_hover&quot;:&quot;yes&quot;,&quot;pause_on_interaction&quot;:&quot;yes&quot;,&quot;space_between&quot;:{&quot;unit&quot;:&quot;px&quot;,&quot;size&quot;:10,&quot;sizes&quot;:[]},&quot;space_between_tablet&quot;:{&quot;unit&quot;:&quot;px&quot;,&quot;size&quot;:10,&quot;sizes&quot;:[]},&quot;space_between_mobile&quot;:{&quot;unit&quot;:&quot;px&quot;,&quot;size&quot;:10,&quot;sizes&quot;:[]}}\" data-widget_type=\"media-carousel.default\">\n\t\t\t\t\t\t\t\t\t\t<div class=\"elementor-main-swiper swiper\" role=\"region\" aria-roledescription=\"carousel\" aria-label=\"Slider\">\n\t\t\t\t<div class=\"swiper-wrapper\">\n\t\t\t\t\t\t\t\t\t\t\t<div class=\"swiper-slide\" role=\"group\" aria-roledescription=\"slide\">\n\t\t\t\t\t\t\t<a href=\"https:\/\/ilv-fernerkundung.de\/wp-content\/uploads\/2021\/07\/Nigeria_Gouverneur.png\" data-elementor-open-lightbox=\"yes\" data-elementor-lightbox-slideshow=\"250df9f\" data-elementor-lightbox-title=\"Le gouverneur de l'\u00c9tat de River, au Nigeria, se fait expliquer le projet d'ortho photo\" data-e-action-hash=\"#elementor-action%3Aaction%3Dlightbox%26settings%3DeyJpZCI6NDM4NSwidXJsIjoiaHR0cHM6XC9cL2lsdi1mZXJuZXJrdW5kdW5nLmRlXC93cC1jb250ZW50XC91cGxvYWRzXC8yMDIxXC8wN1wvTmlnZXJpYV9Hb3V2ZXJuZXVyLnBuZyIsInNsaWRlc2hvdyI6IjI1MGRmOWYifQ%3D%3D\">\t\t<div class=\"elementor-carousel-image\" role=\"img\" aria-label=\"Le gouverneur de l'\u00c9tat de River, au Nigeria, se fait expliquer le projet d'ortho photo\" style=\"background-image: url('https:\/\/ilv-fernerkundung.de\/wp-content\/uploads\/2021\/07\/Nigeria_Gouverneur-768x768.png')\">\n\n\t\t\t\n\t\t\t\t\t<\/div>\n\t\t<\/a>\t\t\t\t\t\t<\/div>\n\t\t\t\t\t\t\t\t\t\t\t<div class=\"swiper-slide\" role=\"group\" aria-roledescription=\"slide\">\n\t\t\t\t\t\t\t<a href=\"https:\/\/ilv-fernerkundung.de\/wp-content\/uploads\/2021\/07\/Bildschirmfoto-2020-07-22-um-11.34.10-e1596036375459.png\" data-elementor-open-lightbox=\"yes\" data-elementor-lightbox-slideshow=\"250df9f\" data-elementor-lightbox-title=\"Des \u00e9coliers visitent l'avion sp\u00e9cial d'ILV \u00e0 l'a\u00e9roport au Nigeria\" data-e-action-hash=\"#elementor-action%3Aaction%3Dlightbox%26settings%3DeyJpZCI6NDM0NSwidXJsIjoiaHR0cHM6XC9cL2lsdi1mZXJuZXJrdW5kdW5nLmRlXC93cC1jb250ZW50XC91cGxvYWRzXC8yMDIxXC8wN1wvQmlsZHNjaGlybWZvdG8tMjAyMC0wNy0yMi11bS0xMS4zNC4xMC1lMTU5NjAzNjM3NTQ1OS5wbmciLCJzbGlkZXNob3ciOiIyNTBkZjlmIn0%3D\">\t\t<div class=\"elementor-carousel-image\" role=\"img\" aria-label=\"Des \u00e9coliers visitent l'avion sp\u00e9cial d'ILV \u00e0 l'a\u00e9roport au Nigeria\" style=\"background-image: url('https:\/\/ilv-fernerkundung.de\/wp-content\/uploads\/2021\/07\/Bildschirmfoto-2020-07-22-um-11.34.10-e1596036375459-768x698.png')\">\n\n\t\t\t\n\t\t\t\t\t<\/div>\n\t\t<\/a>\t\t\t\t\t\t<\/div>\n\t\t\t\t\t\t\t\t\t\t\t<div class=\"swiper-slide\" role=\"group\" aria-roledescription=\"slide\">\n\t\t\t\t\t\t\t<a href=\"https:\/\/ilv-fernerkundung.de\/wp-content\/uploads\/2021\/07\/2013_Bundeskanzlerin.png\" data-elementor-open-lightbox=\"yes\" data-elementor-lightbox-slideshow=\"250df9f\" data-elementor-lightbox-title=\"2013 : Voyages de d\u00e9l\u00e9gation avec la chanceli\u00e8re allemande, Mme Angela Merkel, au Kenya, en Angola et au Nigeria\" data-e-action-hash=\"#elementor-action%3Aaction%3Dlightbox%26settings%3DeyJpZCI6NDMyNSwidXJsIjoiaHR0cHM6XC9cL2lsdi1mZXJuZXJrdW5kdW5nLmRlXC93cC1jb250ZW50XC91cGxvYWRzXC8yMDIxXC8wN1wvMjAxM19CdW5kZXNrYW56bGVyaW4ucG5nIiwic2xpZGVzaG93IjoiMjUwZGY5ZiJ9\">\t\t<div class=\"elementor-carousel-image\" role=\"img\" aria-label=\"2013 : Voyages de d\u00e9l\u00e9gation avec la chanceli\u00e8re allemande, Mme Angela Merkel, au Kenya, en Angola et au Nigeria\" style=\"background-image: url('https:\/\/ilv-fernerkundung.de\/wp-content\/uploads\/2021\/07\/2013_Bundeskanzlerin-768x512.png')\">\n\n\t\t\t\n\t\t\t\t\t<\/div>\n\t\t<\/a>\t\t\t\t\t\t<\/div>\n\t\t\t\t\t\t\t\t\t\t\t<div class=\"swiper-slide\" role=\"group\" aria-roledescription=\"slide\">\n\t\t\t\t\t\t\t<a href=\"https:\/\/ilv-fernerkundung.de\/wp-content\/uploads\/2021\/07\/2014_G_Nooke_Dr_Dane_MW.png\" data-elementor-open-lightbox=\"yes\" data-elementor-lightbox-slideshow=\"250df9f\" data-elementor-lightbox-title=\"2014 : Voyage en Angola avec M. G\u00fcnther Nooke, le repr\u00e9sentant personnel pour l'Afrique du chan-celier f\u00e9d\u00e9ral et ancien ambassadeur Dr. Hendrik Dane\" data-e-action-hash=\"#elementor-action%3Aaction%3Dlightbox%26settings%3DeyJpZCI6NDMyOSwidXJsIjoiaHR0cHM6XC9cL2lsdi1mZXJuZXJrdW5kdW5nLmRlXC93cC1jb250ZW50XC91cGxvYWRzXC8yMDIxXC8wN1wvMjAxNF9HX05vb2tlX0RyX0RhbmVfTVcucG5nIiwic2xpZGVzaG93IjoiMjUwZGY5ZiJ9\">\t\t<div class=\"elementor-carousel-image\" role=\"img\" aria-label=\"2014 : Voyage en Angola avec M. G\u00fcnther Nooke, le repr\u00e9sentant personnel pour l'Afrique du chan-celier f\u00e9d\u00e9ral et ancien ambassadeur Dr. Hendrik Dane\" style=\"background-image: url('https:\/\/ilv-fernerkundung.de\/wp-content\/uploads\/2021\/07\/2014_G_Nooke_Dr_Dane_MW-768x510.png')\">\n\n\t\t\t\n\t\t\t\t\t<\/div>\n\t\t<\/a>\t\t\t\t\t\t<\/div>\n\t\t\t\t\t\t\t\t\t\t\t<div class=\"swiper-slide\" role=\"group\" aria-roledescription=\"slide\">\n\t\t\t\t\t\t\t<a href=\"https:\/\/ilv-fernerkundung.de\/wp-content\/uploads\/2020\/06\/TV-20110713-2344-5101-h264-1-e1591093056458.png\" data-elementor-open-lightbox=\"yes\" data-elementor-lightbox-slideshow=\"250df9f\" data-elementor-lightbox-title=\"TV 20110713 2344 5101 h264 1\" data-e-action-hash=\"#elementor-action%3Aaction%3Dlightbox%26settings%3DeyJpZCI6NjYyLCJ1cmwiOiJodHRwczpcL1wvaWx2LWZlcm5lcmt1bmR1bmcuZGVcL3dwLWNvbnRlbnRcL3VwbG9hZHNcLzIwMjBcLzA2XC9UVi0yMDExMDcxMy0yMzQ0LTUxMDEtaDI2NC0xLWUxNTkxMDkzMDU2NDU4LndlYnAiLCJzbGlkZXNob3ciOiIyNTBkZjlmIn0%3D\" data-elementor-lightbox-video=\"https:\/\/www.youtube.com\/embed\/C71SpSfaN80?feature=oembed&amp;autoplay=1&amp;rel=0&amp;controls=0\">\t\t<div class=\"elementor-carousel-image\" role=\"img\" aria-label=\"TV 20110713 2344 5101 h264 1\" style=\"background-image: url('https:\/\/ilv-fernerkundung.de\/wp-content\/uploads\/2020\/06\/TV-20110713-2344-5101-h264-1-768x410.webp')\">\n\n\t\t\t\n\t\t\t\t\t\t\t<div class=\"elementor-custom-embed-play\">\n\t\t\t\t\t<svg aria-hidden=\"true\" class=\"e-font-icon-svg e-eicon-play\" viewBox=\"0 0 1000 1000\"><path d=\"M838 162C746 71 633 25 500 25 371 25 258 71 163 162 71 254 25 367 25 500 25 633 71 746 163 837 254 929 367 979 500 979 633 979 746 933 838 837 929 746 975 633 975 500 975 367 929 254 838 162M808 192C892 279 933 379 933 500 933 621 892 725 808 808 725 892 621 938 500 938 379 938 279 896 196 808 113 725 67 621 67 500 67 379 108 279 196 192 279 108 383 62 500 62 621 62 721 108 808 192M438 392V642L642 517 438 392Z\" \/><\/svg>\t\t\t\t\t<span class=\"elementor-screen-only\">Lire<\/span>\n\t\t\t\t<\/div>\n\t\t\t\t\t<\/div>\n\t\t<\/a>\t\t\t\t\t\t<\/div>\n\t\t\t\t\t\t\t\t\t<\/div>\n\t\t\t\t\t\t\t\t\t\t\t\t\t\t\t<div class=\"elementor-swiper-button elementor-swiper-button-prev\" role=\"button\" tabindex=\"0\" aria-label=\"Pr\u00e9c\u00e9dent\">\n\t\t\t\t\t\t\t<svg aria-hidden=\"true\" class=\"e-font-icon-svg e-eicon-chevron-left\" viewBox=\"0 0 1000 1000\"><path d=\"M646 125C629 125 613 133 604 142L308 442C296 454 292 471 292 487 292 504 296 521 308 533L604 854C617 867 629 875 646 875 663 875 679 871 692 858 704 846 713 829 713 812 713 796 708 779 692 767L438 487 692 225C700 217 708 204 708 187 708 171 704 154 692 142 675 129 663 125 646 125Z\" \/><\/svg>\t\t\t\t\t\t<\/div>\n\t\t\t\t\t\t<div class=\"elementor-swiper-button elementor-swiper-button-next\" role=\"button\" tabindex=\"0\" aria-label=\"Suivant\">\n\t\t\t\t\t\t\t<svg aria-hidden=\"true\" class=\"e-font-icon-svg e-eicon-chevron-right\" viewBox=\"0 0 1000 1000\"><path d=\"M696 533C708 521 713 504 713 487 713 471 708 454 696 446L400 146C388 133 375 125 354 125 338 125 325 129 313 142 300 154 292 171 292 187 292 204 296 221 308 233L563 492 304 771C292 783 288 800 288 817 288 833 296 850 308 863 321 871 338 875 354 875 371 875 388 867 400 854L696 533Z\" \/><\/svg>\t\t\t\t\t\t<\/div>\n\t\t\t\t\t\t\t\t\t\t\t\t\t\t\t\t<div class=\"swiper-pagination\"><\/div>\n\t\t\t\t\t\t\t\t\t\t\t\t<\/div>\n\t\t\t\t\t\t\t\t<\/div>\n\t\t\t\t<\/div>\n\t\t\t\t\t<\/div>\n\t\t\t\t<\/div>\n\t\t<div class=\"elementor-element elementor-element-4c73a5d e-flex e-con-boxed elementor-invisible e-con e-parent\" data-id=\"4c73a5d\" data-element_type=\"container\" data-e-type=\"container\" data-settings=\"{&quot;animation&quot;:&quot;fadeInUp&quot;}\">\n\t\t\t\t\t<div class=\"e-con-inner\">\n\t\t<div class=\"elementor-element elementor-element-2653003 e-con-full e-flex e-con e-child\" data-id=\"2653003\" data-element_type=\"container\" data-e-type=\"container\">\n\t\t\t\t<div class=\"elementor-element elementor-element-60bc582 elementor-widget elementor-widget-text-editor\" data-id=\"60bc582\" data-element_type=\"widget\" data-e-type=\"widget\" data-widget_type=\"text-editor.default\">\n\t\t\t\t\t\t\t\t\tD\u00e8s 2003, ILV a \u00e9t\u00e9 la pre\u00admi\u00e8re entre\u00adprise \u00e0 d\u00e9ployer com\u00admer\u00adcia\u00adle\u00adment le nou\u00adveau sys\u00adt\u00e8me de ca-m\u00e9ra a\u00e9rienne num\u00e9\u00adrique DMC de Zeiss\/Intergraph en Europe. Le DMC est bas\u00e9 sur de mul\u00adtiples matrices CCD cali\u00adbr\u00e9es avec pr\u00e9\u00adci\u00adsion et per\u00admet une tr\u00e8s haute r\u00e9so\u00adlu\u00adtion au sol. La pr\u00e9\u00adci\u00adsion de posi\u00adtion requise dans l\u2019ac\u00adqui\u00adsi\u00adtion et le trai\u00adte\u00adment des images a\u00e9riennes st\u00e9\u00adr\u00e9o peut ain\u00adsi \u00eatre main-tenue tr\u00e8s pr\u00e9\u00adci\u00ads\u00e9\u00adment. Ce pro\u00adgr\u00e8s scien\u00adti\u00adfique et tech\u00adnique a don\u00adn\u00e9 lieu \u00e0 un cer\u00adtain nombre de com\u00admandes impor\u00adtantes \u00e0 l\u2019\u00e9\u00adtran\u00adger, notam\u00adment en France, en Bel\u00adgique, au Dane\u00admark, en Slo\u00adv\u00e9-nie, en Autriche, en Suisse, en Ser\u00adbie, en Bos\u00adnie-Her\u00adz\u00e9\u00adgo\u00advine, aux \u00c9mi\u00adrats arabes unis, en Gr\u00e8ce, au Kowe\u00eft, en Sier\u00adra Leone, en Alg\u00e9\u00adrie, en Libye, en \u00c9thio\u00adpie ain\u00adsi qu\u2019au Nige\u00adria et au Gha\u00adna. \nAvec plus de 10 000 vols d\u2019i\u00adma\u00adge\u00adrie avec DMC en Alle\u00admagne et \u00e0 l\u2019\u00e9\u00adtran\u00adger, ILV a d\u00e9ve\u00adlop\u00adp\u00e9 un haut niveau d\u2019ex\u00adper\u00adtise dans les rele\u00adv\u00e9s a\u00e9riens. C\u2019est l\u2019une des entre\u00adprises qui pos\u00ads\u00e8de une tr\u00e8s grande exp\u00e9\u00adrience op\u00e9\u00adra\u00adtion\u00adnelle au Moyen Orient et en Europe.\n\t\t\t\t\t\t\t\t<\/div>\n\t\t\t\t<\/div>\n\t\t\t\t\t<\/div>\n\t\t\t\t<\/div>\n\t\t<div class=\"elementor-element elementor-element-bb61858 e-flex e-con-boxed elementor-invisible e-con e-parent\" data-id=\"bb61858\" data-element_type=\"container\" data-e-type=\"container\" data-settings=\"{&quot;animation&quot;:&quot;fadeInUp&quot;}\">\n\t\t\t\t\t<div class=\"e-con-inner\">\n\t\t<div class=\"elementor-element elementor-element-2c378ca e-con-full e-flex e-con e-child\" data-id=\"2c378ca\" data-element_type=\"container\" data-e-type=\"container\">\n\t\t\t\t<div class=\"elementor-element elementor-element-7507562 elementor-skin-carousel elementor-arrows-yes elementor-pagination-type-bullets elementor-pagination-position-outside elementor-widget elementor-widget-media-carousel\" data-id=\"7507562\" data-element_type=\"widget\" data-e-type=\"widget\" data-settings=\"{&quot;skin&quot;:&quot;carousel&quot;,&quot;effect&quot;:&quot;slide&quot;,&quot;show_arrows&quot;:&quot;yes&quot;,&quot;pagination&quot;:&quot;bullets&quot;,&quot;speed&quot;:500,&quot;autoplay&quot;:&quot;yes&quot;,&quot;autoplay_speed&quot;:5000,&quot;loop&quot;:&quot;yes&quot;,&quot;pause_on_hover&quot;:&quot;yes&quot;,&quot;pause_on_interaction&quot;:&quot;yes&quot;,&quot;space_between&quot;:{&quot;unit&quot;:&quot;px&quot;,&quot;size&quot;:10,&quot;sizes&quot;:[]},&quot;space_between_tablet&quot;:{&quot;unit&quot;:&quot;px&quot;,&quot;size&quot;:10,&quot;sizes&quot;:[]},&quot;space_between_mobile&quot;:{&quot;unit&quot;:&quot;px&quot;,&quot;size&quot;:10,&quot;sizes&quot;:[]}}\" data-widget_type=\"media-carousel.default\">\n\t\t\t\t\t\t\t\t\t\t<div class=\"elementor-main-swiper swiper\" role=\"region\" aria-roledescription=\"carousel\" aria-label=\"Slider\">\n\t\t\t\t<div class=\"swiper-wrapper\">\n\t\t\t\t\t\t\t\t\t\t\t<div class=\"swiper-slide\" role=\"group\" aria-roledescription=\"slide\">\n\t\t\t\t\t\t\t<a href=\"https:\/\/ilv-fernerkundung.de\/wp-content\/uploads\/2021\/07\/Cessna_441-1.jpg\" data-elementor-open-lightbox=\"yes\" data-elementor-lightbox-slideshow=\"7507562\" data-elementor-lightbox-title=\"L'avion sp\u00e9cial ILV en mission de vol photo en Afrique\" data-e-action-hash=\"#elementor-action%3Aaction%3Dlightbox%26settings%3DeyJpZCI6NDM0OSwidXJsIjoiaHR0cHM6XC9cL2lsdi1mZXJuZXJrdW5kdW5nLmRlXC93cC1jb250ZW50XC91cGxvYWRzXC8yMDIxXC8wN1wvQ2Vzc25hXzQ0MS0xLmpwZyIsInNsaWRlc2hvdyI6Ijc1MDc1NjIifQ%3D%3D\">\t\t<div class=\"elementor-carousel-image\" role=\"img\" aria-label=\"L'avion sp\u00e9cial ILV en mission de vol photo en Afrique\" style=\"background-image: url('https:\/\/ilv-fernerkundung.de\/wp-content\/uploads\/2021\/07\/Cessna_441-1-768x425.jpg')\">\n\n\t\t\t\n\t\t\t\t\t<\/div>\n\t\t<\/a>\t\t\t\t\t\t<\/div>\n\t\t\t\t\t\t\t\t\t\t\t<div class=\"swiper-slide\" role=\"group\" aria-roledescription=\"slide\">\n\t\t\t\t\t\t\t<a href=\"https:\/\/ilv-fernerkundung.de\/wp-content\/uploads\/2021\/07\/Bild6.jpg\" data-elementor-open-lightbox=\"yes\" data-elementor-lightbox-slideshow=\"7507562\" data-elementor-lightbox-title=\"Vol d'image ILV aux \u00c9mirats arabes unis\" data-e-action-hash=\"#elementor-action%3Aaction%3Dlightbox%26settings%3DeyJpZCI6NDM0MSwidXJsIjoiaHR0cHM6XC9cL2lsdi1mZXJuZXJrdW5kdW5nLmRlXC93cC1jb250ZW50XC91cGxvYWRzXC8yMDIxXC8wN1wvQmlsZDYuanBnIiwic2xpZGVzaG93IjoiNzUwNzU2MiJ9\">\t\t<div class=\"elementor-carousel-image\" role=\"img\" aria-label=\"Vol d'image ILV aux \u00c9mirats arabes unis\" style=\"background-image: url('https:\/\/ilv-fernerkundung.de\/wp-content\/uploads\/2021\/07\/Bild6.jpg')\">\n\n\t\t\t\n\t\t\t\t\t<\/div>\n\t\t<\/a>\t\t\t\t\t\t<\/div>\n\t\t\t\t\t\t\t\t\t\t\t<div class=\"swiper-slide\" role=\"group\" aria-roledescription=\"slide\">\n\t\t\t\t\t\t\t<a href=\"https:\/\/ilv-fernerkundung.de\/wp-content\/uploads\/2021\/07\/Messe-Dubai-03-e1596035512143.jpg\" data-elementor-open-lightbox=\"yes\" data-elementor-lightbox-slideshow=\"7507562\" data-elementor-lightbox-title=\"ILV \u00e0 la conf\u00e9rence sur l'urbanisme \u00e0 Sharjah\" data-e-action-hash=\"#elementor-action%3Aaction%3Dlightbox%26settings%3DeyJpZCI6NDM4MSwidXJsIjoiaHR0cHM6XC9cL2lsdi1mZXJuZXJrdW5kdW5nLmRlXC93cC1jb250ZW50XC91cGxvYWRzXC8yMDIxXC8wN1wvTWVzc2UtRHViYWktMDMtZTE1OTYwMzU1MTIxNDMuanBnIiwic2xpZGVzaG93IjoiNzUwNzU2MiJ9\">\t\t<div class=\"elementor-carousel-image\" role=\"img\" aria-label=\"ILV \u00e0 la conf\u00e9rence sur l'urbanisme \u00e0 Sharjah\" style=\"background-image: url('https:\/\/ilv-fernerkundung.de\/wp-content\/uploads\/2021\/07\/Messe-Dubai-03-e1596035512143-768x740.jpg')\">\n\n\t\t\t\n\t\t\t\t\t<\/div>\n\t\t<\/a>\t\t\t\t\t\t<\/div>\n\t\t\t\t\t\t\t\t\t\t\t<div class=\"swiper-slide\" role=\"group\" aria-roledescription=\"slide\">\n\t\t\t\t\t\t\t<a href=\"https:\/\/ilv-fernerkundung.de\/wp-content\/uploads\/2021\/07\/DMC-eingebaut.jpg\" data-elementor-open-lightbox=\"yes\" data-elementor-lightbox-slideshow=\"7507562\" data-elementor-lightbox-title=\"Une cam\u00e9ra DMC install\u00e9e dans un avion sp\u00e9cial ILV\" data-e-action-hash=\"#elementor-action%3Aaction%3Dlightbox%26settings%3DeyJpZCI6NDM2MSwidXJsIjoiaHR0cHM6XC9cL2lsdi1mZXJuZXJrdW5kdW5nLmRlXC93cC1jb250ZW50XC91cGxvYWRzXC8yMDIxXC8wN1wvRE1DLWVpbmdlYmF1dC5qcGciLCJzbGlkZXNob3ciOiI3NTA3NTYyIn0%3D\">\t\t<div class=\"elementor-carousel-image\" role=\"img\" aria-label=\"Une cam\u00e9ra DMC install\u00e9e dans un avion sp\u00e9cial ILV\" style=\"background-image: url('https:\/\/ilv-fernerkundung.de\/wp-content\/uploads\/2021\/07\/DMC-eingebaut-768x1011.jpg')\">\n\n\t\t\t\n\t\t\t\t\t<\/div>\n\t\t<\/a>\t\t\t\t\t\t<\/div>\n\t\t\t\t\t\t\t\t\t<\/div>\n\t\t\t\t\t\t\t\t\t\t\t\t\t\t\t<div class=\"elementor-swiper-button elementor-swiper-button-prev\" role=\"button\" tabindex=\"0\" aria-label=\"Pr\u00e9c\u00e9dent\">\n\t\t\t\t\t\t\t<svg aria-hidden=\"true\" class=\"e-font-icon-svg e-eicon-chevron-left\" viewBox=\"0 0 1000 1000\"><path d=\"M646 125C629 125 613 133 604 142L308 442C296 454 292 471 292 487 292 504 296 521 308 533L604 854C617 867 629 875 646 875 663 875 679 871 692 858 704 846 713 829 713 812 713 796 708 779 692 767L438 487 692 225C700 217 708 204 708 187 708 171 704 154 692 142 675 129 663 125 646 125Z\" \/><\/svg>\t\t\t\t\t\t<\/div>\n\t\t\t\t\t\t<div class=\"elementor-swiper-button elementor-swiper-button-next\" role=\"button\" tabindex=\"0\" aria-label=\"Suivant\">\n\t\t\t\t\t\t\t<svg aria-hidden=\"true\" class=\"e-font-icon-svg e-eicon-chevron-right\" viewBox=\"0 0 1000 1000\"><path d=\"M696 533C708 521 713 504 713 487 713 471 708 454 696 446L400 146C388 133 375 125 354 125 338 125 325 129 313 142 300 154 292 171 292 187 292 204 296 221 308 233L563 492 304 771C292 783 288 800 288 817 288 833 296 850 308 863 321 871 338 875 354 875 371 875 388 867 400 854L696 533Z\" \/><\/svg>\t\t\t\t\t\t<\/div>\n\t\t\t\t\t\t\t\t\t\t\t\t\t\t\t\t<div class=\"swiper-pagination\"><\/div>\n\t\t\t\t\t\t\t\t\t\t\t\t<\/div>\n\t\t\t\t\t\t\t\t<\/div>\n\t\t\t\t<\/div>\n\t\t\t\t\t<\/div>\n\t\t\t\t<\/div>\n\t\t<div class=\"elementor-element elementor-element-1a3d254 e-flex e-con-boxed e-con e-parent\" data-id=\"1a3d254\" data-element_type=\"container\" data-e-type=\"container\">\n\t\t\t\t\t<div class=\"e-con-inner\">\n\t\t<div class=\"elementor-element elementor-element-bea7726 e-con-full e-flex e-con e-child\" data-id=\"bea7726\" data-element_type=\"container\" data-e-type=\"container\">\n\t\t\t\t<div class=\"elementor-element elementor-element-e22fc1d elementor-widget elementor-widget-text-editor\" data-id=\"e22fc1d\" data-element_type=\"widget\" data-e-type=\"widget\" data-widget_type=\"text-editor.default\">\n\t\t\t\t\t\t\t\t\t<p>En Alle\u00admagne, ILV est, entre autres, cores\u00adpon\u00adsable de la sur\u00adveillance du r\u00e9am\u00e9\u00adna\u00adge\u00adment des pay-sages de l\u2019a\u00adpr\u00e8s-mine en Lusace et en Alle\u00admagne cen\u00adtrale et effec\u00adtue des vols d\u2019i\u00adma\u00adge\u00adrie heb\u00addo\u00adma-daires. Depuis 2008, ILV uti\u00adlise un deuxi\u00e8me DMC, plus avan\u00adc\u00e9, pour d\u00e9ve\u00adlop\u00adper ses acti\u00advi\u00adt\u00e9s de vol d\u2019i\u00admages natio\u00adnales et inter\u00adna\u00adtio\u00adnales.<\/p><p>Depuis 2005, ILV uti\u00adlise \u00e9ga\u00adle\u00adment le balayage laser pour la r\u00e9a\u00adli\u00adsa\u00adtion de mod\u00e8les d\u2019\u00e9\u00adl\u00e9\u00adva\u00adtion pr\u00e9-cis. En outre, ILV a inves\u00adti en 2012 dans un sys\u00adt\u00e8me de double cam\u00e9\u00adra ther\u00admique, qui peut \u00eatre uti-lis\u00e9 en com\u00adbi\u00adnai\u00adson avec d\u2019autres cap\u00adteurs, par exemple des scan\u00adners laser. Tou\u00adjours depuis 2015, l\u2019\u00e9\u00adqui\u00adpe\u00adment com\u00adprend \u00e9ga\u00adle\u00adment un sys\u00adt\u00e8me de cam\u00e9\u00adra oblique, qui peut g\u00e9n\u00e9\u00adrer simul\u00adta-n\u00e9ment cinq enre\u00adgis\u00adtre\u00adments d\u2019i\u00admages sous cinq angles de vue dif\u00adf\u00e9\u00adrents, per\u00admet\u00adtant ain\u00adsi de g\u00e9n\u00e9-rer des objets en 3D.<\/p><p>En 2015, la nou\u00advelle g\u00e9n\u00e9\u00adra\u00adtion du sys\u00adt\u00e8me de cam\u00e9\u00adra DMC III a \u00e9t\u00e9 d\u00e9ve\u00adlop\u00adp\u00e9e et uti\u00adli\u00ads\u00e9e dans les acti\u00advi\u00adt\u00e9s op\u00e9\u00adra\u00adtion\u00adnelles d\u2019ILV \u00e0 par\u00adtir de 2016. Le DMC III est dot\u00e9 d\u2019un cap\u00adteur CMOS de 391 m\u00e9-gapixels et d\u2019une com\u00adpen\u00adsa\u00adtion m\u00e9ca\u00adnique vers l\u2019a\u00advant pour com\u00adpen\u00adser le \u00ab&nbsp;vaga\u00adbon\u00addage de l\u2019i\u00admage&nbsp;\u00bb. Il pro\u00adduit des images a\u00e9riennes d\u2019une r\u00e9so\u00adlu\u00adtion allant jus\u00adqu\u2019\u00e0 3 cm. L\u2019ILV fonc\u00adtionne tr\u00e8s bien avec ce sys\u00adt\u00e8me aujourd\u2019\u00adhui, sur\u00adtout lors\u00adqu\u2019il s\u2019a\u00adgit de zones a\u00e9riennes plus impor\u00adtantes.<\/p><p>Les th\u00e8mes de la t\u00e9l\u00e9\u00add\u00e9\u00adtec\u00adtion, de l\u2019ar\u00adpen\u00adtage et des SIG 3D sont tou\u00adjours au c\u0153ur du tra\u00advail de l\u2019ILV aujourd\u2019\u00adhui. Mais c\u2019est aus\u00adsi dans le domaine de l\u2019ex\u00adper\u00adtise mari\u00adtime qu\u2019ILV tra\u00advaille depuis plu-sieurs ann\u00e9es avec ses propres navires, des \u00e9qui\u00adpe\u00adments modernes et des experts. Les pre\u00admiers rele\u00adv\u00e9s bathy\u00adm\u00e9\u00adtriques (off\u00adshore) ont d\u00e9j\u00e0 \u00e9t\u00e9 r\u00e9a\u00adli\u00ads\u00e9s de 2004 \u00e0 2006 au Nige\u00adria pour le compte de la soci\u00e9\u00adt\u00e9 nig\u00e9\u00adriane Exxon Mobil\/NNPC. L\u2019ILV est \u00e9ga\u00adle\u00adment r\u00e9gu\u00adli\u00e8\u00adre\u00adment d\u00e9ploy\u00e9 dans les eaux int\u00e9\u00adrieures autri\u00adchiennes et alle\u00admandes. On y uti\u00adlise une tech\u00adno\u00adlo\u00adgie moderne de sonar mul\u00adti\u00adfais-ceaux, qui est exploi\u00adt\u00e9e \u00e0 par\u00adtir de ses propres bateaux. Depuis 2019, ILV est \u00e9ga\u00adle\u00adment en mesure d\u2019ef\u00adfec\u00adtuer des mesures sans \u00e9qui\u00adpage avec Mul\u00adti\u00adbeam. Cette m\u00e9thode est uti\u00adli\u00ads\u00e9e dans des zones o\u00f9 il est inter\u00addit de p\u00e9n\u00e9\u00adtrer, comme les mines \u00e0 ciel ouvert arr\u00ea\u00adt\u00e9es. \u00c0 cette fin, le bateau est d\u00e9-ploy\u00e9 par h\u00e9li\u00adco\u00adpt\u00e8re, puis com\u00adman\u00add\u00e9 par t\u00e9l\u00e9\u00adcom\u00admande.<\/p><p>Des sys\u00adt\u00e8mes GPS ultra\u00admo\u00addernes comme le R10, des sta\u00adtions totales comme le SX10 ou le sys-t\u00e8me de car\u00adto\u00adgra\u00adphie mobile MX2 avec les sys\u00adt\u00e8mes logi\u00adciels cor\u00adres\u00adpon\u00addants com\u00adpl\u00e8tent le porte-feuille de lev\u00e9s d\u2019ILV.<\/p>\t\t\t\t\t\t\t\t<\/div>\n\t\t\t\t<\/div>\n\t\t\t\t\t<\/div>\n\t\t\t\t<\/div>\n\t\t<div class=\"elementor-element elementor-element-911de1b e-flex e-con-boxed e-con e-parent\" data-id=\"911de1b\" data-element_type=\"container\" data-e-type=\"container\">\n\t\t\t\t\t<div class=\"e-con-inner\">\n\t\t<div class=\"elementor-element elementor-element-26f4ebc e-con-full e-flex e-con e-child\" data-id=\"26f4ebc\" data-element_type=\"container\" data-e-type=\"container\">\n\t\t\t\t<div class=\"elementor-element elementor-element-fed5820 elementor-skin-carousel elementor-arrows-yes elementor-pagination-type-bullets elementor-pagination-position-outside elementor-widget elementor-widget-media-carousel\" data-id=\"fed5820\" data-element_type=\"widget\" data-e-type=\"widget\" data-settings=\"{&quot;skin&quot;:&quot;carousel&quot;,&quot;effect&quot;:&quot;slide&quot;,&quot;show_arrows&quot;:&quot;yes&quot;,&quot;pagination&quot;:&quot;bullets&quot;,&quot;speed&quot;:500,&quot;autoplay&quot;:&quot;yes&quot;,&quot;autoplay_speed&quot;:5000,&quot;loop&quot;:&quot;yes&quot;,&quot;pause_on_hover&quot;:&quot;yes&quot;,&quot;pause_on_interaction&quot;:&quot;yes&quot;,&quot;space_between&quot;:{&quot;unit&quot;:&quot;px&quot;,&quot;size&quot;:10,&quot;sizes&quot;:[]},&quot;space_between_tablet&quot;:{&quot;unit&quot;:&quot;px&quot;,&quot;size&quot;:10,&quot;sizes&quot;:[]},&quot;space_between_mobile&quot;:{&quot;unit&quot;:&quot;px&quot;,&quot;size&quot;:10,&quot;sizes&quot;:[]}}\" data-widget_type=\"media-carousel.default\">\n\t\t\t\t\t\t\t\t\t\t<div class=\"elementor-main-swiper swiper\" role=\"region\" aria-roledescription=\"carousel\" aria-label=\"Slider\">\n\t\t\t\t<div class=\"swiper-wrapper\">\n\t\t\t\t\t\t\t\t\t\t\t<div class=\"swiper-slide\" role=\"group\" aria-roledescription=\"slide\">\n\t\t\t\t\t\t\t<a href=\"https:\/\/ilv-fernerkundung.de\/wp-content\/uploads\/2021\/07\/IMG_20160610_155458-1.jpg\" data-elementor-open-lightbox=\"yes\" data-elementor-lightbox-slideshow=\"fed5820\" data-elementor-lightbox-title=\"Technologie de sonar multifaisceaux ILV pour la surveillance d'un barrage hydraulique en Autriche\" data-e-action-hash=\"#elementor-action%3Aaction%3Dlightbox%26settings%3DeyJpZCI6NDM2OSwidXJsIjoiaHR0cHM6XC9cL2lsdi1mZXJuZXJrdW5kdW5nLmRlXC93cC1jb250ZW50XC91cGxvYWRzXC8yMDIxXC8wN1wvSU1HXzIwMTYwNjEwXzE1NTQ1OC0xLmpwZyIsInNsaWRlc2hvdyI6ImZlZDU4MjAifQ%3D%3D\">\t\t<div class=\"elementor-carousel-image\" role=\"img\" aria-label=\"Technologie de sonar multifaisceaux ILV pour la surveillance d'un barrage hydraulique en Autriche\" style=\"background-image: url('https:\/\/ilv-fernerkundung.de\/wp-content\/uploads\/2021\/07\/IMG_20160610_155458-1-768x576.jpg')\">\n\n\t\t\t\n\t\t\t\t\t<\/div>\n\t\t<\/a>\t\t\t\t\t\t<\/div>\n\t\t\t\t\t\t\t\t\t\t\t<div class=\"swiper-slide\" role=\"group\" aria-roledescription=\"slide\">\n\t\t\t\t\t\t\t<a href=\"https:\/\/ilv-fernerkundung.de\/wp-content\/uploads\/2021\/07\/DSCF0137-1.jpg\" data-elementor-open-lightbox=\"yes\" data-elementor-lightbox-slideshow=\"fed5820\" data-elementor-lightbox-title=\"D\u00e9ploiement d'h\u00e9licopt\u00e8res pour la surveillance d'une mine \u00e0 ciel ouvert arr\u00eat\u00e9e en Lusace\" data-e-action-hash=\"#elementor-action%3Aaction%3Dlightbox%26settings%3DeyJpZCI6NDM2NSwidXJsIjoiaHR0cHM6XC9cL2lsdi1mZXJuZXJrdW5kdW5nLmRlXC93cC1jb250ZW50XC91cGxvYWRzXC8yMDIxXC8wN1wvRFNDRjAxMzctMS5qcGciLCJzbGlkZXNob3ciOiJmZWQ1ODIwIn0%3D\">\t\t<div class=\"elementor-carousel-image\" role=\"img\" aria-label=\"D\u00e9ploiement d'h\u00e9licopt\u00e8res pour la surveillance d'une mine \u00e0 ciel ouvert arr\u00eat\u00e9e en Lusace\" style=\"background-image: url('https:\/\/ilv-fernerkundung.de\/wp-content\/uploads\/2021\/07\/DSCF0137-1-768x1152.jpg')\">\n\n\t\t\t\n\t\t\t\t\t<\/div>\n\t\t<\/a>\t\t\t\t\t\t<\/div>\n\t\t\t\t\t\t\t\t\t\t\t<div class=\"swiper-slide\" role=\"group\" aria-roledescription=\"slide\">\n\t\t\t\t\t\t\t<a href=\"https:\/\/ilv-fernerkundung.de\/wp-content\/uploads\/2021\/07\/IMG_20181005_151816-1-scaled-2.jpg\" data-elementor-open-lightbox=\"yes\" data-elementor-lightbox-slideshow=\"fed5820\" data-elementor-lightbox-title=\"Station totale ILV scannant une fa\u00e7ade de maison\" data-e-action-hash=\"#elementor-action%3Aaction%3Dlightbox%26settings%3DeyJpZCI6NDM3MywidXJsIjoiaHR0cHM6XC9cL2lsdi1mZXJuZXJrdW5kdW5nLmRlXC93cC1jb250ZW50XC91cGxvYWRzXC8yMDIxXC8wN1wvSU1HXzIwMTgxMDA1XzE1MTgxNi0xLXNjYWxlZC0yLmpwZyIsInNsaWRlc2hvdyI6ImZlZDU4MjAifQ%3D%3D\">\t\t<div class=\"elementor-carousel-image\" role=\"img\" aria-label=\"Station totale ILV scannant une fa\u00e7ade de maison\" style=\"background-image: url('https:\/\/ilv-fernerkundung.de\/wp-content\/uploads\/2021\/07\/IMG_20181005_151816-1-scaled-2-768x1024.jpg')\">\n\n\t\t\t\n\t\t\t\t\t<\/div>\n\t\t<\/a>\t\t\t\t\t\t<\/div>\n\t\t\t\t\t\t\t\t\t\t\t<div class=\"swiper-slide\" role=\"group\" aria-roledescription=\"slide\">\n\t\t\t\t\t\t\t<a href=\"https:\/\/ilv-fernerkundung.de\/wp-content\/uploads\/2021\/07\/IMG_20200515_130634-scaled-1.jpg\" data-elementor-open-lightbox=\"yes\" data-elementor-lightbox-slideshow=\"fed5820\" data-elementor-lightbox-title=\"Syst\u00e8me de cartographie mobile d'ILV avec cam\u00e9ra \u00e0 360 degr\u00e9s\" data-e-action-hash=\"#elementor-action%3Aaction%3Dlightbox%26settings%3DeyJpZCI6NDQxNywidXJsIjoiaHR0cHM6XC9cL2lsdi1mZXJuZXJrdW5kdW5nLmRlXC93cC1jb250ZW50XC91cGxvYWRzXC8yMDIxXC8wN1wvSU1HXzIwMjAwNTE1XzEzMDYzNC1zY2FsZWQtMS5qcGciLCJzbGlkZXNob3ciOiJmZWQ1ODIwIn0%3D\">\t\t<div class=\"elementor-carousel-image\" role=\"img\" aria-label=\"Syst\u00e8me de cartographie mobile d'ILV avec cam\u00e9ra \u00e0 360 degr\u00e9s\" style=\"background-image: url('https:\/\/ilv-fernerkundung.de\/wp-content\/uploads\/2021\/07\/IMG_20200515_130634-scaled-1-768x576.jpg')\">\n\n\t\t\t\n\t\t\t\t\t<\/div>\n\t\t<\/a>\t\t\t\t\t\t<\/div>\n\t\t\t\t\t\t\t\t\t<\/div>\n\t\t\t\t\t\t\t\t\t\t\t\t\t\t\t<div class=\"elementor-swiper-button elementor-swiper-button-prev\" role=\"button\" tabindex=\"0\" aria-label=\"Pr\u00e9c\u00e9dent\">\n\t\t\t\t\t\t\t<svg aria-hidden=\"true\" class=\"e-font-icon-svg e-eicon-chevron-left\" viewBox=\"0 0 1000 1000\"><path d=\"M646 125C629 125 613 133 604 142L308 442C296 454 292 471 292 487 292 504 296 521 308 533L604 854C617 867 629 875 646 875 663 875 679 871 692 858 704 846 713 829 713 812 713 796 708 779 692 767L438 487 692 225C700 217 708 204 708 187 708 171 704 154 692 142 675 129 663 125 646 125Z\" \/><\/svg>\t\t\t\t\t\t<\/div>\n\t\t\t\t\t\t<div class=\"elementor-swiper-button elementor-swiper-button-next\" role=\"button\" tabindex=\"0\" aria-label=\"Suivant\">\n\t\t\t\t\t\t\t<svg aria-hidden=\"true\" class=\"e-font-icon-svg e-eicon-chevron-right\" viewBox=\"0 0 1000 1000\"><path d=\"M696 533C708 521 713 504 713 487 713 471 708 454 696 446L400 146C388 133 375 125 354 125 338 125 325 129 313 142 300 154 292 171 292 187 292 204 296 221 308 233L563 492 304 771C292 783 288 800 288 817 288 833 296 850 308 863 321 871 338 875 354 875 371 875 388 867 400 854L696 533Z\" \/><\/svg>\t\t\t\t\t\t<\/div>\n\t\t\t\t\t\t\t\t\t\t\t\t\t\t\t\t<div class=\"swiper-pagination\"><\/div>\n\t\t\t\t\t\t\t\t\t\t\t\t<\/div>\n\t\t\t\t\t\t\t\t<\/div>\n\t\t\t\t<\/div>\n\t\t\t\t\t<\/div>\n\t\t\t\t<\/div>\n\t\t\t\t<\/div>\n\t\t","protected":false},"excerpt":{"rendered":"<p>Les ori\u00adgines d\u2019ILV-Fer\u00adner\u00adkun\u00addung GmbH remontent \u00e0 l\u2019\u00e9\u00adpoque pr\u00e9\u00adc\u00e9\u00addant la r\u00e9uni\u00adfi\u00adca\u00adtion alle\u00admande. Le fon\u00adda\u00adteur, pro\u00adpri\u00e9\u00adtaire et actuel direc\u00adteur g\u00e9n\u00e9\u00adral, Mar\u00adtin Wag\u00adner, ing\u00e9\u00adnieur dipl\u00f4\u00adm\u00e9 des mines, a tra\u00advaill\u00e9 comme chef du d\u00e9par\u00adte\u00adment scien\u00adti\u00adfique et tech\u00adnique de l\u2019an\u00adcienne uni\u00adt\u00e9 mini\u00e8re de lignite de Bor\u00adna (FMB) entre 1988 et 1990. \u00c0 l\u2019\u00e9\u00adpoque d\u00e9j\u00e0, il exis\u00adtait des contacts \u00e9troits avec [\u2026]<\/p>\n","protected":false},"author":3,"featured_media":4042,"parent":0,"menu_order":1,"comment_status":"closed","ping_status":"closed","template":"","meta":{"wp_typography_post_enhancements_disabled":false,"footnotes":""},"class_list":["post-4040","page","type-page","status-publish","has-post-thumbnail","hentry","entry"],"_links":{"self":[{"href":"https:\/\/ilv-fernerkundung.de\/fr\/wp-json\/wp\/v2\/pages\/4040","targetHints":{"allow":["GET"]}}],"collection":[{"href":"https:\/\/ilv-fernerkundung.de\/fr\/wp-json\/wp\/v2\/pages"}],"about":[{"href":"https:\/\/ilv-fernerkundung.de\/fr\/wp-json\/wp\/v2\/types\/page"}],"author":[{"embeddable":true,"href":"https:\/\/ilv-fernerkundung.de\/fr\/wp-json\/wp\/v2\/users\/3"}],"replies":[{"embeddable":true,"href":"https:\/\/ilv-fernerkundung.de\/fr\/wp-json\/wp\/v2\/comments?post=4040"}],"version-history":[{"count":66,"href":"https:\/\/ilv-fernerkundung.de\/fr\/wp-json\/wp\/v2\/pages\/4040\/revisions"}],"predecessor-version":[{"id":6362,"href":"https:\/\/ilv-fernerkundung.de\/fr\/wp-json\/wp\/v2\/pages\/4040\/revisions\/6362"}],"wp:featuredmedia":[{"embeddable":true,"href":"https:\/\/ilv-fernerkundung.de\/fr\/wp-json\/wp\/v2\/media\/4042"}],"wp:attachment":[{"href":"https:\/\/ilv-fernerkundung.de\/fr\/wp-json\/wp\/v2\/media?parent=4040"}],"curies":[{"name":"wp","href":"https:\/\/api.w.org\/{rel}","templated":true}]}}