{"id":3750,"date":"2021-07-20T09:18:18","date_gmt":"2021-07-20T07:18:18","guid":{"rendered":"https:\/\/ilv-fernerkundung.de\/?page_id=3750"},"modified":"2026-03-26T21:43:00","modified_gmt":"2026-03-26T20:43:00","slug":"actuel","status":"publish","type":"page","link":"https:\/\/ilv-fernerkundung.de\/fr\/actuel\/","title":{"rendered":"Actuel"},"content":{"rendered":"\t\t<div data-elementor-type=\"wp-page\" data-elementor-id=\"3750\" class=\"elementor elementor-3750 elementor-1014\" data-elementor-settings=\"{&quot;element_pack_global_tooltip_width&quot;:{&quot;unit&quot;:&quot;px&quot;,&quot;size&quot;:&quot;&quot;,&quot;sizes&quot;:[]},&quot;element_pack_global_tooltip_width_tablet&quot;:{&quot;unit&quot;:&quot;px&quot;,&quot;size&quot;:&quot;&quot;,&quot;sizes&quot;:[]},&quot;element_pack_global_tooltip_width_mobile&quot;:{&quot;unit&quot;:&quot;px&quot;,&quot;size&quot;:&quot;&quot;,&quot;sizes&quot;:[]},&quot;element_pack_global_tooltip_padding&quot;:{&quot;unit&quot;:&quot;px&quot;,&quot;top&quot;:&quot;&quot;,&quot;right&quot;:&quot;&quot;,&quot;bottom&quot;:&quot;&quot;,&quot;left&quot;:&quot;&quot;,&quot;isLinked&quot;:true},&quot;element_pack_global_tooltip_padding_tablet&quot;:{&quot;unit&quot;:&quot;px&quot;,&quot;top&quot;:&quot;&quot;,&quot;right&quot;:&quot;&quot;,&quot;bottom&quot;:&quot;&quot;,&quot;left&quot;:&quot;&quot;,&quot;isLinked&quot;:true},&quot;element_pack_global_tooltip_padding_mobile&quot;:{&quot;unit&quot;:&quot;px&quot;,&quot;top&quot;:&quot;&quot;,&quot;right&quot;:&quot;&quot;,&quot;bottom&quot;:&quot;&quot;,&quot;left&quot;:&quot;&quot;,&quot;isLinked&quot;:true},&quot;element_pack_global_tooltip_border_radius&quot;:{&quot;unit&quot;:&quot;px&quot;,&quot;top&quot;:&quot;&quot;,&quot;right&quot;:&quot;&quot;,&quot;bottom&quot;:&quot;&quot;,&quot;left&quot;:&quot;&quot;,&quot;isLinked&quot;:true},&quot;element_pack_global_tooltip_border_radius_tablet&quot;:{&quot;unit&quot;:&quot;px&quot;,&quot;top&quot;:&quot;&quot;,&quot;right&quot;:&quot;&quot;,&quot;bottom&quot;:&quot;&quot;,&quot;left&quot;:&quot;&quot;,&quot;isLinked&quot;:true},&quot;element_pack_global_tooltip_border_radius_mobile&quot;:{&quot;unit&quot;:&quot;px&quot;,&quot;top&quot;:&quot;&quot;,&quot;right&quot;:&quot;&quot;,&quot;bottom&quot;:&quot;&quot;,&quot;left&quot;:&quot;&quot;,&quot;isLinked&quot;:true}}\" data-elementor-post-type=\"page\">\n\t\t\t\t<div class=\"elementor-element elementor-element-b5ec2d9 e-flex e-con-boxed e-con e-parent\" data-id=\"b5ec2d9\" data-element_type=\"container\" data-e-type=\"container\">\n\t\t\t\t\t<div class=\"e-con-inner\">\n\t\t<div class=\"elementor-element elementor-element-f3883ab e-con-full e-flex e-con e-child\" data-id=\"f3883ab\" data-element_type=\"container\" data-e-type=\"container\">\n\t\t\t\t<div class=\"elementor-element elementor-element-4a47586 elementor-widget elementor-widget-image-box\" data-id=\"4a47586\" data-element_type=\"widget\" data-e-type=\"widget\" data-widget_type=\"image-box.default\">\n\t\t\t\t\t<div class=\"elementor-image-box-wrapper\"><div class=\"elementor-image-box-content\"><h3 class=\"elementor-image-box-title\">Postes vacants<\/h3><p class=\"elementor-image-box-description\">Nous recher\u00adchons des pilotes, \u00e9ga\u00adle\u00adment avec une licence de pilote am\u00e9\u00adri\u00adcain. \n<br><br>\nNous recher\u00adchons des op\u00e9\u00adra\u00adteurs de pho\u00adtos a\u00e9riennes, volon\u00adtiers avec des connais\u00adsances en pho\u00adto\u00adgram\u00adm\u00e9\u00adtrie. \n<br><br>\nNous recher\u00adchons des g\u00e9o\u00adm\u00e8tres et des ing\u00e9\u00adnieurs, de pr\u00e9\u00adf\u00e9\u00adrence avec des connais\u00adsances en SIG. \n<br><br>\nNous recher\u00adchons des mineurs \/ des conduc\u00adteurs d\u2019en\u00adgins de forage \/ des ing\u00e9\u00adnieurs miniers \/ des g\u00e9o\u00adlogues.<\/p><\/div><\/div>\t\t\t\t<\/div>\n\t\t\t\t<div class=\"elementor-element elementor-element-c07881f elementor-widget elementor-widget-image-box\" data-id=\"c07881f\" data-element_type=\"widget\" data-e-type=\"widget\" data-widget_type=\"image-box.default\">\n\t\t\t\t\t<div class=\"elementor-image-box-wrapper\"><div class=\"elementor-image-box-content\"><h3 class=\"elementor-image-box-title\">09\/2026<\/h3><p class=\"elementor-image-box-description\">L\u2019exposition INTERGEO 2026 aura lieu du 15 au 17 Sep\u00adtembre 2026 \u00e0 Munich. Nous nous r\u00e9jouis\u00adsons de votre visite <a href=\"https:\/\/dvw.de\/intergeo\/de\" target=\"_blank\" rel=\"noopener\"><font color=\"red\">sur notre stand.<\/font><\/a><\/p><\/div><\/div>\t\t\t\t<\/div>\n\t\t\t\t<div class=\"elementor-element elementor-element-1ee6b37 elementor-widget elementor-widget-image\" data-id=\"1ee6b37\" data-element_type=\"widget\" data-e-type=\"widget\" data-widget_type=\"image.default\">\n\t\t\t\t\t\t\t\t\t\t\t\t\t\t\t\t<a href=\"https:\/\/dvw.de\/intergeo\/de\" target=\"_blank\" rel=\"noopener\">\n\t\t\t\t\t\t\t<img decoding=\"async\" src=\"https:\/\/ilv-fernerkundung.de\/wp-content\/uploads\/elementor\/thumbs\/2026_Intergeo_Teilnahme_ILV-Fernerkundung-1-rhryrwn7l6w04gmfp7xdz8qp2rpqqh421fwebs5vlq.webp\" title=\"2026_Intergeo_Teilnahme_ILV-Fernerkundung\" alt=\"2026_Intergeo_Teilnahme_ILV-Fernerkundung\" loading=\"lazy\">\t\t\t\t\t\t\t\t<\/a>\n\t\t\t\t\t\t\t\t\t\t\t\t\t\t\t<\/div>\n\t\t\t\t<div class=\"elementor-element elementor-element-ba45e6e elementor-widget elementor-widget-image-box\" data-id=\"ba45e6e\" data-element_type=\"widget\" data-e-type=\"widget\" data-widget_type=\"image-box.default\">\n\t\t\t\t\t<div class=\"elementor-image-box-wrapper\"><div class=\"elementor-image-box-content\"><h3 class=\"elementor-image-box-title\">06\/2026<\/h3><p class=\"elementor-image-box-description\">L\u2019ILA Ber\u00adlin 2026 aura lieu du 10 au 14 juin 2026 au Ber\u00adlin Expo\u00adCen\u00adter Air\u00adport.  <a href=\"https:\/\/www.ila-berlin.de\/de\" target=\"_blank\" rel=\"noopener\"><font color=\"red\">Nous y serons<\/font><\/a> et nous nous r\u00e9jouis\u00adsons de votre visite sur le stand com\u00admun Ber\u00adlin-Bran\u00adden\u00adburg (Hall B, Stand 310).<\/p><\/div><\/div>\t\t\t\t<\/div>\n\t\t\t\t<div class=\"elementor-element elementor-element-8ef0616 elementor-widget elementor-widget-image\" data-id=\"8ef0616\" data-element_type=\"widget\" data-e-type=\"widget\" data-widget_type=\"image.default\">\n\t\t\t\t\t\t\t\t\t\t\t\t\t\t\t\t<a href=\"https:\/\/www.ila-berlin.de\/de\" target=\"_blank\" rel=\"noopener\">\n\t\t\t\t\t\t\t<img decoding=\"async\" src=\"https:\/\/ilv-fernerkundung.de\/wp-content\/uploads\/elementor\/thumbs\/2026_ILA2026_ILV-Fernerkundung_Teilnahme-1-rl3d1xfadr4fs2ndhrav834t0t84zft1g5m7ligiw2.png\" title=\"2026_ILA2026_ILV-Fernerkundung_Teilnahme\" alt=\"2026_ILA2026_ILV-Fernerkundung_Teilnahme\" loading=\"lazy\">\t\t\t\t\t\t\t\t<\/a>\n\t\t\t\t\t\t\t\t\t\t\t\t\t\t\t<\/div>\n\t\t\t\t<div class=\"elementor-element elementor-element-3048597 elementor-widget elementor-widget-image-box\" data-id=\"3048597\" data-element_type=\"widget\" data-e-type=\"widget\" data-widget_type=\"image-box.default\">\n\t\t\t\t\t<div class=\"elementor-image-box-wrapper\"><div class=\"elementor-image-box-content\"><h3 class=\"elementor-image-box-title\">02\/2026<\/h3><p class=\"elementor-image-box-description\">L\u2019exposition minier Mining Inda\u00adba 2026 au Cap a \u00e9t\u00e9 un grand suc\u00adc\u00e8s pour l\u2019ILV-Fernerkundung GmbH et a \u00e9t\u00e9 mar\u00adqu\u00e9 par de nom\u00adbreux entre\u00adtiens pro\u00adduc\u00adtifs Elles ont eu lieu non seule\u00adment avec nos par\u00adte\u00adnaires ango\u00adlais et nos col\u00adl\u00e8gues alle\u00admands, mais aus\u00adsi avec des per\u00adsonnes int\u00e9\u00adres\u00ads\u00e9es dans le monde entier. Sur les pho\u00adtos, on peut voir entre autres le Prof. Dr Cars\u00adten Dre\u00adbens\u00adtedt (TU Ber\u00adga\u00adka\u00adde\u00admie Frei\u00adberg), qui a accom\u00adpa\u00adgn\u00e9 ILV en tant que consul\u00adtant, et le Dr Mar\u00adtin Wedig (CEO FAB).<\/p><\/div><\/div>\t\t\t\t<\/div>\n\t\t\t\t<div class=\"elementor-element elementor-element-c83c8ec elementor-widget elementor-widget-image\" data-id=\"c83c8ec\" data-element_type=\"widget\" data-e-type=\"widget\" data-widget_type=\"image.default\">\n\t\t\t\t\t\t\t\t\t\t\t\t<figure class=\"wp-caption\">\n\t\t\t\t\t\t\t\t\t\t\t<a href=\"https:\/\/ilv-fernerkundung.de\/wp-content\/uploads\/2026\/02\/2026-02_Mining_Indaba2026_ILV-Fernerkundung_1-1-scaled.jpg\" target=\"_blank\">\n\t\t\t\t\t\t\t<img decoding=\"async\" src=\"https:\/\/ilv-fernerkundung.de\/wp-content\/uploads\/elementor\/thumbs\/2026-02_Mining_Indaba2026_ILV-Fernerkundung_1-1-scaled-rjcni7lz6c9paycp8m0ktpze6b6akaq1mi5sygueoq.webp\" title=\"2026\u201302_Mining_Indaba2026_ILV-Fernerkundung_1\" alt=\"2026-02_Mining_Indaba2026_ILV-Fernerkundung_1\" loading=\"lazy\">\t\t\t\t\t\t\t\t<\/a>\n\t\t\t\t\t\t\t\t\t\t\t<figcaption class=\"widget-image-caption wp-caption-text\"><\/figcaption>\n\t\t\t\t\t\t\t\t\t\t<\/figure>\n\t\t\t\t\t\t\t\t\t<\/div>\n\t\t\t\t<div class=\"elementor-element elementor-element-79179c4 elementor-widget elementor-widget-image\" data-id=\"79179c4\" data-element_type=\"widget\" data-e-type=\"widget\" data-widget_type=\"image.default\">\n\t\t\t\t\t\t\t\t\t\t\t\t<figure class=\"wp-caption\">\n\t\t\t\t\t\t\t\t\t\t\t<a href=\"https:\/\/ilv-fernerkundung.de\/wp-content\/uploads\/2026\/02\/2026-02_Mining_Indaba2026_ILV-Fernerkundung_2-1-scaled.webp\" target=\"_blank\">\n\t\t\t\t\t\t\t<img decoding=\"async\" src=\"https:\/\/ilv-fernerkundung.de\/wp-content\/uploads\/elementor\/thumbs\/2026-02_Mining_Indaba2026_ILV-Fernerkundung_2-1-scaled-rjcnjgq8adzgs8j5x5io5elioszwtrp5sph3zqzids.webp\" title=\"2026\u201302_Mining_Indaba2026_ILV-Fernerkundung_2\" alt=\"2026-02_Mining_Indaba2026_ILV-Fernerkundung_2\" loading=\"lazy\">\t\t\t\t\t\t\t\t<\/a>\n\t\t\t\t\t\t\t\t\t\t\t<figcaption class=\"widget-image-caption wp-caption-text\">Le stand de ILV \/ Mibrag-CI au salon  Mining Inda\u00adba 2026<\/figcaption>\n\t\t\t\t\t\t\t\t\t\t<\/figure>\n\t\t\t\t\t\t\t\t\t<\/div>\n\t\t\t\t<div class=\"elementor-element elementor-element-f24c72c elementor-widget elementor-widget-image-box\" data-id=\"f24c72c\" data-element_type=\"widget\" data-e-type=\"widget\" data-widget_type=\"image-box.default\">\n\t\t\t\t\t<div class=\"elementor-image-box-wrapper\"><div class=\"elementor-image-box-content\"><p class=\"elementor-image-box-description\">L\u2019exposition mini\u00e8re MINING INDABA, se tien\u00addra du 9 au 12 fevrier 2026 en la ville du Cap. Et nous y serons. Jetez un coup d\u2019\u0153il \u00e0 notre stand<a href=\"https:\/\/mining-indaba.german-pavilion.com\/en\/sites\/exhibitors\/132396\" target=\"_blank\" rel=\"noopener\"><font color=\"red\"> ici<\/font><\/a><font color=\"red\">&nbsp;!<\/font><\/p><\/div><\/div>\t\t\t\t<\/div>\n\t\t\t\t<div class=\"elementor-element elementor-element-8227495 elementor-widget elementor-widget-image\" data-id=\"8227495\" data-element_type=\"widget\" data-e-type=\"widget\" data-widget_type=\"image.default\">\n\t\t\t\t\t\t\t\t\t\t\t\t\t\t\t\t<a href=\"https:\/\/mining-indaba.german-pavilion.com\/en\/sites\/exhibitors\/132396\" target=\"_blank\" rel=\"noopener\">\n\t\t\t\t\t\t\t<img decoding=\"async\" src=\"https:\/\/ilv-fernerkundung.de\/wp-content\/uploads\/elementor\/thumbs\/banner_mining_indaba-rc31ayx2a17d690apm916mpojlax5rx0uvbjirfh3y.webp\" title alt loading=\"lazy\">\t\t\t\t\t\t\t\t<\/a>\n\t\t\t\t\t\t\t\t\t\t\t\t\t\t\t<\/div>\n\t\t\t\t<div class=\"elementor-element elementor-element-a616456 elementor-widget elementor-widget-image-box\" data-id=\"a616456\" data-element_type=\"widget\" data-e-type=\"widget\" data-widget_type=\"image-box.default\">\n\t\t\t\t\t<div class=\"elementor-image-box-wrapper\"><div class=\"elementor-image-box-content\"><h3 class=\"elementor-image-box-title\">11\/2025<\/h3><p class=\"elementor-image-box-description\">Le Dr Kuria B. Thiong\u2019o, ori\u00adgi\u00adnaire du Kenya, et son col\u00adl\u00e8gue de l\u2019u\u00adni\u00adver\u00adsi\u00adt\u00e9 de la Ruhr \u00e0 Bochom ont orga\u00adni\u00ads\u00e9 des ate\u00adliers sur la t\u00e9l\u00e9\u00add\u00e9\u00adtec\u00adtion dans le cadre d\u2019un pro\u00adjet \u00e9du\u00adca\u00adtif. Cer\u00adtaines \u00e9coles n\u2019\u00e9\u00adtant pas ali\u00admen\u00adt\u00e9es en \u00e9lec\u00adtri\u00adci\u00adt\u00e9, les calen\u00addriers ILV ont \u00e9ga\u00adle\u00adment \u00e9t\u00e9 uti\u00adli\u00ads\u00e9s comme sup\u00adports p\u00e9da\u00adgo\u00adgiques.<\/p><\/div><\/div>\t\t\t\t<\/div>\n\t\t\t\t<div class=\"elementor-element elementor-element-411e5a1 elementor-widget elementor-widget-image\" data-id=\"411e5a1\" data-element_type=\"widget\" data-e-type=\"widget\" data-widget_type=\"image.default\">\n\t\t\t\t\t\t\t\t\t\t\t\t\t\t\t\t<a href=\"https:\/\/ilv-fernerkundung.de\/wp-content\/uploads\/2025\/11\/2025-11-25_ILV-Fernerkundung_Kalender_Entwicklungshilfe_Kenia_Kuria_Thiongo_1-1.jpg\" target=\"_blank\">\n\t\t\t\t\t\t\t<img decoding=\"async\" src=\"https:\/\/ilv-fernerkundung.de\/wp-content\/uploads\/elementor\/thumbs\/2025-11-25_ILV-Fernerkundung_Kalender_Entwicklungshilfe_Kenia_Kuria_Thiongo_1-1-rf8d63zoqk773uo61peplp84nmffo51nbblb0c7138.webp\" title=\"2025\u201311-25_ILV-Fernerkundung_Kalender_Entwicklungshilfe_Kenia_Kuria_Thiongo_1\" alt=\"2025-11-25_ILV-Fernerkundung_Kalender_Entwicklungshilfe_Kenia_Kuria_Thiongo_1\" loading=\"lazy\">\t\t\t\t\t\t\t\t<\/a>\n\t\t\t\t\t\t\t\t\t\t\t\t\t\t\t<\/div>\n\t\t\t\t<div class=\"elementor-element elementor-element-31bf76d elementor-widget elementor-widget-image-box\" data-id=\"31bf76d\" data-element_type=\"widget\" data-e-type=\"widget\" data-widget_type=\"image-box.default\">\n\t\t\t\t\t<div class=\"elementor-image-box-wrapper\"><div class=\"elementor-image-box-content\"><p class=\"elementor-image-box-description\">Le CEO Mar\u00adtin Wag\u00adner a par\u00adti\u00adci\u00adp\u00e9, en tant que membre de la d\u00e9l\u00e9\u00adga\u00adtion \u00e9co\u00adno\u00admique alle\u00admande, au voyage en Afrique du pr\u00e9\u00adsident f\u00e9d\u00e9\u00adral Frank-Wal\u00adter Stein\u00admeier du 1er au 7 novembre 2025 en \u00c9gypte, au Gha\u00adna et en Ango\u00adla. <\/p><\/div><\/div>\t\t\t\t<\/div>\n\t\t\t\t<div class=\"elementor-element elementor-element-70213d7 elementor-widget elementor-widget-image\" data-id=\"70213d7\" data-element_type=\"widget\" data-e-type=\"widget\" data-widget_type=\"image.default\">\n\t\t\t\t\t\t\t\t\t\t\t\t<figure class=\"wp-caption\">\n\t\t\t\t\t\t\t\t\t\t\t<a href=\"https:\/\/ilv-fernerkundung.de\/wp-content\/uploads\/2025\/11\/2025-11_Afrikareise_Bundespraesident_Steinmeier_ILV-Fernerkundung_Martin_Wagner_Angola-scaled.webp\" target=\"_blank\">\n\t\t\t\t\t\t\t<img decoding=\"async\" src=\"https:\/\/ilv-fernerkundung.de\/wp-content\/uploads\/elementor\/thumbs\/2025-11_Afrikareise_Bundespraesident_Steinmeier_ILV-Fernerkundung_Martin_Wagner_Angola-scaled-rf1845yulu8vrmjjl4xpeegdn7y2ayiwojo4e7410w.webp\" title=\"Afrika-Reise von Bundespr\u00e4sident Steinmeier \u2013 Angola\" alt=\"Bundespr\u00e4sident Frank-Walter Steinmeier (3.v.l.) und Joao Manuel Goncalves Lourenco (3.v.r.), Pr\u00e4sident von Angola, machen nach ihrem Gespr\u00e4ch im Pr\u00e4sidentenpalast ein Gruppenbild mit der deutschen Wirtschaftsdelegation. Bundespr\u00e4sident Steinmeier ist im Rahmen seiner Afrika-Reise mit einer Wirtschaftsdelegation zu einem zweit\u00e4gigen Besuch in der Republik Angola.\" loading=\"lazy\">\t\t\t\t\t\t\t\t<\/a>\n\t\t\t\t\t\t\t\t\t\t\t<figcaption class=\"widget-image-caption wp-caption-text\">Le pr\u00e9\u00adsident f\u00e9d\u00e9\u00adral Frank-Wal\u00adter Stein\u00admeier et le pr\u00e9\u00adsident ango\u00adlais <br>Joao Manuel Gon\u00adcalves Lou\u00adren\u00adco en com\u00adpa\u00adgnie de la d\u00e9l\u00e9\u00adga\u00adtion \u00e9co\u00adno\u00admique alle\u00admande.<br> Source&nbsp;: dpa Bernd von Jutrc\u00adzen\u00adka, cor\u00adres\u00adpon\u00addant en chef Pho\u00adto <\/figcaption>\n\t\t\t\t\t\t\t\t\t\t<\/figure>\n\t\t\t\t\t\t\t\t\t<\/div>\n\t\t\t\t<div class=\"elementor-element elementor-element-3725f4c elementor-widget elementor-widget-image\" data-id=\"3725f4c\" data-element_type=\"widget\" data-e-type=\"widget\" data-widget_type=\"image.default\">\n\t\t\t\t\t\t\t\t\t\t\t\t<figure class=\"wp-caption\">\n\t\t\t\t\t\t\t\t\t\t\t<a href=\"https:\/\/ilv-fernerkundung.de\/wp-content\/uploads\/2025\/11\/2025-11_Afrikareise_Bundespraesident_Steinmeier_ILV-Fernerkundung_Martin_Wagner_Ghana-scaled.webp\" target=\"_blank\">\n\t\t\t\t\t\t\t<img decoding=\"async\" src=\"https:\/\/ilv-fernerkundung.de\/wp-content\/uploads\/elementor\/thumbs\/2025-11_Afrikareise_Bundespraesident_Steinmeier_ILV-Fernerkundung_Martin_Wagner_Ghana-scaled-rf182zo42amz968zg4nhs74mwvqjokuziqb9squqtg.webp\" title=\"Afrika-Reise von Bundespr\u00e4sident Steinmeier \u2013 Ghana\" alt=\"Bundespr\u00e4sident Frank-Walter Steinmeier (Mitte l) und John Dramani Mahama (Mitte r), Pr\u00e4sident von Ghana, stehen nach einem Mittagessen auf Einladung des ghanaischen Pr\u00e4sidenten im Jubilee House f\u00fcr ein Gruppenbild mit der deutschen Wirtschaftsdelegation zusammen. Bundespr\u00e4sident Steinmeier ist im Rahmen seiner Afrika-Reise mit einer Wirtschaftsdelegation zu einem zweit\u00e4gigen Besuch in der Republik Ghana.\" loading=\"lazy\">\t\t\t\t\t\t\t\t<\/a>\n\t\t\t\t\t\t\t\t\t\t\t<figcaption class=\"widget-image-caption wp-caption-text\">Le pr\u00e9\u00adsident f\u00e9d\u00e9\u00adral Frank-Wal\u00adter Stein\u00admeier et le pr\u00e9\u00adsident du Gha\u00adna, <br>John Dra\u00adma\u00adni Maha\u00adma, en com\u00adpa\u00adgnie de la d\u00e9l\u00e9\u00adga\u00adtion \u00e9co\u00adno\u00admique alle\u00admande.<br> Source&nbsp;: dpa Bernd von Jutrc\u00adzen\u00adka, cor\u00adres\u00adpon\u00addant en chef Pho\u00adto <\/figcaption>\n\t\t\t\t\t\t\t\t\t\t<\/figure>\n\t\t\t\t\t\t\t\t\t<\/div>\n\t\t\t\t<div class=\"elementor-element elementor-element-7347b65 elementor-widget elementor-widget-image-box\" data-id=\"7347b65\" data-element_type=\"widget\" data-e-type=\"widget\" data-widget_type=\"image-box.default\">\n\t\t\t\t\t<div class=\"elementor-image-box-wrapper\"><div class=\"elementor-image-box-content\"><h3 class=\"elementor-image-box-title\">10\/2025<\/h3><p class=\"elementor-image-box-description\">L\u2019exposition Inter\u00adgeo 2025 \u00e0 Frank\u00adfurt a \u00e9t\u00e9 un grand suc\u00adc\u00e8s pour ILV. Le stand a \u00e9t\u00e9 bien visi\u00adt\u00e9 et nous avons pu ren\u00adcon\u00adtrer per\u00adson\u00adnel\u00adle\u00adment de nom\u00adbreux par\u00adte\u00adnaires com\u00admer\u00adciaux et amis. Cette fois-ci, notre ami et col\u00adl\u00e8gue de longue date, le Dr Kuria B. Thiong\u2019o du Kenya, nous a accom\u00adpa\u00adgn\u00e9s.<\/p><\/div><\/div>\t\t\t\t<\/div>\n\t\t\t\t<div class=\"elementor-element elementor-element-247a3cf elementor-widget elementor-widget-image\" data-id=\"247a3cf\" data-element_type=\"widget\" data-e-type=\"widget\" data-widget_type=\"image.default\">\n\t\t\t\t\t\t\t\t\t\t\t\t\t\t\t\t<a href=\"https:\/\/ilv-fernerkundung.de\/wp-content\/uploads\/2025\/10\/2025-10_Intergeo_Frankfurt_ILV-Fernerkundung_1-scaled.webp\" target=\"_blank\">\n\t\t\t\t\t\t\t<img decoding=\"async\" src=\"https:\/\/ilv-fernerkundung.de\/wp-content\/uploads\/elementor\/thumbs\/2025-10_Intergeo_Frankfurt_ILV-Fernerkundung_1-scaled-rd85lu9moye0hj1mge1o0d5fkvdu07zao6vkueix4k.webp\" title=\"2025\u201310_Intergeo_Frankfurt_ILV-Fernerkundung_1\" alt=\"2025-10_Intergeo_Frankfurt_ILV-Fernerkundung_1\" loading=\"lazy\">\t\t\t\t\t\t\t\t<\/a>\n\t\t\t\t\t\t\t\t\t\t\t\t\t\t\t<\/div>\n\t\t\t\t<div class=\"elementor-element elementor-element-622bac4 elementor-widget elementor-widget-image\" data-id=\"622bac4\" data-element_type=\"widget\" data-e-type=\"widget\" data-widget_type=\"image.default\">\n\t\t\t\t\t\t\t\t\t\t\t\t<figure class=\"wp-caption\">\n\t\t\t\t\t\t\t\t\t\t\t<a href=\"https:\/\/ilv-fernerkundung.de\/wp-content\/uploads\/2025\/10\/2025-10_Intergeo_Frankfurt_ILV-Fernerkundung_2-scaled.webp\" target=\"_blank\">\n\t\t\t\t\t\t\t<img decoding=\"async\" src=\"https:\/\/ilv-fernerkundung.de\/wp-content\/uploads\/elementor\/thumbs\/2025-10_Intergeo_Frankfurt_ILV-Fernerkundung_2-scaled-rd85mhrlfta6js3hn67c8p7yfi60cnkl3f6pubk2t0.webp\" title=\"2025\u201310_Intergeo_Frankfurt_ILV-Fernerkundung_2\" alt=\"2025-10_Intergeo_Frankfurt_ILV-Fernerkundung_2\" loading=\"lazy\">\t\t\t\t\t\t\t\t<\/a>\n\t\t\t\t\t\t\t\t\t\t\t<figcaption class=\"widget-image-caption wp-caption-text\">Le stand de ILV au salon Inter\u00adgeo 2025<\/figcaption>\n\t\t\t\t\t\t\t\t\t\t<\/figure>\n\t\t\t\t\t\t\t\t\t<\/div>\n\t\t\t\t<div class=\"elementor-element elementor-element-09c883b elementor-widget elementor-widget-image-box\" data-id=\"09c883b\" data-element_type=\"widget\" data-e-type=\"widget\" data-widget_type=\"image-box.default\">\n\t\t\t\t\t<div class=\"elementor-image-box-wrapper\"><div class=\"elementor-image-box-content\"><p class=\"elementor-image-box-description\">L\u2019exposition INTERGEO 2025 aura lieu du 07 au 07 Octobre 2025 \u00e0 Frank\u00adfurt. Nous nous r\u00e9jouis\u00adsons de votre visite sur notre stand (12.1A.083)! <a><font color=\"red\"> ici<\/font><\/a><font color=\"red\">&nbsp;!<\/font><\/p><\/div><\/div>\t\t\t\t<\/div>\n\t\t\t\t<div class=\"elementor-element elementor-element-b3a1753 elementor-widget elementor-widget-image\" data-id=\"b3a1753\" data-element_type=\"widget\" data-e-type=\"widget\" data-widget_type=\"image.default\">\n\t\t\t\t\t\t\t\t\t\t\t\t\t\t\t\t<a href=\"https:\/\/www.intergeo.de\/de\/\" target=\"_blank\" rel=\"noopener\">\n\t\t\t\t\t\t\t<img decoding=\"async\" src=\"https:\/\/ilv-fernerkundung.de\/wp-content\/uploads\/2025\/08\/intergeo_ILV_logo.jpg\" title alt loading=\"lazy\">\t\t\t\t\t\t\t\t<\/a>\n\t\t\t\t\t\t\t\t\t\t\t\t\t\t\t<\/div>\n\t\t\t\t<div class=\"elementor-element elementor-element-fec9401 elementor-widget elementor-widget-image-box\" data-id=\"fec9401\" data-element_type=\"widget\" data-e-type=\"widget\" data-widget_type=\"image-box.default\">\n\t\t\t\t\t<div class=\"elementor-image-box-wrapper\"><div class=\"elementor-image-box-content\"><h3 class=\"elementor-image-box-title\">07\/2025<\/h3><p class=\"elementor-image-box-description\">La FILDA 2025 \u00e0 Luan\u00adda a pu \u00eatre cl\u00f4\u00adtu\u00adr\u00e9e avec suc\u00adc\u00e8s par ILV et ses par\u00adte\u00adnaires&nbsp;! L\u2019am\u00adbas\u00adsa\u00addeur alle\u00admand en Ango\u00adla, Dr. Ste\u00adfan Trau\u00admann, et le chef de l\u2019AHK, M. Van\u00addr\u00e9 Spell\u00admeier, ont notam\u00adment visi\u00adt\u00e9 le stand de l\u2019ILV\/MCI. Voi\u00adci quelques impres\u00adsions du salon&nbsp;:<\/p><\/div><\/div>\t\t\t\t<\/div>\n\t\t\t\t<div class=\"elementor-element elementor-element-e69cc62 elementor-widget elementor-widget-image\" data-id=\"e69cc62\" data-element_type=\"widget\" data-e-type=\"widget\" data-widget_type=\"image.default\">\n\t\t\t\t\t\t\t\t\t\t\t\t\t\t\t\t<a href=\"https:\/\/ilv-fernerkundung.de\/wp-content\/uploads\/2025\/08\/2025-07-23_ILV-Fernerkundung_FILDA_Angola_Luanda_1.jpg\" target=\"_blank\">\n\t\t\t\t\t\t\t<img decoding=\"async\" src=\"https:\/\/ilv-fernerkundung.de\/wp-content\/uploads\/elementor\/thumbs\/2025-07-23_ILV-Fernerkundung_FILDA_Angola_Luanda_1-r9t6o0451z3gmymjdeft8ae58n10ojrt0qd9znrsxg.jpg\" title=\"2025\u201307-23_ILV-Fernerkundung_FILDA_Angola_Luanda_1\" alt=\"2025-07-23_ILV-Fernerkundung_FILDA_Angola_Luanda_1\" loading=\"lazy\">\t\t\t\t\t\t\t\t<\/a>\n\t\t\t\t\t\t\t\t\t\t\t\t\t\t\t<\/div>\n\t\t\t\t<div class=\"elementor-element elementor-element-0954791 elementor-widget elementor-widget-image\" data-id=\"0954791\" data-element_type=\"widget\" data-e-type=\"widget\" data-widget_type=\"image.default\">\n\t\t\t\t\t\t\t\t\t\t\t\t<figure class=\"wp-caption\">\n\t\t\t\t\t\t\t\t\t\t\t<a href=\"https:\/\/ilv-fernerkundung.de\/wp-content\/uploads\/2025\/08\/2025-07-23_ILV-Fernerkundung_FILDA_Angola_Luanda_2.jpg\" target=\"_blank\">\n\t\t\t\t\t\t\t<img decoding=\"async\" src=\"https:\/\/ilv-fernerkundung.de\/wp-content\/uploads\/elementor\/thumbs\/2025-07-23_ILV-Fernerkundung_FILDA_Angola_Luanda_2-r9t6o11z8t4qykl67wufss5lu0wdw8vjcv0rgxqer8.jpg\" title=\"2025\u201307-23_ILV-Fernerkundung_FILDA_Angola_Luanda_2\" alt=\"2025-07-23_ILV-Fernerkundung_FILDA_Angola_Luanda_2\" loading=\"lazy\">\t\t\t\t\t\t\t\t<\/a>\n\t\t\t\t\t\t\t\t\t\t\t<figcaption class=\"widget-image-caption wp-caption-text\">Le stand de ILV \/ Mibrag-CI au salon FILDA 2025<\/figcaption>\n\t\t\t\t\t\t\t\t\t\t<\/figure>\n\t\t\t\t\t\t\t\t\t<\/div>\n\t\t\t\t<div class=\"elementor-element elementor-element-fac1843 elementor-widget elementor-widget-image-box\" data-id=\"fac1843\" data-element_type=\"widget\" data-e-type=\"widget\" data-widget_type=\"image-box.default\">\n\t\t\t\t\t<div class=\"elementor-image-box-wrapper\"><div class=\"elementor-image-box-content\"><p class=\"elementor-image-box-description\">Le 27 juillet 2025, ILV-Fer\u00adner\u00adkun\u00addung GmbH \u00e9tait par\u00adte\u00adnaire de l\u2019IS\u00adTAF au stade olym\u00adpique de Ber\u00adlin. Avec nos amis et par\u00adte\u00adnaires, nous avons pas\u00ads\u00e9 une jour\u00adn\u00e9e fruc\u00adtueuse ponc\u00adtu\u00e9e de nom\u00adbreuses dis\u00adcus\u00adsions int\u00e9\u00adres\u00adsantes.<\/p><\/div><\/div>\t\t\t\t<\/div>\n\t\t\t\t<div class=\"elementor-element elementor-element-28a4d5d elementor-widget elementor-widget-image\" data-id=\"28a4d5d\" data-element_type=\"widget\" data-e-type=\"widget\" data-widget_type=\"image.default\">\n\t\t\t\t\t\t\t\t\t\t\t\t\t\t\t\t<a href=\"https:\/\/ilv-fernerkundung.de\/wp-content\/uploads\/2025\/08\/2025-07-27-ILV-Fernerkundung_ISTAF-Berlin-Werbung-scaled.jpg\" target=\"_blank\">\n\t\t\t\t\t\t\t<img decoding=\"async\" src=\"https:\/\/ilv-fernerkundung.de\/wp-content\/uploads\/elementor\/thumbs\/2025-07-27-ILV-Fernerkundung_ISTAF-Berlin-Werbung-scaled-rc2xaw7mq7z5lyaa0c9nzzk6nffjbxy5pri9dx1w04.webp\" title=\"ISTAF Berlin 2025&nbsp;; 27.07.2025\" alt=\"ISTAF Berlin 2025 am 27.07.2025, Berlin.  - Foto: Kenny Beele\" loading=\"lazy\">\t\t\t\t\t\t\t\t<\/a>\n\t\t\t\t\t\t\t\t\t\t\t\t\t\t\t<\/div>\n\t\t\t\t<div class=\"elementor-element elementor-element-42f7b6b elementor-widget elementor-widget-image-box\" data-id=\"42f7b6b\" data-element_type=\"widget\" data-e-type=\"widget\" data-widget_type=\"image-box.default\">\n\t\t\t\t\t<div class=\"elementor-image-box-wrapper\"><div class=\"elementor-image-box-content\"><p class=\"elementor-image-box-description\">L\u2019exposition ango\u00adlais le plus impor\u00adtant, FILDA, se tien\u00addra du 22 au 27 juillet 2025 \u00e0 Luan\u00adda. Et nous y serons&nbsp;! Jetez un coup d\u2019\u0153il \u00e0 notre stand<a href=\"https:\/\/filda.german-pavilion.com\/en\/sites\/exhibitors\/122363\" target=\"_blank\" rel=\"noopener\"><font color=\"red\"> ici<\/font><\/a><font color=\"red\">&nbsp;!<\/font><\/p><\/div><\/div>\t\t\t\t<\/div>\n\t\t\t\t<div class=\"elementor-element elementor-element-7ae27e6 elementor-widget elementor-widget-image\" data-id=\"7ae27e6\" data-element_type=\"widget\" data-e-type=\"widget\" data-widget_type=\"image.default\">\n\t\t\t\t\t\t\t\t\t\t\t\t\t\t\t\t<a href=\"https:\/\/filda.german-pavilion.com\/en\/sites\/exhibitors\/122363\" target=\"_blank\" rel=\"noopener\">\n\t\t\t\t\t\t\t<img decoding=\"async\" src=\"https:\/\/ilv-fernerkundung.de\/wp-content\/uploads\/elementor\/thumbs\/banner_mining_indaba-rc31ayx2a17d690apm916mpojlax5rx0uvbjirfh3y.webp\" title alt loading=\"lazy\">\t\t\t\t\t\t\t\t<\/a>\n\t\t\t\t\t\t\t\t\t\t\t\t\t\t\t<\/div>\n\t\t\t\t<div class=\"elementor-element elementor-element-0805084 elementor-widget elementor-widget-image-box\" data-id=\"0805084\" data-element_type=\"widget\" data-e-type=\"widget\" data-widget_type=\"image-box.default\">\n\t\t\t\t\t<div class=\"elementor-image-box-wrapper\"><div class=\"elementor-image-box-content\"><p class=\"elementor-image-box-description\">ILV \u2013 est le par\u00adte\u00adnaire des hautes per\u00adfor\u00admances, le 27.07.2025 au stade olym\u00adpique de Ber\u00adlin et <a><font color=\"red\">ici<\/font><\/a>.<\/p><\/div><\/div>\t\t\t\t<\/div>\n\t\t\t\t<div class=\"elementor-element elementor-element-21f8e76 elementor-widget elementor-widget-image\" data-id=\"21f8e76\" data-element_type=\"widget\" data-e-type=\"widget\" data-widget_type=\"image.default\">\n\t\t\t\t\t\t\t\t\t\t\t\t\t\t\t\t<a href=\"https:\/\/www.istaf.de\/partner\/\" target=\"_blank\" rel=\"noopener\">\n\t\t\t\t\t\t\t<img decoding=\"async\" src=\"https:\/\/ilv-fernerkundung.de\/wp-content\/uploads\/elementor\/thumbs\/ISTAF-Berlin_2025-07_Werbung_ILV-Fernerkundung-scaled-r6l4iny2v2kq6ue3mep1mkjinb84y58vrtwqmv4lug.png\" title=\"ISTAF-Berlin_2025-07_Werbung_ILV-Fernerkundung\" alt=\"ISTAF-Berlin_2025-07_Werbung_ILV-Fernerkundung\" loading=\"lazy\">\t\t\t\t\t\t\t\t<\/a>\n\t\t\t\t\t\t\t\t\t\t\t\t\t\t\t<\/div>\n\t\t\t\t<div class=\"elementor-element elementor-element-04efacd elementor-widget elementor-widget-image-box\" data-id=\"04efacd\" data-element_type=\"widget\" data-e-type=\"widget\" data-widget_type=\"image-box.default\">\n\t\t\t\t\t<div class=\"elementor-image-box-wrapper\"><div class=\"elementor-image-box-content\"><h3 class=\"elementor-image-box-title\">04\/2025<\/h3><p class=\"elementor-image-box-description\">En tant que membre de la Asso\u00adcia\u00adtion pro\u00adfes\u00adsion\u00adnelle pour l\u2019ex\u00adploi\u00adta\u00adtion mini\u00e8re \u00e0 l\u2019\u00e9\u00adtran\u00adger et les acti\u00advi\u00adt\u00e9s inter\u00adna\u00adtio\u00adnales li\u00e9es aux mati\u00e8res pre\u00admi\u00e8res (FAB), l\u2019ILV-Fer\u00adner\u00adkun\u00addung GmbH a eu la pos\u00adsi\u00adbi\u00adli\u00adt\u00e9 de se pr\u00e9\u00adsen\u00adter pen\u00addant une jour\u00adn\u00e9e au salon BAUMA 2025 \u00e0 Munich. Sur les pho\u00adtos, on peut voir entre autres le Dr Mar\u00adtin Wedig (FAB), des col\u00adla\u00adbo\u00adra\u00adtrices de l\u2019AHK pour les pays d\u2019A\u00adfrique du Sud ain\u00adsi que nos col\u00adl\u00e8gues ango\u00adlais de la mine \u00e0 ciel ouvert de Luele.<\/p><\/div><\/div>\t\t\t\t<\/div>\n\t\t\t\t<div class=\"elementor-element elementor-element-1298aae elementor-widget elementor-widget-image\" data-id=\"1298aae\" data-element_type=\"widget\" data-e-type=\"widget\" data-widget_type=\"image.default\">\n\t\t\t\t\t\t\t\t\t\t\t\t\t\t\t\t<a href=\"https:\/\/ilv-fernerkundung.de\/wp-content\/uploads\/2025\/04\/2025-04-07_ILV-Fernerkundung_GmbH_Bauma25Muenchen_1-scaled.jpg\" target=\"_blank\">\n\t\t\t\t\t\t\t<img decoding=\"async\" src=\"https:\/\/ilv-fernerkundung.de\/wp-content\/uploads\/elementor\/thumbs\/2025-04-07_ILV-Fernerkundung_GmbH_Bauma25Muenchen_1-scaled-r45i9ymd5hhgso11nml4a76yc21q6yvv24ps4guq9a.jpg\" title=\"2025\u201304-07_ILV-Fernerkundung_GmbH_Bauma25M\u00fcnchen_1\" alt=\"2025-04-07_ILV-Fernerkundung_GmbH_Bauma25M\u00fcnchen_1\" loading=\"lazy\">\t\t\t\t\t\t\t\t<\/a>\n\t\t\t\t\t\t\t\t\t\t\t\t\t\t\t<\/div>\n\t\t\t\t<div class=\"elementor-element elementor-element-3a81ef6 elementor-widget elementor-widget-image\" data-id=\"3a81ef6\" data-element_type=\"widget\" data-e-type=\"widget\" data-widget_type=\"image.default\">\n\t\t\t\t\t\t\t\t\t\t\t\t<figure class=\"wp-caption\">\n\t\t\t\t\t\t\t\t\t\t\t<a href=\"https:\/\/ilv-fernerkundung.de\/wp-content\/uploads\/2025\/04\/2025-04-07_ILV-Fernerkundung_GmbH_Bauma25Muenchen_2a-scaled.jpg\" target=\"_blank\">\n\t\t\t\t\t\t\t<img decoding=\"async\" src=\"https:\/\/ilv-fernerkundung.de\/wp-content\/uploads\/elementor\/thumbs\/2025-04-07_ILV-Fernerkundung_GmbH_Bauma25Muenchen_2a-scaled-rc2xcn6tg4dd7tqsslho51o2g8t4nnw6af7sjggjmu.webp\" title=\"2025\u201304-07_ILV-Fernerkundung_GmbH_Bauma25M\u00fcnchen_2a\" alt=\"2025-04-07_ILV-Fernerkundung_GmbH_Bauma25M\u00fcnchen_2a\" loading=\"lazy\">\t\t\t\t\t\t\t\t<\/a>\n\t\t\t\t\t\t\t\t\t\t\t<figcaption class=\"widget-image-caption wp-caption-text\">ILV au stand du FAB \u00e0 la BAUMA 25<\/figcaption>\n\t\t\t\t\t\t\t\t\t\t<\/figure>\n\t\t\t\t\t\t\t\t\t<\/div>\n\t\t\t\t<div class=\"elementor-element elementor-element-0ec5bba elementor-widget elementor-widget-image-box\" data-id=\"0ec5bba\" data-element_type=\"widget\" data-e-type=\"widget\" data-widget_type=\"image-box.default\">\n\t\t\t\t\t<div class=\"elementor-image-box-wrapper\"><div class=\"elementor-image-box-content\"><h3 class=\"elementor-image-box-title\">02\/2025<\/h3><p class=\"elementor-image-box-description\">L\u2019ex\u00adpo\u00adsi\u00adtion minier Mining Inda\u00adba 2025 au Cap a \u00e9t\u00e9 un grand suc\u00adc\u00e8s pour l\u2019ILV-Fer\u00adner\u00adkun\u00addung GmbH et a \u00e9t\u00e9 mar\u00adqu\u00e9 par de nom\u00adbreux entre\u00adtiens pro\u00adduc\u00adtifs. Elles ont eu lieu non seule\u00adment avec nos par\u00adte\u00adnaires ango\u00adlais et nos col\u00adl\u00e8gues alle\u00admands, mais aus\u00adsi avec des per\u00adsonnes int\u00e9\u00adres\u00ads\u00e9es dans le monde entier. Sur les pho\u00adtos, on peut voir entre autres l\u2019am\u00adbas\u00adsa\u00addeur adjoint d\u2019Al\u00adle\u00admagne en Afrique du Sud, Enri\u00adco Brandt, le Dr Mar\u00adtin Wedig (CEO FAB) ain\u00adsi que des col\u00adl\u00e8gues de la mine \u00e0 ciel ouvert de Luele.<\/p><\/div><\/div>\t\t\t\t<\/div>\n\t\t\t\t<div class=\"elementor-element elementor-element-5550a29 elementor-widget elementor-widget-image\" data-id=\"5550a29\" data-element_type=\"widget\" data-e-type=\"widget\" data-widget_type=\"image.default\">\n\t\t\t\t\t\t\t\t\t\t\t\t\t\t\t\t<a href=\"https:\/\/ilv-fernerkundung.de\/wp-content\/uploads\/2025\/02\/2025-02_MiningIndaba2025_ILV-Fernerkundung_01-scaled.jpg\" target=\"_blank\">\n\t\t\t\t\t\t\t<img decoding=\"async\" src=\"https:\/\/ilv-fernerkundung.de\/wp-content\/uploads\/elementor\/thumbs\/2025-02_MiningIndaba2025_ILV-Fernerkundung_01-scaled-rc2uqa63cv73p2t5st3ytuw7lpwlxja8ndj05gdb5o.webp\" title=\"2025\u201302_MiningIndaba2025_ILV-Fernerkundung_01\" alt=\"2025-02_MiningIndaba2025_ILV-Fernerkundung_01\" loading=\"lazy\">\t\t\t\t\t\t\t\t<\/a>\n\t\t\t\t\t\t\t\t\t\t\t\t\t\t\t<\/div>\n\t\t\t\t<div class=\"elementor-element elementor-element-6f15f53 elementor-widget elementor-widget-image\" data-id=\"6f15f53\" data-element_type=\"widget\" data-e-type=\"widget\" data-widget_type=\"image.default\">\n\t\t\t\t\t\t\t\t\t\t\t\t<figure class=\"wp-caption\">\n\t\t\t\t\t\t\t\t\t\t\t<a href=\"https:\/\/ilv-fernerkundung.de\/wp-content\/uploads\/2025\/02\/2025-02_MiningIndaba2025_ILV-Fernerkundung_02-scaled.jpg\" target=\"_blank\">\n\t\t\t\t\t\t\t<img decoding=\"async\" src=\"https:\/\/ilv-fernerkundung.de\/wp-content\/uploads\/elementor\/thumbs\/2025-02_MiningIndaba2025_ILV-Fernerkundung_02-scaled-r45i5nizttl5l0abt9jocsbwbha5wws5gt2nxt8owo.jpg\" title=\"2025\u201302_MiningIndaba2025_ILV-Fernerkundung_02\" alt=\"2025-02_MiningIndaba2025_ILV-Fernerkundung_02\" loading=\"lazy\">\t\t\t\t\t\t\t\t<\/a>\n\t\t\t\t\t\t\t\t\t\t\t<figcaption class=\"widget-image-caption wp-caption-text\">Le stand de ILV \/ Mibrag-CI au salon  Mining Inda\u00adba 2025<\/figcaption>\n\t\t\t\t\t\t\t\t\t\t<\/figure>\n\t\t\t\t\t\t\t\t\t<\/div>\n\t\t\t\t<div class=\"elementor-element elementor-element-3a45fa4 elementor-widget elementor-widget-image-box\" data-id=\"3a45fa4\" data-element_type=\"widget\" data-e-type=\"widget\" data-widget_type=\"image-box.default\">\n\t\t\t\t\t<div class=\"elementor-image-box-wrapper\"><div class=\"elementor-image-box-content\"><h3 class=\"elementor-image-box-title\">02\/2025<\/h3><p class=\"elementor-image-box-description\">L\u2019exposition mini\u00e8re MINING INDABA, se tien\u00addra du 3 au 6 fevrier 2025 en la ville du Cap. Et nous y serons&nbsp;! Jetez un coup d\u2019\u0153il \u00e0 notre stand<a href=\"https:\/\/mining-indaba.german-pavilion.com\/en\/sites\/exhibitors\/115966\" target=\"_blank\" rel=\"noopener\"><font color=\"red\"> ici<\/font><\/a><font color=\"red\">&nbsp;!<\/font><\/p><\/div><\/div>\t\t\t\t<\/div>\n\t\t\t\t<div class=\"elementor-element elementor-element-cabd7ff elementor-widget elementor-widget-image\" data-id=\"cabd7ff\" data-element_type=\"widget\" data-e-type=\"widget\" data-widget_type=\"image.default\">\n\t\t\t\t\t\t\t\t\t\t\t\t\t\t\t\t<a href=\"https:\/\/filda.german-pavilion.com\/en\/sites\/exhibitors\/105274\" target=\"_blank\" rel=\"noopener\">\n\t\t\t\t\t\t\t<img decoding=\"async\" src=\"https:\/\/ilv-fernerkundung.de\/wp-content\/uploads\/elementor\/thumbs\/banner_mining_indaba-rc31ayx2a17d690apm916mpojlax5rx0uvbjirfh3y.webp\" title alt loading=\"lazy\">\t\t\t\t\t\t\t\t<\/a>\n\t\t\t\t\t\t\t\t\t\t\t\t\t\t\t<\/div>\n\t\t\t\t<div class=\"elementor-element elementor-element-64c5dad elementor-widget elementor-widget-image-box\" data-id=\"64c5dad\" data-element_type=\"widget\" data-e-type=\"widget\" data-widget_type=\"image-box.default\">\n\t\t\t\t\t<div class=\"elementor-image-box-wrapper\"><div class=\"elementor-image-box-content\"><h3 class=\"elementor-image-box-title\">12\/2024<\/h3><p class=\"elementor-image-box-description\">Notre col\u00adl\u00e8gue Dr. Kuria B. Thiong\u2019o par\u00adti\u00adcipe au 5\u00e8me Ger\u00adman-Afri\u00adcan Busi\u00adness Sum\u00admit (GABS)  \u00e0 Nario\u00adbi (Kenya) au nom de l\u2019ILV du 02 au 04 d\u00e9cembre 2024.<\/p><\/div><\/div>\t\t\t\t<\/div>\n\t\t\t\t<div class=\"elementor-element elementor-element-d479352 elementor-widget elementor-widget-image\" data-id=\"d479352\" data-element_type=\"widget\" data-e-type=\"widget\" data-widget_type=\"image.default\">\n\t\t\t\t\t\t\t\t\t\t\t\t<figure class=\"wp-caption\">\n\t\t\t\t\t\t\t\t\t\t\t<a href=\"https:\/\/ilv-fernerkundung.de\/wp-content\/uploads\/2024\/12\/2024-12-04_ILV-Fernerkundung_German-African_Business_Summit_GABS_Nairobi_2.jpeg\" target=\"_blank\">\n\t\t\t\t\t\t\t<img decoding=\"async\" src=\"https:\/\/ilv-fernerkundung.de\/wp-content\/uploads\/elementor\/thumbs\/2024-12-04_ILV-Fernerkundung_German-African_Business_Summit_GABS_Nairobi_2-qy10g1muiiyqal5mjgt4z82bku5rqfvvryr74ew976.jpeg\" title=\"2024\u201312-04_ILV-Fernerkundung_German-African_Business_Summit_GABS_Nairobi_2\" alt=\"2024-12-04_ILV-Fernerkundung_German-African_Business_Summit_GABS_Nairobi_2\" loading=\"lazy\">\t\t\t\t\t\t\t\t<\/a>\n\t\t\t\t\t\t\t\t\t\t\t<figcaption class=\"widget-image-caption wp-caption-text\"><\/figcaption>\n\t\t\t\t\t\t\t\t\t\t<\/figure>\n\t\t\t\t\t\t\t\t\t<\/div>\n\t\t\t\t<div class=\"elementor-element elementor-element-fef389b elementor-widget elementor-widget-image-box\" data-id=\"fef389b\" data-element_type=\"widget\" data-e-type=\"widget\" data-widget_type=\"image-box.default\">\n\t\t\t\t\t<div class=\"elementor-image-box-wrapper\"><div class=\"elementor-image-box-content\"><h3 class=\"elementor-image-box-title\">10\/2024<\/h3><p class=\"elementor-image-box-description\">La conf\u00e9\u00adrence de la SAGA (Sou\u00adthern Afri\u00adcan Geo\u00adphy\u00adsi\u00adcal Asso\u00adcia\u00adtion) \u00e0 Wind\u00adhoek a \u00e9t\u00e9 par\u00adti\u00adcu\u00adli\u00e8\u00adre\u00adment mar\u00adqu\u00e9e par son carac\u00adt\u00e8re sp\u00e9\u00adcia\u00adli\u00ads\u00e9. En col\u00adla\u00adbo\u00adra\u00adtion avec le Dr Edgar Stet\u00adtler d\u2019A\u00adfrique du Sud, l\u2019ILV a pu entrer en contact en Nami\u00adbie avec un grand nombre d\u2019ex\u00adperts mon\u00addiaux, mais aus\u00adsi alle\u00admands, et expli\u00adquer les pro\u00adjets futurs pos\u00adsibles.<\/p><\/div><\/div>\t\t\t\t<\/div>\n\t\t\t\t<div class=\"elementor-element elementor-element-880a634 elementor-widget elementor-widget-image\" data-id=\"880a634\" data-element_type=\"widget\" data-e-type=\"widget\" data-widget_type=\"image.default\">\n\t\t\t\t\t\t\t\t\t\t\t\t\t\t\t\t<a href=\"https:\/\/ilv-fernerkundung.de\/wp-content\/uploads\/2024\/10\/2024-10_ILV-Fernerkundung_SAGA24_Windhoek_1.jpeg\" target=\"_blank\">\n\t\t\t\t\t\t\t<img decoding=\"async\" src=\"https:\/\/ilv-fernerkundung.de\/wp-content\/uploads\/elementor\/thumbs\/2024-10_ILV-Fernerkundung_SAGA24_Windhoek_1-qw0yfo95wissqv5zok3tng0mg1ub18eim8mv4wu0p2.jpeg\" title=\"2024\u201310_ILV-Fernerkundung_SAGA24_Windhoek_1\" alt=\"2024-10_ILV-Fernerkundung_SAGA24_Windhoek_1\" loading=\"lazy\">\t\t\t\t\t\t\t\t<\/a>\n\t\t\t\t\t\t\t\t\t\t\t\t\t\t\t<\/div>\n\t\t\t\t<div class=\"elementor-element elementor-element-c45a52b elementor-widget elementor-widget-image\" data-id=\"c45a52b\" data-element_type=\"widget\" data-e-type=\"widget\" data-widget_type=\"image.default\">\n\t\t\t\t\t\t\t\t\t\t\t\t<figure class=\"wp-caption\">\n\t\t\t\t\t\t\t\t\t\t\t<a href=\"https:\/\/ilv-fernerkundung.de\/wp-content\/uploads\/2024\/10\/2024-10_ILV-Fernerkundung_SAGA24_Windhoek_2-scaled.jpeg\" target=\"_blank\">\n\t\t\t\t\t\t\t<img decoding=\"async\" src=\"https:\/\/ilv-fernerkundung.de\/wp-content\/uploads\/elementor\/thumbs\/2024-10_ILV-Fernerkundung_SAGA24_Windhoek_2-scaled-rc2vhn8yb8nlof2a0mwzeyba5j1a0bwxqt7v3fspvs.webp\" title=\"2024\u201310_ILV-Fernerkundung_SAGA24_Windhoek_2\" alt=\"2024-10_ILV-Fernerkundung_SAGA24_Windhoek_2\" loading=\"lazy\">\t\t\t\t\t\t\t\t<\/a>\n\t\t\t\t\t\t\t\t\t\t\t<figcaption class=\"widget-image-caption wp-caption-text\">Le stand de ILV \/ Mibrag-CI au salon FILDA 2024<\/figcaption>\n\t\t\t\t\t\t\t\t\t\t<\/figure>\n\t\t\t\t\t\t\t\t\t<\/div>\n\t\t\t\t<div class=\"elementor-element elementor-element-6faf855 elementor-widget elementor-widget-image-box\" data-id=\"6faf855\" data-element_type=\"widget\" data-e-type=\"widget\" data-widget_type=\"image-box.default\">\n\t\t\t\t\t<div class=\"elementor-image-box-wrapper\"><div class=\"elementor-image-box-content\"><h3 class=\"elementor-image-box-title\">09\/2024<\/h3><p class=\"elementor-image-box-description\">La pre\u00admi\u00e8re par\u00adti\u00adci\u00adpa\u00adtion de l\u2019ILV au salon MINEx\u00adpo Inter\u00adna\u00adtio\u00adnal de Las Vegas a \u00e9t\u00e9 mar\u00adqu\u00e9e par de nom\u00adbreuses dis\u00adcus\u00adsions pro\u00adduc\u00adtives. Lors de ce salon, Mela\u00adnie Simond du Bal de la presse de Ber\u00adlin ain\u00adsi que Char\u00adlie McKoss en tant que sta\u00adgiaire nous ont accom\u00adpa\u00adgn\u00e9s. Le jour\u00adnal \u00ab&nbsp;Mining Indus\u00adtry News&nbsp;\u00bb a publi\u00e9 un article sur l\u2019ILV.\n<br> Cli\u00adquez <a href=\"https:\/\/ilv-fernerkundung.de\/wp-content\/uploads\/2025\/01\/2024-09_ILV-Fernerkundung_Mining_Industry_News_MINExpo2024_LasVegas_Article-2.pdf\" target=\"_blank\"><font color=\"red\">ici <\/font><\/a><font color=\"red\"><\/font>pour lire l\u2019ar\u00adticle com\u00adplet.<\/p><\/div><\/div>\t\t\t\t<\/div>\n\t\t\t\t<div class=\"elementor-element elementor-element-fbecdaf elementor-widget elementor-widget-image\" data-id=\"fbecdaf\" data-element_type=\"widget\" data-e-type=\"widget\" data-widget_type=\"image.default\">\n\t\t\t\t\t\t\t\t\t\t\t\t<figure class=\"wp-caption\">\n\t\t\t\t\t\t\t\t\t\t\t<a href=\"https:\/\/ilv-fernerkundung.de\/wp-content\/uploads\/2024\/10\/2024-09_ILV-Fernerkundung_MINExpo_Las_Vegas.jpeg\" target=\"_blank\">\n\t\t\t\t\t\t\t<img decoding=\"async\" src=\"https:\/\/ilv-fernerkundung.de\/wp-content\/uploads\/elementor\/thumbs\/2024-09_ILV-Fernerkundung_MINExpo_Las_Vegas-qw0yfnbbporif97cu1p72y95unyxtjasa3zdnmvepg.jpeg\" title=\"2024\u201309_ILV-Fernerkundung_MINExpo_Las_Vegas\" alt=\"2024-09_ILV-Fernerkundung_MINExpo_Las_Vegas\" loading=\"lazy\">\t\t\t\t\t\t\t\t<\/a>\n\t\t\t\t\t\t\t\t\t\t\t<figcaption class=\"widget-image-caption wp-caption-text\">Le stand de ILV \/ Mibrag-CI au salon MINEx\u00adpo 2024<\/figcaption>\n\t\t\t\t\t\t\t\t\t\t<\/figure>\n\t\t\t\t\t\t\t\t\t<\/div>\n\t\t\t\t<div class=\"elementor-element elementor-element-ee7d129 elementor-widget elementor-widget-image-box\" data-id=\"ee7d129\" data-element_type=\"widget\" data-e-type=\"widget\" data-widget_type=\"image-box.default\">\n\t\t\t\t\t<div class=\"elementor-image-box-wrapper\"><div class=\"elementor-image-box-content\"><p class=\"elementor-image-box-description\">L\u2019exposition Inter\u00adgeo 2024 \u00e0 Stutt\u00adgart a \u00e9t\u00e9 un grand suc\u00adc\u00e8s pour ILV. Le stand a \u00e9t\u00e9 bien visi\u00adt\u00e9 et nous avons pu ren\u00adcon\u00adtrer per\u00adson\u00adnel\u00adle\u00adment de nom\u00adbreux par\u00adte\u00adnaires com\u00admer\u00adciaux et amis. Cette fois-ci, notre ami et col\u00adl\u00e8gue de longue date, le Dr Kuria B. Thiong\u2019o du Kenya, nous a accom\u00adpa\u00adgn\u00e9s.<\/p><\/div><\/div>\t\t\t\t<\/div>\n\t\t\t\t<div class=\"elementor-element elementor-element-a0a9b57 elementor-widget elementor-widget-image\" data-id=\"a0a9b57\" data-element_type=\"widget\" data-e-type=\"widget\" data-widget_type=\"image.default\">\n\t\t\t\t\t\t\t\t\t\t\t\t\t\t\t\t<a href=\"https:\/\/ilv-fernerkundung.de\/wp-content\/uploads\/2024\/10\/2024-09_ILV-Fernerkundung_INTERGEO24_1-scaled.jpg\" target=\"_blank\">\n\t\t\t\t\t\t\t<img decoding=\"async\" src=\"https:\/\/ilv-fernerkundung.de\/wp-content\/uploads\/elementor\/thumbs\/2024-09_ILV-Fernerkundung_INTERGEO24_1-scaled-rc2wmsmli4zhxvahqf90kkhqcs7qzb9wqhd3fis9aw.webp\" title=\"2024\u201309_ILV-Fernerkundung_INTERGEO24_1\" alt=\"2024-09_ILV-Fernerkundung_INTERGEO24_1\" loading=\"lazy\">\t\t\t\t\t\t\t\t<\/a>\n\t\t\t\t\t\t\t\t\t\t\t\t\t\t\t<\/div>\n\t\t\t\t<div class=\"elementor-element elementor-element-52f4d56 elementor-widget elementor-widget-image\" data-id=\"52f4d56\" data-element_type=\"widget\" data-e-type=\"widget\" data-widget_type=\"image.default\">\n\t\t\t\t\t\t\t\t\t\t\t\t<figure class=\"wp-caption\">\n\t\t\t\t\t\t\t\t\t\t\t<a href=\"https:\/\/ilv-fernerkundung.de\/wp-content\/uploads\/2024\/10\/2024-09_ILV-Fernerkundung_INTERGEO24_2.jpg\" target=\"_blank\">\n\t\t\t\t\t\t\t<img decoding=\"async\" src=\"https:\/\/ilv-fernerkundung.de\/wp-content\/uploads\/elementor\/thumbs\/2024-09_ILV-Fernerkundung_INTERGEO24_2-rc2whxsm6yc5yecg3boeoslzv45h7lzu2g0s61zk3s.webp\" title=\"2024\u201309_ILV-Fernerkundung_INTERGEO24_2\" alt=\"2024-09_ILV-Fernerkundung_INTERGEO24_2\" loading=\"lazy\">\t\t\t\t\t\t\t\t<\/a>\n\t\t\t\t\t\t\t\t\t\t\t<figcaption class=\"widget-image-caption wp-caption-text\">Le stand de ILV au salon Inter\u00adgeo 2024<\/figcaption>\n\t\t\t\t\t\t\t\t\t\t<\/figure>\n\t\t\t\t\t\t\t\t\t<\/div>\n\t\t\t\t<div class=\"elementor-element elementor-element-ea84d32 elementor-widget elementor-widget-image-box\" data-id=\"ea84d32\" data-element_type=\"widget\" data-e-type=\"widget\" data-widget_type=\"image-box.default\">\n\t\t\t\t\t<div class=\"elementor-image-box-wrapper\"><div class=\"elementor-image-box-content\"><h3 class=\"elementor-image-box-title\">07\/2024<\/h3><p class=\"elementor-image-box-description\">La FILDA 2024 \u00e0 Luan\u00adda a pu \u00eatre cl\u00f4\u00adtu\u00adr\u00e9e avec suc\u00adc\u00e8s par ILV et ses par\u00adte\u00adnaires&nbsp;! L\u2019am\u00adbas\u00adsa\u00addeur alle\u00admand en Ango\u00adla, Dr. Ste\u00adfan Trau\u00admann, et le chef de l\u2019AHK, M. Van\u00addr\u00e9 Spell\u00admeier, ont notam\u00adment visi\u00adt\u00e9 le stand de l\u2019ILV\/MCI. Voi\u00adci quelques impres\u00adsions du salon&nbsp;:<\/p><\/div><\/div>\t\t\t\t<\/div>\n\t\t\t\t<div class=\"elementor-element elementor-element-e476659 elementor-widget elementor-widget-image\" data-id=\"e476659\" data-element_type=\"widget\" data-e-type=\"widget\" data-widget_type=\"image.default\">\n\t\t\t\t\t\t\t\t\t\t\t\t\t\t\t\t<a href=\"https:\/\/ilv-fernerkundung.de\/wp-content\/uploads\/2024\/08\/2024-08-05_ILV-Website_FILDA_01_ja.jpg\" target=\"_blank\">\n\t\t\t\t\t\t\t<img decoding=\"async\" src=\"https:\/\/ilv-fernerkundung.de\/wp-content\/uploads\/elementor\/thumbs\/2024-08-05_ILV-Website_FILDA_01_ja-qsamhyvx3nn531zhn3hj8vutf1jw9jgomelg99azki.jpg\" title=\"2024\u201308-05_ILV-Website_FILDA_01_ja\" alt=\"2024-08-05_ILV-Website_FILDA_01_ja\" loading=\"lazy\">\t\t\t\t\t\t\t\t<\/a>\n\t\t\t\t\t\t\t\t\t\t\t\t\t\t\t<\/div>\n\t\t\t\t<div class=\"elementor-element elementor-element-567611f elementor-widget elementor-widget-image\" data-id=\"567611f\" data-element_type=\"widget\" data-e-type=\"widget\" data-widget_type=\"image.default\">\n\t\t\t\t\t\t\t\t\t\t\t\t<figure class=\"wp-caption\">\n\t\t\t\t\t\t\t\t\t\t\t<a href=\"https:\/\/ilv-fernerkundung.de\/wp-content\/uploads\/2024\/08\/2024-08-05_ILV-Website_FILDA_02_ja-scaled.jpg\" target=\"_blank\">\n\t\t\t\t\t\t\t<img decoding=\"async\" src=\"https:\/\/ilv-fernerkundung.de\/wp-content\/uploads\/elementor\/thumbs\/2024-08-05_ILV-Website_FILDA_02_ja-scaled-rc2wnjvx0c0tak6wb9172vm3kyhe6ja4i8a6cjnupg.webp\" title=\"2024\u201308-05_ILV-Website_FILDA_02_ja\" alt=\"2024-08-05_ILV-Website_FILDA_02_ja\" loading=\"lazy\">\t\t\t\t\t\t\t\t<\/a>\n\t\t\t\t\t\t\t\t\t\t\t<figcaption class=\"widget-image-caption wp-caption-text\">Le stand de ILV \/ Mibrag-CI au salon FILDA 2024<\/figcaption>\n\t\t\t\t\t\t\t\t\t\t<\/figure>\n\t\t\t\t\t\t\t\t\t<\/div>\n\t\t\t\t<div class=\"elementor-element elementor-element-a43fd73 elementor-widget elementor-widget-image-box\" data-id=\"a43fd73\" data-element_type=\"widget\" data-e-type=\"widget\" data-widget_type=\"image-box.default\">\n\t\t\t\t\t<div class=\"elementor-image-box-wrapper\"><div class=\"elementor-image-box-content\"><h3 class=\"elementor-image-box-title\">10\/2024<\/h3><p class=\"elementor-image-box-description\">L\u2019exposition e la g\u00e9o\u00adphy\u00adsique SAGA2024 aura lieu du 1er au 4 octobre 2025 \u00e0 Wind\u00adhoek. Et nous y serons&nbsp;! Jetez un coup d\u2019\u0153il \u00e0 notre stand<a href=\"https:\/\/sagaconference.co.za\/\" target=\"_blank\" rel=\"noopener\"><font color=\"red\"> ici<\/font><\/a><font color=\"red\">&nbsp;!<\/font><\/p><\/div><\/div>\t\t\t\t<\/div>\n\t\t\t\t<div class=\"elementor-element elementor-element-535a50b elementor-widget elementor-widget-image\" data-id=\"535a50b\" data-element_type=\"widget\" data-e-type=\"widget\" data-widget_type=\"image.default\">\n\t\t\t\t\t\t\t\t\t\t\t\t\t\t\t\t<a href=\"https:\/\/sagaconference.co.za\/\" target=\"_blank\" rel=\"noopener\">\n\t\t\t\t\t\t\t<img decoding=\"async\" src=\"https:\/\/ilv-fernerkundung.de\/wp-content\/uploads\/elementor\/thumbs\/SAGA2024_Signatur_Werbung_exhibitor-rc2x62bhlvd3y3av7r3oopfwr58mrxrtdutflq7p9o.webp\" title=\"SAGA2024_Signatur_Werbung_exhibitor\" alt=\"SAGA2024_Signatur_Werbung_exhibitor\" loading=\"lazy\">\t\t\t\t\t\t\t\t<\/a>\n\t\t\t\t\t\t\t\t\t\t\t\t\t\t\t<\/div>\n\t\t\t\t<div class=\"elementor-element elementor-element-5b9d933 elementor-widget elementor-widget-image-box\" data-id=\"5b9d933\" data-element_type=\"widget\" data-e-type=\"widget\" data-widget_type=\"image-box.default\">\n\t\t\t\t\t<div class=\"elementor-image-box-wrapper\"><div class=\"elementor-image-box-content\"><h3 class=\"elementor-image-box-title\">09\/2024<\/h3><p class=\"elementor-image-box-description\">L\u2019exposition INTERGEO 2024 aura lieu du 24 au 26 sep\u00adtembre 2024 \u00e0 Stutt\u00adgart. Nous nous r\u00e9jouis\u00adsons de votre visite sur notre stand L1.053 dans le hall 1 <a><font color=\"red\"> ici<\/font><\/a><font color=\"red\">&nbsp;!<\/font><\/p><\/div><\/div>\t\t\t\t<\/div>\n\t\t\t\t<div class=\"elementor-element elementor-element-05587c2 elementor-widget elementor-widget-image\" data-id=\"05587c2\" data-element_type=\"widget\" data-e-type=\"widget\" data-widget_type=\"image.default\">\n\t\t\t\t\t\t\t\t\t\t\t\t\t\t\t\t<a href=\"https:\/\/www.intergeo.de\/de\/\" target=\"_blank\" rel=\"noopener\">\n\t\t\t\t\t\t\t<img decoding=\"async\" src=\"https:\/\/ilv-fernerkundung.de\/wp-content\/uploads\/elementor\/thumbs\/INTERGEO_Banner-rc2xp6dcklj00njfm0ildvtbl71badnc0gcuw9vido.webp\" title alt loading=\"lazy\">\t\t\t\t\t\t\t\t<\/a>\n\t\t\t\t\t\t\t\t\t\t\t\t\t\t\t<\/div>\n\t\t\t\t<div class=\"elementor-element elementor-element-0aac225 elementor-widget elementor-widget-image-box\" data-id=\"0aac225\" data-element_type=\"widget\" data-e-type=\"widget\" data-widget_type=\"image-box.default\">\n\t\t\t\t\t<div class=\"elementor-image-box-wrapper\"><div class=\"elementor-image-box-content\"><p class=\"elementor-image-box-description\">L\u2019exposition mini\u00e8re MINEx\u00adpo Inter\u00adna\u00adtio\u00adnal, se tien\u00addra du 24 au 26 sep\u00adtembre 2024 \u00e0 Las Vegas. Et nous y serons&nbsp;! Jetez un coup d\u2019\u0153il \u00e0 notre stand<a><font color=\"red\"> ici<\/font><\/a><font color=\"red\">&nbsp;!<\/font><\/p><\/div><\/div>\t\t\t\t<\/div>\n\t\t\t\t<div class=\"elementor-element elementor-element-dfe09c2 elementor-widget elementor-widget-image\" data-id=\"dfe09c2\" data-element_type=\"widget\" data-e-type=\"widget\" data-widget_type=\"image.default\">\n\t\t\t\t\t\t\t\t\t\t\t\t\t\t\t\t<a href=\"https:\/\/minexpo.german-pavilion.com\/en\/sites\/exhibitors\/103177\" target=\"_blank\" rel=\"noopener\">\n\t\t\t\t\t\t\t<img decoding=\"async\" src=\"https:\/\/ilv-fernerkundung.de\/wp-content\/uploads\/elementor\/thumbs\/banner_mining_indaba-rc31ayx2a17d690apm916mpojlax5rx0uvbjirfh3y.webp\" title alt loading=\"lazy\">\t\t\t\t\t\t\t\t<\/a>\n\t\t\t\t\t\t\t\t\t\t\t\t\t\t\t<\/div>\n\t\t\t\t<div class=\"elementor-element elementor-element-835de06 elementor-widget elementor-widget-image-box\" data-id=\"835de06\" data-element_type=\"widget\" data-e-type=\"widget\" data-widget_type=\"image-box.default\">\n\t\t\t\t\t<div class=\"elementor-image-box-wrapper\"><div class=\"elementor-image-box-content\"><h3 class=\"elementor-image-box-title\">07\/2024<\/h3><p class=\"elementor-image-box-description\">L\u2019exposition ango\u00adlais le plus impor\u00adtant, FILDA, se tien\u00addra du 23 au 28 juillet 2024 \u00e0 Luan\u00adda. Et nous y serons&nbsp;! Jetez un coup d\u2019\u0153il \u00e0 notre stand<a href=\"https:\/\/filda.german-pavilion.com\/en\/sites\/exhibitors\/105274\" target=\"_blank\" rel=\"noopener\"><font color=\"red\"> ici<\/font><\/a><font color=\"red\">&nbsp;!<\/font><\/p><\/div><\/div>\t\t\t\t<\/div>\n\t\t\t\t<div class=\"elementor-element elementor-element-4ae8174 elementor-widget elementor-widget-image\" data-id=\"4ae8174\" data-element_type=\"widget\" data-e-type=\"widget\" data-widget_type=\"image.default\">\n\t\t\t\t\t\t\t\t\t\t\t\t\t\t\t\t<a href=\"https:\/\/filda.german-pavilion.com\/en\/sites\/exhibitors\/105274\" target=\"_blank\" rel=\"noopener\">\n\t\t\t\t\t\t\t<img decoding=\"async\" src=\"https:\/\/ilv-fernerkundung.de\/wp-content\/uploads\/elementor\/thumbs\/banner_mining_indaba-rc31ayx2a17d690apm916mpojlax5rx0uvbjirfh3y.webp\" title alt loading=\"lazy\">\t\t\t\t\t\t\t\t<\/a>\n\t\t\t\t\t\t\t\t\t\t\t\t\t\t\t<\/div>\n\t\t\t\t<div class=\"elementor-element elementor-element-2bfe398 elementor-widget elementor-widget-image-box\" data-id=\"2bfe398\" data-element_type=\"widget\" data-e-type=\"widget\" data-widget_type=\"image-box.default\">\n\t\t\t\t\t<div class=\"elementor-image-box-wrapper\"><div class=\"elementor-image-box-content\"><h3 class=\"elementor-image-box-title\">02\/2024<\/h3><p class=\"elementor-image-box-description\">ILV \/ MIBRAG-CI se pr\u00e9\u00adsente sur le salon Mining Inda\u00adba 2024 \u00e0 Cape Town&nbsp;!<\/p><\/div><\/div>\t\t\t\t<\/div>\n\t\t\t\t<div class=\"elementor-element elementor-element-c37386c elementor-widget elementor-widget-image\" data-id=\"c37386c\" data-element_type=\"widget\" data-e-type=\"widget\" data-widget_type=\"image.default\">\n\t\t\t\t\t\t\t\t\t\t\t\t\t\t\t\t<a href=\"https:\/\/ilv-fernerkundung.de\/wp-content\/uploads\/2024\/02\/1000010559-rotated.jpg\" target=\"_blank\">\n\t\t\t\t\t\t\t<img decoding=\"async\" src=\"https:\/\/ilv-fernerkundung.de\/wp-content\/uploads\/elementor\/thumbs\/1000010559-rotated-rc2y5jq5lpxs85rd0l9ob93c1scgcln19heasrlp9w.webp\" title=\"1000010559\" alt=\"1000010559\" loading=\"lazy\">\t\t\t\t\t\t\t\t<\/a>\n\t\t\t\t\t\t\t\t\t\t\t\t\t\t\t<\/div>\n\t\t\t\t<div class=\"elementor-element elementor-element-4d15427 elementor-widget elementor-widget-image\" data-id=\"4d15427\" data-element_type=\"widget\" data-e-type=\"widget\" data-widget_type=\"image.default\">\n\t\t\t\t\t\t\t\t\t\t\t\t<figure class=\"wp-caption\">\n\t\t\t\t\t\t\t\t\t\t\t<a href=\"https:\/\/ilv-fernerkundung.de\/wp-content\/uploads\/2024\/02\/1000010558-rotated.jpg\" target=\"_blank\">\n\t\t\t\t\t\t\t<img decoding=\"async\" src=\"https:\/\/ilv-fernerkundung.de\/wp-content\/uploads\/elementor\/thumbs\/1000010558-rotated-qjf0u0tok3nzombsrnudkb33922xnvib77sujfmhpw.jpg\" title=\"1000010558\" alt=\"1000010558\" loading=\"lazy\">\t\t\t\t\t\t\t\t<\/a>\n\t\t\t\t\t\t\t\t\t\t\t<figcaption class=\"widget-image-caption wp-caption-text\">le stand de ILV \/ Mibrag-CI au salon  Mining Inda\u00adba 2024<\/figcaption>\n\t\t\t\t\t\t\t\t\t\t<\/figure>\n\t\t\t\t\t\t\t\t\t<\/div>\n\t\t\t\t<div class=\"elementor-element elementor-element-21c8d13 elementor-widget elementor-widget-image-box\" data-id=\"21c8d13\" data-element_type=\"widget\" data-e-type=\"widget\" data-widget_type=\"image-box.default\">\n\t\t\t\t\t<div class=\"elementor-image-box-wrapper\"><div class=\"elementor-image-box-content\"><h3 class=\"elementor-image-box-title\">11\/2023<\/h3><p class=\"elementor-image-box-description\">Visite de la d\u00e9l\u00e9\u00adga\u00adtion mini\u00e8re ango\u00adlaise \u00e0 ILV-MIBRAG.<\/p><\/div><\/div>\t\t\t\t<\/div>\n\t\t\t\t<div class=\"elementor-element elementor-element-93937e5 elementor-widget elementor-widget-image\" data-id=\"93937e5\" data-element_type=\"widget\" data-e-type=\"widget\" data-widget_type=\"image.default\">\n\t\t\t\t\t\t\t\t\t\t\t\t<figure class=\"wp-caption\">\n\t\t\t\t\t\t\t\t\t\t\t<a href=\"https:\/\/ilv-fernerkundung.de\/wp-content\/uploads\/2023\/11\/Foto-Betriebsratsversammlung-MIBRAG-23-1.jpg\" target=\"_blank\">\n\t\t\t\t\t\t\t<img decoding=\"async\" src=\"https:\/\/ilv-fernerkundung.de\/wp-content\/uploads\/elementor\/thumbs\/Foto-Betriebsratsversammlung-MIBRAG-23-1-qfqb98i38gi9shg2uc0w7l6srymv9n2fdykz0d1l4k.jpg\" title=\"Foto Betriebsratsversammlung MIBRAG 23 1\" alt=\"Foto Betriebsratsversammlung MIBRAG 23 1\" loading=\"lazy\">\t\t\t\t\t\t\t\t<\/a>\n\t\t\t\t\t\t\t\t\t\t\t<figcaption class=\"widget-image-caption wp-caption-text\">Pho\u00adto de groupe avec le ministre-pr\u00e9\u00adsident Michael Kret\u00adsch\u00admer, le direc\u00adteur g\u00e9n\u00e9\u00adral de MIBRAG Dr. Armin Eich\u00adholz et le pr\u00e9\u00adsident du conseil d\u2019en\u00adtre\u00adprise Mat\u00adthias Lin\u00addig.<\/figcaption>\n\t\t\t\t\t\t\t\t\t\t<\/figure>\n\t\t\t\t\t\t\t\t\t<\/div>\n\t\t\t\t<div class=\"elementor-element elementor-element-1bd9b84 elementor-widget elementor-widget-image-box\" data-id=\"1bd9b84\" data-element_type=\"widget\" data-e-type=\"widget\" data-widget_type=\"image-box.default\">\n\t\t\t\t\t<div class=\"elementor-image-box-wrapper\"><div class=\"elementor-image-box-content\"><h3 class=\"elementor-image-box-title\">10\/2023<\/h3><p class=\"elementor-image-box-description\">L\u2019In\u00adter\u00adgeo 2023 \u00e0 Ber\u00adlin a \u00e9t\u00e9 un grand suc\u00adc\u00e8s pour ILV. Le stand a \u00e9t\u00e9 bien visi\u00adt\u00e9 et nous atten\u00addons l\u2019an\u00adn\u00e9e pro\u00adchaine avec impa\u00adtience&nbsp;!<\/p><\/div><\/div>\t\t\t\t<\/div>\n\t\t\t\t<div class=\"elementor-element elementor-element-abdd102 elementor-widget elementor-widget-image\" data-id=\"abdd102\" data-element_type=\"widget\" data-e-type=\"widget\" data-widget_type=\"image.default\">\n\t\t\t\t\t\t\t\t\t\t\t\t<figure class=\"wp-caption\">\n\t\t\t\t\t\t\t\t\t\t\t<a href=\"https:\/\/ilv-fernerkundung.de\/wp-content\/uploads\/2023\/11\/DSC_2056-scaled.jpg\" target=\"_blank\">\n\t\t\t\t\t\t\t<img decoding=\"async\" src=\"https:\/\/ilv-fernerkundung.de\/wp-content\/uploads\/elementor\/thumbs\/DSC_2056-scaled-rc2yquqgij3rdyt8lst8tvjgs7bytm806xqiek0ftu.webp\" title=\"DSC_2056\" alt=\"DSC_2056\" loading=\"lazy\">\t\t\t\t\t\t\t\t<\/a>\n\t\t\t\t\t\t\t\t\t\t\t<figcaption class=\"widget-image-caption wp-caption-text\">Le stand de l\u2019ILV au salon Inter\u00adgeo 2023<\/figcaption>\n\t\t\t\t\t\t\t\t\t\t<\/figure>\n\t\t\t\t\t\t\t\t\t<\/div>\n\t\t\t\t<div class=\"elementor-element elementor-element-cd52926 elementor-widget elementor-widget-image-box\" data-id=\"cd52926\" data-element_type=\"widget\" data-e-type=\"widget\" data-widget_type=\"image-box.default\">\n\t\t\t\t\t<div class=\"elementor-image-box-wrapper\"><div class=\"elementor-image-box-content\"><h3 class=\"elementor-image-box-title\">06\/2023<\/h3><p class=\"elementor-image-box-description\">Un bref article sur le pro\u00adjet d\u2019ex\u00adpa\u00adtria\u00adtion de l\u2019ILV en Ango\u00adla. Cli\u00adquez sur l\u2019i\u00admage pour acc\u00e9\u00adder \u00e0 l\u2019ar\u00adticle com\u00adplet&nbsp;!<\/p><\/div><\/div>\t\t\t\t<\/div>\n\t\t\t\t<div class=\"elementor-element elementor-element-ee491bc elementor-widget elementor-widget-image\" data-id=\"ee491bc\" data-element_type=\"widget\" data-e-type=\"widget\" data-widget_type=\"image.default\">\n\t\t\t\t\t\t\t\t\t\t\t\t<figure class=\"wp-caption\">\n\t\t\t\t\t\t\t\t\t\t\t<a href=\"https:\/\/ilv-fernerkundung.de\/wp-content\/uploads\/2023\/06\/2023-3-02-Beitrag-website_Angola-Ministerbesuch_dt-port-1.pdf\" target=\"_blank\">\n\t\t\t\t\t\t\t<img decoding=\"async\" src=\"https:\/\/ilv-fernerkundung.de\/wp-content\/uploads\/elementor\/thumbs\/2023-06-08_Bild_Inetseite-q7whgdp29acxqdsdmi8mxv554rr5w8fezz0fzj5w24.jpg\" title=\"2023\u201306-08_Bild_Inetseite\" alt=\"2023-06-08_Bild_Inetseite\" loading=\"lazy\">\t\t\t\t\t\t\t\t<\/a>\n\t\t\t\t\t\t\t\t\t\t\t<figcaption class=\"widget-image-caption wp-caption-text\">Pho\u00adto&nbsp;: Dr Aze\u00advo\u00addo (au centre), ing\u00e9\u00adnieur dipl\u00f4\u00adm\u00e9 Mar\u00adtin Wag\u00adner (\u00e0 droite)<\/figcaption>\n\t\t\t\t\t\t\t\t\t\t<\/figure>\n\t\t\t\t\t\t\t\t\t<\/div>\n\t\t\t\t<div class=\"elementor-element elementor-element-f72ba1d elementor-widget elementor-widget-image-box\" data-id=\"f72ba1d\" data-element_type=\"widget\" data-e-type=\"widget\" data-widget_type=\"image-box.default\">\n\t\t\t\t\t<div class=\"elementor-image-box-wrapper\"><div class=\"elementor-image-box-content\"><h3 class=\"elementor-image-box-title\">05\/2023<\/h3><p class=\"elementor-image-box-description\">Dans l\u2019\u00e9\u00addi\u00adtion actuelle du maga\u00adzine th\u00e9\u00adma\u00adtique num\u00e9\u00adro 2|2023 \u00ab&nbsp;Ges\u00adtion de crise et trans\u00adfor\u00adma\u00adtion&nbsp;\u00bb, ILV apporte une contri\u00adbu\u00adtion au th\u00e8me de l\u2019\u00e9\u00adco\u00adno\u00admie.\n<br> Cli\u00adquez <a href=\"https:\/\/ilv-fernerkundung.de\/wp-content\/uploads\/2023\/05\/S.-22-ILV-Martin-Wagner_Hochaufloesende-Luftbilder-und-praezise-Tagebauvermessung.pdf\" target=\"_blank\"><font color=\"red\">ici <\/font><\/a><font color=\"red\"><\/font>pour lire l\u2019ar\u00adticle com\u00adplet.<\/p><\/div><\/div>\t\t\t\t<\/div>\n\t\t\t\t<div class=\"elementor-element elementor-element-41a1e70 elementor-widget elementor-widget-image\" data-id=\"41a1e70\" data-element_type=\"widget\" data-e-type=\"widget\" data-widget_type=\"image.default\">\n\t\t\t\t\t\t\t\t\t\t\t\t<figure class=\"wp-caption\">\n\t\t\t\t\t\t\t\t\t\t\t<a href=\"https:\/\/ilv-fernerkundung.de\/wp-content\/uploads\/2023\/05\/MAGAZIN.jpg\" target=\"_blank\">\n\t\t\t\t\t\t\t<img decoding=\"async\" src=\"https:\/\/ilv-fernerkundung.de\/wp-content\/uploads\/elementor\/thumbs\/MAGAZIN-q69dkgitxpd65p9aq1g1oliskeqdyg649riahok716.jpg\" title=\"MAGAZIN\" alt=\"MAGAZIN\" loading=\"lazy\">\t\t\t\t\t\t\t\t<\/a>\n\t\t\t\t\t\t\t\t\t\t\t<figcaption class=\"widget-image-caption wp-caption-text\"><\/figcaption>\n\t\t\t\t\t\t\t\t\t\t<\/figure>\n\t\t\t\t\t\t\t\t\t<\/div>\n\t\t\t\t<div class=\"elementor-element elementor-element-1d4e4f5 elementor-widget elementor-widget-image-box\" data-id=\"1d4e4f5\" data-element_type=\"widget\" data-e-type=\"widget\" data-widget_type=\"image-box.default\">\n\t\t\t\t\t<div class=\"elementor-image-box-wrapper\"><div class=\"elementor-image-box-content\"><h3 class=\"elementor-image-box-title\">02\/2023<\/h3><p class=\"elementor-image-box-description\">ILV a ter\u00admi\u00adn\u00e9 avec suc\u00adc\u00e8s le salon Mining Inda\u00adba \u00e0 Cape Town&nbsp;!<a href=\"http:\/\/cdn.creamermedia.com\/e-magazines\/engineering-news\/EngineeringNewsandMiningWeeklyon03February2023\/index.html\" target=\"_blank\" rel=\"noopener\"><font color=\"red\"> Ici vous trou\u00adve\u00adrez le lien vers le maga\u00adzine de la foire<\/font><\/a><font color=\"red\">&nbsp;!<\/font><\/p><\/div><\/div>\t\t\t\t<\/div>\n\t\t\t\t<div class=\"elementor-element elementor-element-876ca8b elementor-widget elementor-widget-image\" data-id=\"876ca8b\" data-element_type=\"widget\" data-e-type=\"widget\" data-widget_type=\"image.default\">\n\t\t\t\t\t\t\t\t\t\t\t\t\t\t\t\t<a href=\"https:\/\/ilv-fernerkundung.de\/wp-content\/uploads\/2023\/02\/IMG_20230206_154241_resized_20230213_075721822-scaled.jpg\" target=\"_blank\">\n\t\t\t\t\t\t\t<img decoding=\"async\" src=\"https:\/\/ilv-fernerkundung.de\/wp-content\/uploads\/elementor\/thumbs\/IMG_20230206_154241_resized_20230213_075721822-scaled-rc30qpiaylguwuft0uyjfqrzkl638nhbel2r41h0l0.webp\" title=\"IMG_20230206_154241_resized_20230213_075721822\" alt=\"IMG_20230206_154241_resized_20230213_075721822\" loading=\"lazy\">\t\t\t\t\t\t\t\t<\/a>\n\t\t\t\t\t\t\t\t\t\t\t\t\t\t\t<\/div>\n\t\t\t\t<div class=\"elementor-element elementor-element-f5c7301 elementor-widget elementor-widget-image\" data-id=\"f5c7301\" data-element_type=\"widget\" data-e-type=\"widget\" data-widget_type=\"image.default\">\n\t\t\t\t\t\t\t\t\t\t\t\t<figure class=\"wp-caption\">\n\t\t\t\t\t\t\t\t\t\t\t<a href=\"https:\/\/ilv-fernerkundung.de\/wp-content\/uploads\/2023\/02\/IMG_20230206_153134_resized_20230213_075722278-scaled.jpg\" target=\"_blank\">\n\t\t\t\t\t\t\t<img decoding=\"async\" src=\"https:\/\/ilv-fernerkundung.de\/wp-content\/uploads\/elementor\/thumbs\/IMG_20230206_153134_resized_20230213_075722278-scaled-rc30ielmla3ocuhzi9r6eu7eo23d8wio9hmci1s8sy.webp\" title=\"IMG_20230206_153134_resized_20230213_075722278\" alt=\"IMG_20230206_153134_resized_20230213_075722278\" loading=\"lazy\">\t\t\t\t\t\t\t\t<\/a>\n\t\t\t\t\t\t\t\t\t\t\t<figcaption class=\"widget-image-caption wp-caption-text\">Le stand du \u00ab&nbsp;Pavillon alle\u00admand&nbsp;\u00bb au salon Mining Inda\u00adba 2023<\/figcaption>\n\t\t\t\t\t\t\t\t\t\t<\/figure>\n\t\t\t\t\t\t\t\t\t<\/div>\n\t\t\t\t<div class=\"elementor-element elementor-element-b775ac6 elementor-widget elementor-widget-image-box\" data-id=\"b775ac6\" data-element_type=\"widget\" data-e-type=\"widget\" data-widget_type=\"image-box.default\">\n\t\t\t\t\t<div class=\"elementor-image-box-wrapper\"><div class=\"elementor-image-box-content\"><p class=\"elementor-image-box-description\">La r\u00e9union annuelle de la DGPF \u00e0 Munich avec l\u2019ex\u00adpo\u00adsi\u00adtion des entre\u00adprises aura lieu du 22 mars au 23 mars 2023. Venez nous rendre visite sur notre stand dans l\u2019ex\u00adpo\u00adsi\u00adtion des entre\u00adprises&nbsp;!<\/p><\/div><\/div>\t\t\t\t<\/div>\n\t\t\t\t<div class=\"elementor-element elementor-element-b6dff8f elementor-widget elementor-widget-image\" data-id=\"b6dff8f\" data-element_type=\"widget\" data-e-type=\"widget\" data-widget_type=\"image.default\">\n\t\t\t\t\t\t\t\t\t\t\t\t\t\t\t\t<a href=\"https:\/\/dgpf.de\/con\/jt2023.html\" target=\"_blank\" rel=\"noopener\">\n\t\t\t\t\t\t\t<img decoding=\"async\" src=\"https:\/\/ilv-fernerkundung.de\/wp-content\/uploads\/elementor\/thumbs\/Skyline_Munich_mit_Logos-rc3182kz7f8jdj7umv5fzv1iltl6fdetgiwn91q6g6.webp\" title=\"Skyline_Munich_mit_Logos\" alt=\"Skyline_Munich_mit_Logos\" loading=\"lazy\">\t\t\t\t\t\t\t\t<\/a>\n\t\t\t\t\t\t\t\t\t\t\t\t\t\t\t<\/div>\n\t\t\t\t<div class=\"elementor-element elementor-element-a80a1fa elementor-widget elementor-widget-image-box\" data-id=\"a80a1fa\" data-element_type=\"widget\" data-e-type=\"widget\" data-widget_type=\"image-box.default\">\n\t\t\t\t\t<div class=\"elementor-image-box-wrapper\"><div class=\"elementor-image-box-content\"><p class=\"elementor-image-box-description\">La expo\u00adsi\u00adtion mini\u00e8re PDAC, se tien\u00addra du 5 au 8 mars 2023 en Toron\u00adto. Et nous y serons&nbsp;! Jetez un coup d\u2019\u0153il \u00e0 notre stand<a href=\"https:\/\/pdac.german-pavilion.com\/en\/exhibitors\/96473\/\" target=\"_blank\" rel=\"noopener\"><font color=\"red\"> ici<\/font><\/a><font color=\"red\">&nbsp;!<\/font><\/p><\/div><\/div>\t\t\t\t<\/div>\n\t\t\t\t<div class=\"elementor-element elementor-element-1c2e74f elementor-widget elementor-widget-image\" data-id=\"1c2e74f\" data-element_type=\"widget\" data-e-type=\"widget\" data-widget_type=\"image.default\">\n\t\t\t\t\t\t\t\t\t\t\t\t\t\t\t\t<a href=\"https:\/\/pdac.german-pavilion.com\/en\/home\/\" target=\"_blank\" rel=\"noopener\">\n\t\t\t\t\t\t\t<img decoding=\"async\" src=\"https:\/\/ilv-fernerkundung.de\/wp-content\/uploads\/elementor\/thumbs\/banner_mining_indaba-rc31ayx2a17d690apm916mpojlax5rx0uvbjirfh3y.webp\" title alt loading=\"lazy\">\t\t\t\t\t\t\t\t<\/a>\n\t\t\t\t\t\t\t\t\t\t\t\t\t\t\t<\/div>\n\t\t\t\t<div class=\"elementor-element elementor-element-22cff8a elementor-widget elementor-widget-image-box\" data-id=\"22cff8a\" data-element_type=\"widget\" data-e-type=\"widget\" data-widget_type=\"image-box.default\">\n\t\t\t\t\t<div class=\"elementor-image-box-wrapper\"><div class=\"elementor-image-box-content\"><p class=\"elementor-image-box-description\">La expo\u00adsi\u00adtion mini\u00e8re MINING INDABA, se tien\u00addra du 6 au 9 fevrier 2023 en la ville du Cap. Et nous y serons&nbsp;! Jetez un coup d\u2019\u0153il \u00e0 notre stand<a href=\"https:\/\/mining-indaba.german-pavilion.com\/en\/exhibitors\/96435\/\" target=\"_blank\" rel=\"noopener\"><font color=\"red\"> ici<\/font><\/a><font color=\"red\">&nbsp;!<\/font><\/p><\/div><\/div>\t\t\t\t<\/div>\n\t\t\t\t<div class=\"elementor-element elementor-element-4bb9260 elementor-widget elementor-widget-image\" data-id=\"4bb9260\" data-element_type=\"widget\" data-e-type=\"widget\" data-widget_type=\"image.default\">\n\t\t\t\t\t\t\t\t\t\t\t\t\t\t\t\t<a href=\"https:\/\/mining-indaba.german-pavilion.com\/en\/exhibitors\/96435\/\" target=\"_blank\" rel=\"noopener\">\n\t\t\t\t\t\t\t<img decoding=\"async\" src=\"https:\/\/ilv-fernerkundung.de\/wp-content\/uploads\/elementor\/thumbs\/banner_mining_indaba-rc31ayx2a17d690apm916mpojlax5rx0uvbjirfh3y.webp\" title alt loading=\"lazy\">\t\t\t\t\t\t\t\t<\/a>\n\t\t\t\t\t\t\t\t\t\t\t\t\t\t\t<\/div>\n\t\t\t\t<div class=\"elementor-element elementor-element-026a15e elementor-widget elementor-widget-image-box\" data-id=\"026a15e\" data-element_type=\"widget\" data-e-type=\"widget\" data-widget_type=\"image-box.default\">\n\t\t\t\t\t<div class=\"elementor-image-box-wrapper\"><div class=\"elementor-image-box-content\"><h3 class=\"elementor-image-box-title\">10\/2022<\/h3><p class=\"elementor-image-box-description\">L\u2019ex\u00adpo\u00adsi\u00adtion \u00ab&nbsp;inter\u00adgeo&nbsp;\u00bb 2022 a lieu du 18 au 20 octobre \u00e0 Essen. Nous sommes heu\u00adreux d\u2019an\u00adnon\u00adcer notre par\u00adti\u00adci\u00adpa\u00adtion cette ann\u00e9e encore. Vous pou\u00advez nous trou\u00adver dans le hall 3 au stand A3.098. Visi\u00adtez-nous&nbsp;!<\/p><\/div><\/div>\t\t\t\t<\/div>\n\t\t\t\t<div class=\"elementor-element elementor-element-ba475e9 elementor-widget elementor-widget-image\" data-id=\"ba475e9\" data-element_type=\"widget\" data-e-type=\"widget\" data-widget_type=\"image.default\">\n\t\t\t\t\t\t\t\t\t\t\t\t<figure class=\"wp-caption\">\n\t\t\t\t\t\t\t\t\t\t\t<a href=\"https:\/\/ilv-fernerkundung.de\/wp-content\/uploads\/2022\/10\/2022_Intergeo_ILV-Standfoto.jpg\" target=\"_blank\">\n\t\t\t\t\t\t\t<img decoding=\"async\" src=\"https:\/\/ilv-fernerkundung.de\/wp-content\/uploads\/elementor\/thumbs\/2022_Intergeo_ILV-Standfoto-scaled-rc31pn6cyxaif3oz0yld3xeqe4z7bo667hyf89o8wy.webp\" title=\"2022_Intergeo_ILV-Standfoto\" alt=\"2022_Intergeo_ILV-Standfoto\" loading=\"lazy\">\t\t\t\t\t\t\t\t<\/a>\n\t\t\t\t\t\t\t\t\t\t\t<figcaption class=\"widget-image-caption wp-caption-text\">Le stand de ILV d\u2019ex\u00adpo\u00adsi\u00adtion Inter\u00adgeo 2022<\/figcaption>\n\t\t\t\t\t\t\t\t\t\t<\/figure>\n\t\t\t\t\t\t\t\t\t<\/div>\n\t\t\t\t<div class=\"elementor-element elementor-element-a495fe7 elementor-widget elementor-widget-image-box\" data-id=\"a495fe7\" data-element_type=\"widget\" data-e-type=\"widget\" data-widget_type=\"image-box.default\">\n\t\t\t\t\t<div class=\"elementor-image-box-wrapper\"><div class=\"elementor-image-box-content\"><h3 class=\"elementor-image-box-title\">06\/2022<\/h3><p class=\"elementor-image-box-description\">La par\u00adti\u00adci\u00adpa\u00adtion \u00e0 l\u2019I\u00adLA 2022 \u00e0 Ber\u00adlin a \u00e9t\u00e9 tr\u00e8s r\u00e9us\u00adsie pour ILV-Fer\u00adner\u00adkun\u00addung GmbH. Outre la pr\u00e9\u00adsen\u00adta\u00adtion de l\u2019en\u00adtre\u00adprise sur le stand com\u00admun Ber\u00adlin-Bran\u00adde\u00adbourg, nous avons pu pr\u00e9\u00adsen\u00adter le pro\u00adjet actuel d\u2019i\u00adma\u00adge\u00adrie a\u00e9rienne de Ber\u00adlin dans le cadre d\u2019une conf\u00e9\u00adrence sp\u00e9\u00adcia\u00adli\u00ads\u00e9e et mener de nom\u00adbreuses dis\u00adcus\u00adsions int\u00e9\u00adres\u00adsantes.<\/p><\/div><\/div>\t\t\t\t<\/div>\n\t\t\t\t<div class=\"elementor-element elementor-element-fe93bce elementor-widget elementor-widget-image\" data-id=\"fe93bce\" data-element_type=\"widget\" data-e-type=\"widget\" data-widget_type=\"image.default\">\n\t\t\t\t\t\t\t\t\t\t\t\t\t\t\t\t<a href=\"https:\/\/ilv-fernerkundung.de\/wp-content\/uploads\/2022\/06\/2022-06-26_ILA.jpg\" target=\"_blank\">\n\t\t\t\t\t\t\t<img decoding=\"async\" src=\"https:\/\/ilv-fernerkundung.de\/wp-content\/uploads\/elementor\/thumbs\/2022-06-26_ILA-rc32ghgg4m19y8peak9ub5kl28oj4iq8kclkkpvk2s.webp\" title=\"2022\u201306-26_ILA\" alt=\"2022-06-26_ILA\" loading=\"lazy\">\t\t\t\t\t\t\t\t<\/a>\n\t\t\t\t\t\t\t\t\t\t\t\t\t\t\t<\/div>\n\t\t\t\t<div class=\"elementor-element elementor-element-7fd47a1 elementor-widget elementor-widget-image-box\" data-id=\"7fd47a1\" data-element_type=\"widget\" data-e-type=\"widget\" data-widget_type=\"image-box.default\">\n\t\t\t\t\t<div class=\"elementor-image-box-wrapper\"><div class=\"elementor-image-box-content\"><h3 class=\"elementor-image-box-title\">05\/2022<\/h3><p class=\"elementor-image-box-description\">La par\u00adti\u00adci\u00adpa\u00adtion au Mining Inda\u00adba \u00e0 Cape Town a \u00e9t\u00e9 tr\u00e8s r\u00e9us\u00adsie pour ILV-Fer\u00adner\u00adkun\u00addung GmbH. Outre l\u2019in\u00adten\u00adsi\u00adfi\u00adca\u00adtion des rela\u00adtions avec les par\u00adte\u00adnaires com\u00admer\u00adciaux des pro\u00adjets en cours, nous avons \u00e9ga\u00adle\u00adment pu nouer de nom\u00adbreux nou\u00adveaux contacts. Vous pou\u00advez trou\u00adver l\u2019in\u00adter\u00adview sur l\u2019ex\u00adpo\u00adsi\u00adtion <a href=\"https:\/\/www.miningweekly.com\/article\/remote-sensing-specialist-successful-at-indaba-2022-07-01\/searchString:ILV\" target=\"_blank\" rel=\"noopener\"><font color=\"red\"> ici<\/font><\/a>.<\/p><\/div><\/div>\t\t\t\t<\/div>\n\t\t\t\t<div class=\"elementor-element elementor-element-eb043e2 elementor-widget elementor-widget-image\" data-id=\"eb043e2\" data-element_type=\"widget\" data-e-type=\"widget\" data-widget_type=\"image.default\">\n\t\t\t\t\t\t\t\t\t\t\t\t\t\t\t\t<a href=\"https:\/\/ilv-fernerkundung.de\/wp-content\/uploads\/2022\/05\/IMG_20220509_134427-scaled.jpg\" target=\"_blank\">\n\t\t\t\t\t\t\t<img decoding=\"async\" src=\"https:\/\/ilv-fernerkundung.de\/wp-content\/uploads\/elementor\/thumbs\/IMG_20220509_134427-scaled-rc35ekipgh9a9wlztx317vuemrsuuqvnhf7dfykzec.webp\" title=\"IMG_20220509_134427\" alt=\"IMG_20220509_134427\" loading=\"lazy\">\t\t\t\t\t\t\t\t<\/a>\n\t\t\t\t\t\t\t\t\t\t\t\t\t\t\t<\/div>\n\t\t\t\t<div class=\"elementor-element elementor-element-4afe192 elementor-widget elementor-widget-image-box\" data-id=\"4afe192\" data-element_type=\"widget\" data-e-type=\"widget\" data-widget_type=\"image-box.default\">\n\t\t\t\t\t<div class=\"elementor-image-box-wrapper\"><div class=\"elementor-image-box-content\"><h3 class=\"elementor-image-box-title\">04\/2022<\/h3><p class=\"elementor-image-box-description\">ILV a sur\u00advo\u00adl\u00e9 la r\u00e9gion de la capi\u00adtale Accra-Gha\u00adna pour le compte d\u2019Hexa\u00adgon avec une r\u00e9so\u00adlu\u00adtion au sol d\u2019en\u00advi\u00adron 2 cm. Cli\u00adquez ici pour lire <a href=\"https:\/\/www.hexagonsafetyinfrastructure.com\/fr-fr\/news-and-events\/news-releases\/hexagon-helps-electricity-company-of-ghana-modernize-electricity-distribution\" target=\"_blank\" rel=\"noopener\"><font color=\"red\">l\u2019ar\u00adticle<\/font><\/a>&nbsp;!<\/p><\/div><\/div>\t\t\t\t<\/div>\n\t\t\t\t<div class=\"elementor-element elementor-element-75602ff elementor-widget elementor-widget-image\" data-id=\"75602ff\" data-element_type=\"widget\" data-e-type=\"widget\" data-widget_type=\"image.default\">\n\t\t\t\t\t\t\t\t\t\t\t\t\t\t\t\t<a href=\"https:\/\/ilv-fernerkundung.de\/wp-content\/uploads\/2022\/04\/Afua_foto2_clip2.jpg\" target=\"_blank\">\n\t\t\t\t\t\t\t<img decoding=\"async\" src=\"https:\/\/ilv-fernerkundung.de\/wp-content\/uploads\/elementor\/thumbs\/Afua_foto2_clip2-rc33bam0547mi3yadvpm1doi0wtnfd1i4ueiv8705e.webp\" title=\"Afua_foto2_clip2\" alt=\"Afua_foto2_clip2\" loading=\"lazy\">\t\t\t\t\t\t\t\t<\/a>\n\t\t\t\t\t\t\t\t\t\t\t\t\t\t\t<\/div>\n\t\t\t\t<div class=\"elementor-element elementor-element-6d8d723 elementor-widget elementor-widget-image-box\" data-id=\"6d8d723\" data-element_type=\"widget\" data-e-type=\"widget\" data-widget_type=\"image-box.default\">\n\t\t\t\t\t<div class=\"elementor-image-box-wrapper\"><div class=\"elementor-image-box-content\"><h3 class=\"elementor-image-box-title\">03\/2022<\/h3><p class=\"elementor-image-box-description\">Le salon de l\u2019a\u00advia\u00adtion ILA Ber\u00adlin est de nou\u00adveau en sc\u00e8ne cette ann\u00e9e 2022 et se d\u00e9roule \u00e0 l\u2019a\u00e9\u00adro\u00adport de Ber\u00adlin BER du 22 au 26 juin 2022. Nous y serons&nbsp;! Et vous&nbsp;? R\u00e9ser\u00advez votre billet <a href=\"https:\/\/www.ila-berlin.de\/de\/tickets\" target=\"_blank\" rel=\"noopener\"><font color=\"red\">ici<\/font><\/a>&nbsp;! <\/p><\/div><\/div>\t\t\t\t<\/div>\n\t\t\t\t<div class=\"elementor-element elementor-element-8d3c40f elementor-widget elementor-widget-image\" data-id=\"8d3c40f\" data-element_type=\"widget\" data-e-type=\"widget\" data-widget_type=\"image.default\">\n\t\t\t\t\t\t\t\t\t\t\t\t\t\t\t\t<a href=\"https:\/\/www.ila-berlin.de\/en\" target=\"_blank\" rel=\"noopener\">\n\t\t\t\t\t\t\t<img decoding=\"async\" src=\"https:\/\/ilv-fernerkundung.de\/wp-content\/uploads\/elementor\/thumbs\/header-rc33t5jlzsnr3e0e3lmfevfscgspobxwl8mn4hpocq.webp\" title=\"header\" alt=\"header\" loading=\"lazy\">\t\t\t\t\t\t\t\t<\/a>\n\t\t\t\t\t\t\t\t\t\t\t\t\t\t\t<\/div>\n\t\t\t\t<div class=\"elementor-element elementor-element-f94cdfc elementor-widget elementor-widget-image-box\" data-id=\"f94cdfc\" data-element_type=\"widget\" data-e-type=\"widget\" data-widget_type=\"image-box.default\">\n\t\t\t\t\t<div class=\"elementor-image-box-wrapper\"><div class=\"elementor-image-box-content\"><h3 class=\"elementor-image-box-title\">03\/2022<\/h3><p class=\"elementor-image-box-description\">La plus grande expo\u00adsi\u00adtion mini\u00e8re du monde, INDABA, se tien\u00addra du 9 au 12 mai 2022 en Afrique du Sud. Et nous y serons&nbsp;! Jetez un coup d\u2019\u0153il \u00e0 notre stand<a href=\"https:\/\/mining-indaba.german-pavilion.com\/en\/exhibitors\/92249\/\" target=\"_blank\" rel=\"noopener\"><font color=\"red\"> ici<\/font><\/a>&nbsp;!<\/p><\/div><\/div>\t\t\t\t<\/div>\n\t\t\t\t<div class=\"elementor-element elementor-element-edcdc0a elementor-widget elementor-widget-image\" data-id=\"edcdc0a\" data-element_type=\"widget\" data-e-type=\"widget\" data-widget_type=\"image.default\">\n\t\t\t\t\t\t\t\t\t\t\t\t\t\t\t\t<a href=\"https:\/\/mining-indaba.german-pavilion.com\/en\/home\/\" target=\"_blank\" rel=\"noopener\">\n\t\t\t\t\t\t\t<img decoding=\"async\" src=\"https:\/\/ilv-fernerkundung.de\/wp-content\/uploads\/2022\/03\/Werbe_INDABA.jpg\" title alt loading=\"lazy\">\t\t\t\t\t\t\t\t<\/a>\n\t\t\t\t\t\t\t\t\t\t\t\t\t\t\t<\/div>\n\t\t\t\t<div class=\"elementor-element elementor-element-1778591 elementor-widget elementor-widget-image-box\" data-id=\"1778591\" data-element_type=\"widget\" data-e-type=\"widget\" data-widget_type=\"image-box.default\">\n\t\t\t\t\t<div class=\"elementor-image-box-wrapper\"><div class=\"elementor-image-box-content\"><h3 class=\"elementor-image-box-title\"><a href=\"https:\/\/play.google.com\/store\/apps\/details?id=com.ilv.ilv_ar&amp;hl=de\" target=\"_blank\" rel=\"noopener\">01\/2022<\/a><\/h3><p class=\"elementor-image-box-description\">La mise \u00e0 jour de l\u2019ap\u00adpli\u00adca\u00adtion ILV-AR pour le calen\u00addrier mural ILV 2022 est dis\u00adpo\u00adnible sur <a href=\"https:\/\/play.google.com\/store\/apps\/details?id=com.ilv.ilv_ar&amp;hl=de\" target=\"_blank\" rel=\"noopener\"><font color=\"red\">Google Play Store<\/font><\/a> et <a href=\"https:\/\/apps.apple.com\/us\/app\/id1525535557\" target=\"_blank\" rel=\"noopener\"><font color=\"red\">Apple Store<\/font><\/a>. Tes\u00adtez l\u2019ap\u00adpli\u00adca\u00adtion AR dans la feuille de calen\u00addrier 02 et 09\/2022&nbsp;!<\/p><\/div><\/div>\t\t\t\t<\/div>\n\t\t<div class=\"elementor-element elementor-element-9a335ed e-con-full e-flex e-con e-child\" data-id=\"9a335ed\" data-element_type=\"container\" data-e-type=\"container\">\n\t\t<div class=\"elementor-element elementor-element-36872b9 e-con-full e-flex e-con e-child\" data-id=\"36872b9\" data-element_type=\"container\" data-e-type=\"container\">\n\t\t\t\t<\/div>\n\t\t<div class=\"elementor-element elementor-element-cd1095b e-con-full e-flex e-con e-child\" data-id=\"cd1095b\" data-element_type=\"container\" data-e-type=\"container\">\n\t\t\t\t<\/div>\n\t\t\t\t<\/div>\n\t\t\t\t<\/div>\n\t\t\t\t\t<\/div>\n\t\t\t\t<\/div>\n\t\t<div class=\"elementor-element elementor-element-81d6859 e-flex e-con-boxed e-con e-parent\" data-id=\"81d6859\" data-element_type=\"container\" data-e-type=\"container\">\n\t\t\t\t\t<div class=\"e-con-inner\">\n\t\t\t\t<div class=\"elementor-element elementor-element-bd58ebb elementor-widget-divider--view-line elementor-widget elementor-widget-divider\" data-id=\"bd58ebb\" data-element_type=\"widget\" data-e-type=\"widget\" data-widget_type=\"divider.default\">\n\t\t\t\t\t\t\t<div class=\"elementor-divider\">\n\t\t\t<span class=\"elementor-divider-separator\">\n\t\t\t\t\t\t<\/span>\n\t\t<\/div>\n\t\t\t\t\t\t<\/div>\n\t\t\t\t\t<\/div>\n\t\t\t\t<\/div>\n\t\t\t\t<\/div>\n\t\t","protected":false},"excerpt":{"rendered":"<p>Postes vacants Nous recher\u00adchons des pilotes, \u00e9ga\u00adle\u00adment avec une licence de pilote am\u00e9\u00adri\u00adcain. Nous recher\u00adchons des op\u00e9\u00adra\u00adteurs de pho\u00adtos a\u00e9riennes, volon\u00adtiers avec des connais\u00adsances en pho\u00adto\u00adgram\u00adm\u00e9\u00adtrie. Nous recher\u00adchons des g\u00e9o\u00adm\u00e8tres et des ing\u00e9\u00adnieurs, de pr\u00e9\u00adf\u00e9\u00adrence avec des connais\u00adsances en SIG. Nous recher\u00adchons des mineurs \/ des conduc\u00adteurs d\u2019en\u00adgins de forage \/ des ing\u00e9\u00adnieurs miniers \/ [\u2026]<\/p>\n","protected":false},"author":3,"featured_media":0,"parent":0,"menu_order":4,"comment_status":"closed","ping_status":"closed","template":"","meta":{"wp_typography_post_enhancements_disabled":false,"footnotes":""},"class_list":["post-3750","page","type-page","status-publish","hentry","entry"],"_links":{"self":[{"href":"https:\/\/ilv-fernerkundung.de\/fr\/wp-json\/wp\/v2\/pages\/3750","targetHints":{"allow":["GET"]}}],"collection":[{"href":"https:\/\/ilv-fernerkundung.de\/fr\/wp-json\/wp\/v2\/pages"}],"about":[{"href":"https:\/\/ilv-fernerkundung.de\/fr\/wp-json\/wp\/v2\/types\/page"}],"author":[{"embeddable":true,"href":"https:\/\/ilv-fernerkundung.de\/fr\/wp-json\/wp\/v2\/users\/3"}],"replies":[{"embeddable":true,"href":"https:\/\/ilv-fernerkundung.de\/fr\/wp-json\/wp\/v2\/comments?post=3750"}],"version-history":[{"count":354,"href":"https:\/\/ilv-fernerkundung.de\/fr\/wp-json\/wp\/v2\/pages\/3750\/revisions"}],"predecessor-version":[{"id":7137,"href":"https:\/\/ilv-fernerkundung.de\/fr\/wp-json\/wp\/v2\/pages\/3750\/revisions\/7137"}],"wp:attachment":[{"href":"https:\/\/ilv-fernerkundung.de\/fr\/wp-json\/wp\/v2\/media?parent=3750"}],"curies":[{"name":"wp","href":"https:\/\/api.w.org\/{rel}","templated":true}]}}