{"id":2526,"date":"2020-08-01T15:21:41","date_gmt":"2020-08-01T13:21:41","guid":{"rendered":"https:\/\/dev.ilv-fernerkundung.de\/?page_id=2526"},"modified":"2026-03-26T21:36:16","modified_gmt":"2026-03-26T20:36:16","slug":"news","status":"publish","type":"page","link":"https:\/\/ilv-fernerkundung.de\/en\/news\/","title":{"rendered":"News"},"content":{"rendered":"\t\t<div data-elementor-type=\"wp-page\" data-elementor-id=\"2526\" class=\"elementor elementor-2526 elementor-1014\" data-elementor-settings=\"{&quot;element_pack_global_tooltip_width&quot;:{&quot;unit&quot;:&quot;px&quot;,&quot;size&quot;:&quot;&quot;,&quot;sizes&quot;:[]},&quot;element_pack_global_tooltip_width_tablet&quot;:{&quot;unit&quot;:&quot;px&quot;,&quot;size&quot;:&quot;&quot;,&quot;sizes&quot;:[]},&quot;element_pack_global_tooltip_width_mobile&quot;:{&quot;unit&quot;:&quot;px&quot;,&quot;size&quot;:&quot;&quot;,&quot;sizes&quot;:[]},&quot;element_pack_global_tooltip_padding&quot;:{&quot;unit&quot;:&quot;px&quot;,&quot;top&quot;:&quot;&quot;,&quot;right&quot;:&quot;&quot;,&quot;bottom&quot;:&quot;&quot;,&quot;left&quot;:&quot;&quot;,&quot;isLinked&quot;:true},&quot;element_pack_global_tooltip_padding_tablet&quot;:{&quot;unit&quot;:&quot;px&quot;,&quot;top&quot;:&quot;&quot;,&quot;right&quot;:&quot;&quot;,&quot;bottom&quot;:&quot;&quot;,&quot;left&quot;:&quot;&quot;,&quot;isLinked&quot;:true},&quot;element_pack_global_tooltip_padding_mobile&quot;:{&quot;unit&quot;:&quot;px&quot;,&quot;top&quot;:&quot;&quot;,&quot;right&quot;:&quot;&quot;,&quot;bottom&quot;:&quot;&quot;,&quot;left&quot;:&quot;&quot;,&quot;isLinked&quot;:true},&quot;element_pack_global_tooltip_border_radius&quot;:{&quot;unit&quot;:&quot;px&quot;,&quot;top&quot;:&quot;&quot;,&quot;right&quot;:&quot;&quot;,&quot;bottom&quot;:&quot;&quot;,&quot;left&quot;:&quot;&quot;,&quot;isLinked&quot;:true},&quot;element_pack_global_tooltip_border_radius_tablet&quot;:{&quot;unit&quot;:&quot;px&quot;,&quot;top&quot;:&quot;&quot;,&quot;right&quot;:&quot;&quot;,&quot;bottom&quot;:&quot;&quot;,&quot;left&quot;:&quot;&quot;,&quot;isLinked&quot;:true},&quot;element_pack_global_tooltip_border_radius_mobile&quot;:{&quot;unit&quot;:&quot;px&quot;,&quot;top&quot;:&quot;&quot;,&quot;right&quot;:&quot;&quot;,&quot;bottom&quot;:&quot;&quot;,&quot;left&quot;:&quot;&quot;,&quot;isLinked&quot;:true}}\" data-elementor-post-type=\"page\">\n\t\t\t\t<div class=\"elementor-element elementor-element-4863708 e-flex e-con-boxed e-con e-parent\" data-id=\"4863708\" data-element_type=\"container\" data-e-type=\"container\">\n\t\t\t\t\t<div class=\"e-con-inner\">\n\t\t<div class=\"elementor-element elementor-element-0cb4520 e-con-full e-flex e-con e-child\" data-id=\"0cb4520\" data-element_type=\"container\" data-e-type=\"container\">\n\t\t\t\t<div class=\"elementor-element elementor-element-1ac69e5 elementor-widget elementor-widget-image-box\" data-id=\"1ac69e5\" data-element_type=\"widget\" data-e-type=\"widget\" data-widget_type=\"image-box.default\">\n\t\t\t\t\t<div class=\"elementor-image-box-wrapper\"><div class=\"elementor-image-box-content\"><h3 class=\"elementor-image-box-title\">Job offers<\/h3><p class=\"elementor-image-box-description\">We are look\u00ading for pilots, also with a US pilot\u2019s license. .\n<br><br>\nWe are look\u00ading for aer\u00adi\u00adal pho\u00adtog\u00adra\u00adphers, prefer\u00adably with knowl\u00adedge of pho\u00adtogram\u00adme\u00adtry. \n<br><br>\nWe are look\u00ading for sur\u00advey\u00adors and engi\u00adneers, prefer\u00adably with GIS knowl\u00adedge. \n<br><br>\nWe are look\u00ading for min\u00aders \/ drilling rig oper\u00ada\u00adtors \/ min\u00ading engi\u00adneers \/ geol\u00ado\u00adgists.<\/p><\/div><\/div>\t\t\t\t<\/div>\n\t\t\t\t<div class=\"elementor-element elementor-element-45a85dc elementor-widget elementor-widget-image-box\" data-id=\"45a85dc\" data-element_type=\"widget\" data-e-type=\"widget\" data-widget_type=\"image-box.default\">\n\t\t\t\t\t<div class=\"elementor-image-box-wrapper\"><div class=\"elementor-image-box-content\"><h3 class=\"elementor-image-box-title\">09\/2026<\/h3><p class=\"elementor-image-box-description\">The INTERGEO 2026 will take place in Munich from 15th  17th Sep\u00adtem\u00adber 2026. We look for\u00adward to see\u00ading you  <a href=\"https:\/\/dvw.de\/intergeo\/de\" target=\"_blank\" rel=\"noopener\"><font color=\"red\">at our stand<\/font><\/a>.<\/p><\/div><\/div>\t\t\t\t<\/div>\n\t\t\t\t<div class=\"elementor-element elementor-element-782eb34 elementor-widget elementor-widget-image\" data-id=\"782eb34\" data-element_type=\"widget\" data-e-type=\"widget\" data-widget_type=\"image.default\">\n\t\t\t\t\t\t\t\t\t\t\t\t\t\t\t\t<a href=\"https:\/\/dvw.de\/intergeo\/de\" target=\"_blank\" rel=\"noopener\">\n\t\t\t\t\t\t\t<img decoding=\"async\" src=\"https:\/\/ilv-fernerkundung.de\/wp-content\/uploads\/elementor\/thumbs\/2026_Intergeo_Teilnahme_ILV-Fernerkundung-rhrwhaluxdsrq8me3idsu389jmwe855c0js3wanigu.webp\" title=\"2026_Intergeo_Teilnahme_ILV-Fernerkundung\" alt=\"2026_Intergeo_Teilnahme_ILV-Fernerkundung\" loading=\"lazy\">\t\t\t\t\t\t\t\t<\/a>\n\t\t\t\t\t\t\t\t\t\t\t\t\t\t\t<\/div>\n\t\t\t\t<div class=\"elementor-element elementor-element-9fc4219 elementor-widget elementor-widget-image-box\" data-id=\"9fc4219\" data-element_type=\"widget\" data-e-type=\"widget\" data-widget_type=\"image-box.default\">\n\t\t\t\t\t<div class=\"elementor-image-box-wrapper\"><div class=\"elementor-image-box-content\"><h3 class=\"elementor-image-box-title\">06\/2026<\/h3><p class=\"elementor-image-box-description\">ILA Berlin 2026 will take place from 10th to 14th June 2026 at Berlin ExpoCen\u00adter Air\u00adport. <a href=\"https:\/\/www.ila-berlin.de\/de\" target=\"_blank\" rel=\"noopener\"><font color=\"red\">We will be there <\/font><\/a> and look for\u00adward to your vis\u00adit at the Berlin-Bran\u00adden\u00adburg joint stand (Hall B, Stand 310).<\/p><\/div><\/div>\t\t\t\t<\/div>\n\t\t\t\t<div class=\"elementor-element elementor-element-1d74b8c elementor-widget elementor-widget-image\" data-id=\"1d74b8c\" data-element_type=\"widget\" data-e-type=\"widget\" data-widget_type=\"image.default\">\n\t\t\t\t\t\t\t\t\t\t\t\t\t\t\t\t<a href=\"https:\/\/www.ila-berlin.de\/de\" target=\"_blank\" rel=\"noopener\">\n\t\t\t\t\t\t\t<img decoding=\"async\" src=\"https:\/\/ilv-fernerkundung.de\/wp-content\/uploads\/elementor\/thumbs\/2026_ILA2026_ILV-Fernerkundung_Teilnahme-rl3c7l6ts9l916pwnn6dqqr6r2rmj5cxxzjzxzfzqa.webp\" title=\"2026_ILA2026_ILV-Fernerkundung_Teilnahme\" alt=\"2026_ILA2026_ILV-Fernerkundung_Teilnahme\" loading=\"lazy\">\t\t\t\t\t\t\t\t<\/a>\n\t\t\t\t\t\t\t\t\t\t\t\t\t\t\t<\/div>\n\t\t\t\t<div class=\"elementor-element elementor-element-50b1375 elementor-widget elementor-widget-image-box\" data-id=\"50b1375\" data-element_type=\"widget\" data-e-type=\"widget\" data-widget_type=\"image-box.default\">\n\t\t\t\t\t<div class=\"elementor-image-box-wrapper\"><div class=\"elementor-image-box-content\"><h3 class=\"elementor-image-box-title\">02\/2026<\/h3><p class=\"elementor-image-box-description\">The Min\u00ading Ind\u00ada\u00adba 2026 min\u00ading trade fair in Cape Town was a com\u00adplete suc\u00adcess for ILV-Fern\u00aderkun\u00addung GmbH and was char\u00adac\u00adterised by many pro\u00adduc\u00adtive dis\u00adcus\u00adsions. They took place not only with our Angolan part\u00adners and Ger\u00adman col\u00adleagues, but also with inter\u00adest\u00aded par\u00adties from around the world. The pic\u00adtures show, among oth\u00aders, Prof. Dr. Carsten Dreben\u00adst\u00adedt (TU Bergakademie Freiberg), who accom\u00adpa\u00adnied ILV as a con\u00adsul\u00adtant, and Dr. Mar\u00adtin Wedig (CEO FAB).<\/p><\/div><\/div>\t\t\t\t<\/div>\n\t\t\t\t<div class=\"elementor-element elementor-element-f087059 elementor-widget elementor-widget-image\" data-id=\"f087059\" data-element_type=\"widget\" data-e-type=\"widget\" data-widget_type=\"image.default\">\n\t\t\t\t\t\t\t\t\t\t\t\t<figure class=\"wp-caption\">\n\t\t\t\t\t\t\t\t\t\t\t<a href=\"https:\/\/ilv-fernerkundung.de\/wp-content\/uploads\/2026\/02\/2026-02_Mining_Indaba2026_ILV-Fernerkundung_1-scaled.webp\" target=\"_blank\">\n\t\t\t\t\t\t\t<img decoding=\"async\" src=\"https:\/\/ilv-fernerkundung.de\/wp-content\/uploads\/elementor\/thumbs\/2026-02_Mining_Indaba2026_ILV-Fernerkundung_1-scaled-rjcmjm5tmuwrzmls95nwjy9n2roy9cdp79rg2u51p6.webp\" title=\"2026\u201302_Mining_Indaba2026_ILV-Fernerkundung_1\" alt=\"2026-02_Mining_Indaba2026_ILV-Fernerkundung_1\" loading=\"lazy\">\t\t\t\t\t\t\t\t<\/a>\n\t\t\t\t\t\t\t\t\t\t\t<figcaption class=\"widget-image-caption wp-caption-text\"><\/figcaption>\n\t\t\t\t\t\t\t\t\t\t<\/figure>\n\t\t\t\t\t\t\t\t\t<\/div>\n\t\t\t\t<div class=\"elementor-element elementor-element-0077f22 elementor-widget elementor-widget-image\" data-id=\"0077f22\" data-element_type=\"widget\" data-e-type=\"widget\" data-widget_type=\"image.default\">\n\t\t\t\t\t\t\t\t\t\t\t\t<figure class=\"wp-caption\">\n\t\t\t\t\t\t\t\t\t\t\t<a href=\"https:\/\/ilv-fernerkundung.de\/wp-content\/uploads\/2026\/02\/2026-02_Mining_Indaba2026_ILV-Fernerkundung_2-scaled.webp\" target=\"_blank\">\n\t\t\t\t\t\t\t<img decoding=\"async\" src=\"https:\/\/ilv-fernerkundung.de\/wp-content\/uploads\/elementor\/thumbs\/2026-02_Mining_Indaba2026_ILV-Fernerkundung_2-scaled-rjcmmq0m855wd83b400iao1hrmdmpbprane86rj74g.webp\" title=\"2026\u201302_Mining_Indaba2026_ILV-Fernerkundung_2\" alt=\"2026-02_Mining_Indaba2026_ILV-Fernerkundung_2\" loading=\"lazy\">\t\t\t\t\t\t\t\t<\/a>\n\t\t\t\t\t\t\t\t\t\t\t<figcaption class=\"widget-image-caption wp-caption-text\">Stand of ILV \/ Mibrag-CI at Min\u00ading Ind\u00ada\u00adba 2026<\/figcaption>\n\t\t\t\t\t\t\t\t\t\t<\/figure>\n\t\t\t\t\t\t\t\t\t<\/div>\n\t\t\t\t<div class=\"elementor-element elementor-element-d87e200 elementor-widget elementor-widget-image-box\" data-id=\"d87e200\" data-element_type=\"widget\" data-e-type=\"widget\" data-widget_type=\"image-box.default\">\n\t\t\t\t\t<div class=\"elementor-image-box-wrapper\"><div class=\"elementor-image-box-content\"><p class=\"elementor-image-box-description\">The min\u00ading trade fair Min\u00ading Ind\u00ada\u00adba takes place in Cape Town from 09th \u2014 12th Feb\u00adru\u00adary 2026! <a href=\"https:\/\/mining-indaba.german-pavilion.com\/en\/sites\/exhibitors\/132396\" target=\"_blank\" rel=\"noopener\"><font color=\"red\">Have a look at our stand<\/font><\/a>.<\/p><\/div><\/div>\t\t\t\t<\/div>\n\t\t\t\t<div class=\"elementor-element elementor-element-6124513 elementor-widget elementor-widget-image\" data-id=\"6124513\" data-element_type=\"widget\" data-e-type=\"widget\" data-widget_type=\"image.default\">\n\t\t\t\t\t\t\t\t\t\t\t\t\t\t\t\t<a href=\"https:\/\/mining-indaba.german-pavilion.com\/en\/sites\/exhibitors\/132396\" target=\"_blank\" rel=\"noopener\">\n\t\t\t\t\t\t\t<img decoding=\"async\" src=\"https:\/\/ilv-fernerkundung.de\/wp-content\/uploads\/elementor\/thumbs\/banner_mining_indaba-rc31ayx2a17d690apm916mpojlax5rx0uvbjirfh3y.webp\" title=\"banner_mining_indaba\" alt=\"banner_mining_indaba\" loading=\"lazy\">\t\t\t\t\t\t\t\t<\/a>\n\t\t\t\t\t\t\t\t\t\t\t\t\t\t\t<\/div>\n\t\t\t\t<div class=\"elementor-element elementor-element-247af08 elementor-widget elementor-widget-image-box\" data-id=\"247af08\" data-element_type=\"widget\" data-e-type=\"widget\" data-widget_type=\"image-box.default\">\n\t\t\t\t\t<div class=\"elementor-image-box-wrapper\"><div class=\"elementor-image-box-content\"><h3 class=\"elementor-image-box-title\">11\/2025<\/h3><p class=\"elementor-image-box-description\">Dr Kuria B. Thiong\u2019o from Kenya and his col\u00adleague from Ruhr Uni\u00adver\u00adsi\u00adty Bochum con\u00adduct\u00aded work\u00adshops on remote sens\u00ading as part of an edu\u00adca\u00adtion\u00adal project. As some schools do not have elec\u00adtric\u00adi\u00adty, ILV cal\u00aden\u00addars were also used as teach\u00ading aids.<\/p><\/div><\/div>\t\t\t\t<\/div>\n\t\t\t\t<div class=\"elementor-element elementor-element-a3db01d elementor-widget elementor-widget-image\" data-id=\"a3db01d\" data-element_type=\"widget\" data-e-type=\"widget\" data-widget_type=\"image.default\">\n\t\t\t\t\t\t\t\t\t\t\t\t\t\t\t\t<a href=\"https:\/\/ilv-fernerkundung.de\/wp-content\/uploads\/2025\/11\/2025-11-25_ILV-Fernerkundung_Kalender_Entwicklungshilfe_Kenia_Kuria_Thiongo_1.webp\" target=\"_blank\">\n\t\t\t\t\t\t\t<img decoding=\"async\" src=\"https:\/\/ilv-fernerkundung.de\/wp-content\/uploads\/elementor\/thumbs\/2025-11-25_ILV-Fernerkundung_Kalender_Entwicklungshilfe_Kenia_Kuria_Thiongo_1-rf8cuymloaxrecv65dx0j0ib03dpdds9g50z36q4w4.webp\" title=\"2025\u201311-25_ILV-Fernerkundung_Kalender_Entwicklungshilfe_Kenia_Kuria_Thiongo_1\" alt=\"2025-11-25_ILV-Fernerkundung_Kalender_Entwicklungshilfe_Kenia_Kuria_Thiongo_1\" loading=\"lazy\">\t\t\t\t\t\t\t\t<\/a>\n\t\t\t\t\t\t\t\t\t\t\t\t\t\t\t<\/div>\n\t\t\t\t<div class=\"elementor-element elementor-element-1e02935 elementor-widget elementor-widget-image-box\" data-id=\"1e02935\" data-element_type=\"widget\" data-e-type=\"widget\" data-widget_type=\"image-box.default\">\n\t\t\t\t\t<div class=\"elementor-image-box-wrapper\"><div class=\"elementor-image-box-content\"><p class=\"elementor-image-box-description\">CEO Mar\u00adtin Wag\u00adn\u00ader par\u00adtic\u00adi\u00adpat\u00aded as a mem\u00adber of the Ger\u00adman busi\u00adness del\u00ade\u00adga\u00adtion in Fed\u00ader\u00adal Pres\u00adi\u00addent Frank-Wal\u00adter Stein\u00admeier\u2019s trip to Africa from 1 to 7 Novem\u00adber 2025, vis\u00adit\u00ading Egypt, Ghana and Ango\u00adla. <\/p><\/div><\/div>\t\t\t\t<\/div>\n\t\t\t\t<div class=\"elementor-element elementor-element-5e60367 elementor-widget elementor-widget-image\" data-id=\"5e60367\" data-element_type=\"widget\" data-e-type=\"widget\" data-widget_type=\"image.default\">\n\t\t\t\t\t\t\t\t\t\t\t\t<figure class=\"wp-caption\">\n\t\t\t\t\t\t\t\t\t\t\t<a href=\"https:\/\/ilv-fernerkundung.de\/wp-content\/uploads\/2025\/11\/2025-11_Afrikareise_Bundespraesident_Steinmeier_ILV-Fernerkundung_Martin_Wagner_Angola-scaled.webp\" target=\"_blank\">\n\t\t\t\t\t\t\t<img decoding=\"async\" src=\"https:\/\/ilv-fernerkundung.de\/wp-content\/uploads\/elementor\/thumbs\/2025-11_Afrikareise_Bundespraesident_Steinmeier_ILV-Fernerkundung_Martin_Wagner_Angola-scaled-rf1845yulu8vrmjjl4xpeegdn7y2ayiwojo4e7410w.webp\" title=\"Afrika-Reise von Bundespr\u00e4sident Steinmeier \u2014 Angola\" alt=\"Bundespr\u00e4sident Frank-Walter Steinmeier (3.v.l.) und Joao Manuel Goncalves Lourenco (3.v.r.), Pr\u00e4sident von Angola, machen nach ihrem Gespr\u00e4ch im Pr\u00e4sidentenpalast ein Gruppenbild mit der deutschen Wirtschaftsdelegation. Bundespr\u00e4sident Steinmeier ist im Rahmen seiner Afrika-Reise mit einer Wirtschaftsdelegation zu einem zweit\u00e4gigen Besuch in der Republik Angola.\" loading=\"lazy\">\t\t\t\t\t\t\t\t<\/a>\n\t\t\t\t\t\t\t\t\t\t\t<figcaption class=\"widget-image-caption wp-caption-text\">Fed\u00ader\u00adal Pres\u00adi\u00addent Frank-Wal\u00adter Stein\u00admeier and the Pres\u00adi\u00addent of Ango\u00adla, <br>Joao Manuel Goncalves Louren\u00adco, togeth\u00ader with the Ger\u00adman busi\u00adness del\u00ade\u00adga\u00adtion.<br>Source: dpa Bernd von Jutr\u00adczen\u00adka, Chief Cor\u00adre\u00adspon\u00addent Pho\u00adto <\/figcaption>\n\t\t\t\t\t\t\t\t\t\t<\/figure>\n\t\t\t\t\t\t\t\t\t<\/div>\n\t\t\t\t<div class=\"elementor-element elementor-element-080a2cb elementor-widget elementor-widget-image\" data-id=\"080a2cb\" data-element_type=\"widget\" data-e-type=\"widget\" data-widget_type=\"image.default\">\n\t\t\t\t\t\t\t\t\t\t\t\t<figure class=\"wp-caption\">\n\t\t\t\t\t\t\t\t\t\t\t<a href=\"https:\/\/ilv-fernerkundung.de\/wp-content\/uploads\/2025\/11\/2025-11_Afrikareise_Bundespraesident_Steinmeier_ILV-Fernerkundung_Martin_Wagner_Ghana-scaled.webp\" target=\"_blank\">\n\t\t\t\t\t\t\t<img decoding=\"async\" src=\"https:\/\/ilv-fernerkundung.de\/wp-content\/uploads\/elementor\/thumbs\/2025-11_Afrikareise_Bundespraesident_Steinmeier_ILV-Fernerkundung_Martin_Wagner_Ghana-scaled-rf182zo42amz968zg4nhs74mwvqjokuziqb9squqtg.webp\" title=\"Afrika-Reise von Bundespr\u00e4sident Steinmeier \u2014 Ghana\" alt=\"Bundespr\u00e4sident Frank-Walter Steinmeier (Mitte l) und John Dramani Mahama (Mitte r), Pr\u00e4sident von Ghana, stehen nach einem Mittagessen auf Einladung des ghanaischen Pr\u00e4sidenten im Jubilee House f\u00fcr ein Gruppenbild mit der deutschen Wirtschaftsdelegation zusammen. Bundespr\u00e4sident Steinmeier ist im Rahmen seiner Afrika-Reise mit einer Wirtschaftsdelegation zu einem zweit\u00e4gigen Besuch in der Republik Ghana.\" loading=\"lazy\">\t\t\t\t\t\t\t\t<\/a>\n\t\t\t\t\t\t\t\t\t\t\t<figcaption class=\"widget-image-caption wp-caption-text\">Fed\u00ader\u00adal Psres\u00adi\u00addent Frank-Wal\u00adter Stein\u00admeier and Ghana\u00adian Pres\u00adi\u00addent <br>John Dra\u00admani Mahama togeth\u00ader with the Ger\u00adman busines del\u00ade\u00adga\u00adtion.<br> Source: dpa Bernd von Jutr\u00adczen\u00adka, Chief Cor\u00adre\u00adspon\u00addent Pho\u00adto <\/figcaption>\n\t\t\t\t\t\t\t\t\t\t<\/figure>\n\t\t\t\t\t\t\t\t\t<\/div>\n\t\t\t\t<div class=\"elementor-element elementor-element-9809886 elementor-widget elementor-widget-image-box\" data-id=\"9809886\" data-element_type=\"widget\" data-e-type=\"widget\" data-widget_type=\"image-box.default\">\n\t\t\t\t\t<div class=\"elementor-image-box-wrapper\"><div class=\"elementor-image-box-content\"><h3 class=\"elementor-image-box-title\">10\/2025<\/h3><p class=\"elementor-image-box-description\">The exhi\u00adbi\u00adtion Inter\u00adgeo 2025 in Frank\u00adfurt was a great suc\u00adcess for ILV. The stand was well attend\u00aded and we were able to meet many busi\u00adness part\u00adners and friends in per\u00adson. This time we were accom\u00adpa\u00adnied again by our long-time friend and col\u00adleague Dr. Kuria B. Thiong\u2019o from Kenya<\/p><\/div><\/div>\t\t\t\t<\/div>\n\t\t\t\t<div class=\"elementor-element elementor-element-16d502e elementor-widget elementor-widget-image\" data-id=\"16d502e\" data-element_type=\"widget\" data-e-type=\"widget\" data-widget_type=\"image.default\">\n\t\t\t\t\t\t\t\t\t\t\t\t\t\t\t\t<a href=\"https:\/\/ilv-fernerkundung.de\/wp-content\/uploads\/2025\/10\/2025-10_Intergeo_Frankfurt_ILV-Fernerkundung_1-scaled.webp\" target=\"_blank\">\n\t\t\t\t\t\t\t<img decoding=\"async\" src=\"https:\/\/ilv-fernerkundung.de\/wp-content\/uploads\/elementor\/thumbs\/2025-10_Intergeo_Frankfurt_ILV-Fernerkundung_1-scaled-rd85lu9moye0hj1mge1o0d5fkvdu07zao6vkueix4k.webp\" title=\"2025\u201310_Intergeo_Frankfurt_ILV-Fernerkundung_1\" alt=\"2025-10_Intergeo_Frankfurt_ILV-Fernerkundung_1\" loading=\"lazy\">\t\t\t\t\t\t\t\t<\/a>\n\t\t\t\t\t\t\t\t\t\t\t\t\t\t\t<\/div>\n\t\t\t\t<div class=\"elementor-element elementor-element-be3a3cd elementor-widget elementor-widget-image\" data-id=\"be3a3cd\" data-element_type=\"widget\" data-e-type=\"widget\" data-widget_type=\"image.default\">\n\t\t\t\t\t\t\t\t\t\t\t\t<figure class=\"wp-caption\">\n\t\t\t\t\t\t\t\t\t\t\t<a href=\"https:\/\/ilv-fernerkundung.de\/wp-content\/uploads\/2025\/10\/2025-10_Intergeo_Frankfurt_ILV-Fernerkundung_2-scaled.webp\" target=\"_blank\">\n\t\t\t\t\t\t\t<img decoding=\"async\" src=\"https:\/\/ilv-fernerkundung.de\/wp-content\/uploads\/elementor\/thumbs\/2025-10_Intergeo_Frankfurt_ILV-Fernerkundung_2-scaled-rd85mhrlfta6js3hn67c8p7yfi60cnkl3f6pubk2t0.webp\" title=\"2025\u201310_Intergeo_Frankfurt_ILV-Fernerkundung_2\" alt=\"2025-10_Intergeo_Frankfurt_ILV-Fernerkundung_2\" loading=\"lazy\">\t\t\t\t\t\t\t\t<\/a>\n\t\t\t\t\t\t\t\t\t\t\t<figcaption class=\"widget-image-caption wp-caption-text\">Stand of ILV at Inter\u00adgeo 2025<\/figcaption>\n\t\t\t\t\t\t\t\t\t\t<\/figure>\n\t\t\t\t\t\t\t\t\t<\/div>\n\t\t\t\t<div class=\"elementor-element elementor-element-2998808 elementor-widget elementor-widget-image-box\" data-id=\"2998808\" data-element_type=\"widget\" data-e-type=\"widget\" data-widget_type=\"image-box.default\">\n\t\t\t\t\t<div class=\"elementor-image-box-wrapper\"><div class=\"elementor-image-box-content\"><p class=\"elementor-image-box-description\">The INTERGEO 2025 will take place in Frank\u00adfurt from 07th  \u201109th Octo\u00adber 2025. We look for\u00adward to see\u00ading you at our stand (12.1A.083)!<\/p><\/div><\/div>\t\t\t\t<\/div>\n\t\t\t\t<div class=\"elementor-element elementor-element-f0d947f elementor-widget elementor-widget-image\" data-id=\"f0d947f\" data-element_type=\"widget\" data-e-type=\"widget\" data-widget_type=\"image.default\">\n\t\t\t\t\t\t\t\t\t\t\t\t\t\t\t\t<a href=\"https:\/\/www.intergeo.de\/de\/\" target=\"_blank\" rel=\"noopener\">\n\t\t\t\t\t\t\t<img decoding=\"async\" src=\"https:\/\/ilv-fernerkundung.de\/wp-content\/uploads\/2025\/08\/intergeo_ILV_logo.jpg\" title alt loading=\"lazy\">\t\t\t\t\t\t\t\t<\/a>\n\t\t\t\t\t\t\t\t\t\t\t\t\t\t\t<\/div>\n\t\t\t\t<div class=\"elementor-element elementor-element-bf0d93c elementor-widget elementor-widget-image-box\" data-id=\"bf0d93c\" data-element_type=\"widget\" data-e-type=\"widget\" data-widget_type=\"image-box.default\">\n\t\t\t\t\t<div class=\"elementor-image-box-wrapper\"><div class=\"elementor-image-box-content\"><h3 class=\"elementor-image-box-title\">07\/2025<\/h3><p class=\"elementor-image-box-description\">ILV and its part\u00adners suc\u00adcess\u00adful\u00adly con\u00adclud\u00aded FILDA 2025 in Luan\u00adda! Among oth\u00aders, the Ger\u00adman Ambas\u00adsador to Ango\u00adla Dr Ste\u00adfan Trau\u00admann and AHK Head Mr Van\u00addr\u00e9 Spellmeier vis\u00adit\u00aded the ILV\/MCI stand. Here are a few impres\u00adsions of the fair:<\/p><\/div><\/div>\t\t\t\t<\/div>\n\t\t\t\t<div class=\"elementor-element elementor-element-d6ca9df elementor-widget elementor-widget-image\" data-id=\"d6ca9df\" data-element_type=\"widget\" data-e-type=\"widget\" data-widget_type=\"image.default\">\n\t\t\t\t\t\t\t\t\t\t\t\t\t\t\t\t<a href=\"https:\/\/ilv-fernerkundung.de\/wp-content\/uploads\/2025\/08\/2025-07-23_ILV-Fernerkundung_FILDA_Angola_Luanda_1.jpg\" target=\"_blank\">\n\t\t\t\t\t\t\t<img decoding=\"async\" src=\"https:\/\/ilv-fernerkundung.de\/wp-content\/uploads\/elementor\/thumbs\/2025-07-23_ILV-Fernerkundung_FILDA_Angola_Luanda_1-r9t6o0451z3gmymjdeft8ae58n10ojrt0qd9znrsxg.jpg\" title=\"2025\u201307-23_ILV-Fernerkundung_FILDA_Angola_Luanda_1\" alt=\"2025-07-23_ILV-Fernerkundung_FILDA_Angola_Luanda_1\" loading=\"lazy\">\t\t\t\t\t\t\t\t<\/a>\n\t\t\t\t\t\t\t\t\t\t\t\t\t\t\t<\/div>\n\t\t\t\t<div class=\"elementor-element elementor-element-1053de3 elementor-widget elementor-widget-image\" data-id=\"1053de3\" data-element_type=\"widget\" data-e-type=\"widget\" data-widget_type=\"image.default\">\n\t\t\t\t\t\t\t\t\t\t\t\t<figure class=\"wp-caption\">\n\t\t\t\t\t\t\t\t\t\t\t<a href=\"https:\/\/ilv-fernerkundung.de\/wp-content\/uploads\/2025\/08\/2025-07-23_ILV-Fernerkundung_FILDA_Angola_Luanda_2.jpg\" target=\"_blank\">\n\t\t\t\t\t\t\t<img decoding=\"async\" src=\"https:\/\/ilv-fernerkundung.de\/wp-content\/uploads\/elementor\/thumbs\/2025-07-23_ILV-Fernerkundung_FILDA_Angola_Luanda_2-r9t6o11z8t4qykl67wufss5lu0wdw8vjcv0rgxqer8.jpg\" title=\"2025\u201307-23_ILV-Fernerkundung_FILDA_Angola_Luanda_2\" alt=\"2025-07-23_ILV-Fernerkundung_FILDA_Angola_Luanda_2\" loading=\"lazy\">\t\t\t\t\t\t\t\t<\/a>\n\t\t\t\t\t\t\t\t\t\t\t<figcaption class=\"widget-image-caption wp-caption-text\">Stand of ILV \/ Mibrag-CI at FILDA 2025<\/figcaption>\n\t\t\t\t\t\t\t\t\t\t<\/figure>\n\t\t\t\t\t\t\t\t\t<\/div>\n\t\t\t\t<div class=\"elementor-element elementor-element-9cadf26 elementor-widget elementor-widget-image-box\" data-id=\"9cadf26\" data-element_type=\"widget\" data-e-type=\"widget\" data-widget_type=\"image-box.default\">\n\t\t\t\t\t<div class=\"elementor-image-box-wrapper\"><div class=\"elementor-image-box-content\"><p class=\"elementor-image-box-description\">On July 27, 2025, ILV-Fern\u00aderkun\u00addung GmbH was a part\u00adner of ISTAF at the Olympic Sta\u00addi\u00adum in Berlin. Togeth\u00ader with friends and part\u00adners, we had a suc\u00adcess\u00adful day with many inter\u00adest\u00ading con\u00adver\u00adsa\u00adtions.<\/p><\/div><\/div>\t\t\t\t<\/div>\n\t\t\t\t<div class=\"elementor-element elementor-element-b6e538b elementor-widget elementor-widget-image\" data-id=\"b6e538b\" data-element_type=\"widget\" data-e-type=\"widget\" data-widget_type=\"image.default\">\n\t\t\t\t\t\t\t\t\t\t\t\t\t\t\t\t<a href=\"https:\/\/ilv-fernerkundung.de\/wp-content\/uploads\/2025\/08\/2025-07-27-ILV-Fernerkundung_ISTAF-Berlin-Werbung-scaled.jpg\" target=\"_blank\">\n\t\t\t\t\t\t\t<img decoding=\"async\" src=\"https:\/\/ilv-fernerkundung.de\/wp-content\/uploads\/elementor\/thumbs\/2025-07-27-ILV-Fernerkundung_ISTAF-Berlin-Werbung-scaled-rc2xaw7mq7z5lyaa0c9nzzk6nffjbxy5pri9dx1w04.webp\" title=\"ISTAF Berlin 2025; 27.07.2025\" alt=\"ISTAF Berlin 2025 am 27.07.2025, Berlin.  - Foto: Kenny Beele\" loading=\"lazy\">\t\t\t\t\t\t\t\t<\/a>\n\t\t\t\t\t\t\t\t\t\t\t\t\t\t\t<\/div>\n\t\t\t\t<div class=\"elementor-element elementor-element-5c58a5d elementor-widget elementor-widget-image-box\" data-id=\"5c58a5d\" data-element_type=\"widget\" data-e-type=\"widget\" data-widget_type=\"image-box.default\">\n\t\t\t\t\t<div class=\"elementor-image-box-wrapper\"><div class=\"elementor-image-box-content\"><p class=\"elementor-image-box-description\">The most impor\u00adtant Angolan trade fair FILDA takes place in Luan\u00adda from 22nd \u2014 27th July 2025! And we will be there!  <a><font color=\"red\">Have a look at our stand<\/font><\/a>.<\/p><\/div><\/div>\t\t\t\t<\/div>\n\t\t\t\t<div class=\"elementor-element elementor-element-3566558 elementor-widget elementor-widget-image\" data-id=\"3566558\" data-element_type=\"widget\" data-e-type=\"widget\" data-widget_type=\"image.default\">\n\t\t\t\t\t\t\t\t\t\t\t\t\t\t\t\t<a href=\"https:\/\/filda.german-pavilion.com\/en\/sites\/exhibitors\/122363\" target=\"_blank\" rel=\"noopener\">\n\t\t\t\t\t\t\t<img decoding=\"async\" src=\"https:\/\/ilv-fernerkundung.de\/wp-content\/uploads\/elementor\/thumbs\/banner_mining_indaba-rc31ayx2a17d690apm916mpojlax5rx0uvbjirfh3y.webp\" title=\"banner_mining_indaba\" alt=\"banner_mining_indaba\" loading=\"lazy\">\t\t\t\t\t\t\t\t<\/a>\n\t\t\t\t\t\t\t\t\t\t\t\t\t\t\t<\/div>\n\t\t\t\t<div class=\"elementor-element elementor-element-dfab9a3 elementor-widget elementor-widget-image-box\" data-id=\"dfab9a3\" data-element_type=\"widget\" data-e-type=\"widget\" data-widget_type=\"image-box.default\">\n\t\t\t\t\t<div class=\"elementor-image-box-wrapper\"><div class=\"elementor-image-box-content\"><p class=\"elementor-image-box-description\">ILV \u2014 is a part\u00adner for top per\u00adfor\u00admance, on 27 July 2025 at the Olympias\u00adta\u00addion Berlin and <a><font color=\"red\">here<\/font><\/a>.<\/p><\/div><\/div>\t\t\t\t<\/div>\n\t\t\t\t<div class=\"elementor-element elementor-element-b402d3b elementor-widget elementor-widget-image\" data-id=\"b402d3b\" data-element_type=\"widget\" data-e-type=\"widget\" data-widget_type=\"image.default\">\n\t\t\t\t\t\t\t\t\t\t\t\t\t\t\t\t<a href=\"https:\/\/www.istaf.de\/partner\/\" target=\"_blank\" rel=\"noopener\">\n\t\t\t\t\t\t\t<img decoding=\"async\" src=\"https:\/\/ilv-fernerkundung.de\/wp-content\/uploads\/elementor\/thumbs\/ISTAF-Berlin_2025-07_Werbung_ILV-Fernerkundung-scaled-r6l4iny2v2kq6ue3mep1mkjinb84y58vrtwqmv4lug.png\" title=\"ISTAF-Berlin_2025-07_Werbung_ILV-Fernerkundung\" alt=\"ISTAF-Berlin_2025-07_Werbung_ILV-Fernerkundung\" loading=\"lazy\">\t\t\t\t\t\t\t\t<\/a>\n\t\t\t\t\t\t\t\t\t\t\t\t\t\t\t<\/div>\n\t\t\t\t<div class=\"elementor-element elementor-element-410bc9f elementor-widget elementor-widget-image-box\" data-id=\"410bc9f\" data-element_type=\"widget\" data-e-type=\"widget\" data-widget_type=\"image-box.default\">\n\t\t\t\t\t<div class=\"elementor-image-box-wrapper\"><div class=\"elementor-image-box-content\"><h3 class=\"elementor-image-box-title\">04\/2025<\/h3><p class=\"elementor-image-box-description\">As a mem\u00adber of the Asso\u00adci\u00ada\u00adtion of Raw Mate\u00adri\u00adals and Min\u00ading (FAB), ILV-Fern\u00aderkun\u00addung GmbH had the oppor\u00adtu\u00adni\u00adty to present itself for a day at BAUMA 2025 in Munich. The pic\u00adtures show, among oth\u00aders, Dr Mar\u00adtin Wedig (FAB), employ\u00adees of the AHK for south\u00adern African coun\u00adtries and our Angolan col\u00adleagues from the Luele open-cast mine.<\/p><\/div><\/div>\t\t\t\t<\/div>\n\t\t\t\t<div class=\"elementor-element elementor-element-54846d8 elementor-widget elementor-widget-image\" data-id=\"54846d8\" data-element_type=\"widget\" data-e-type=\"widget\" data-widget_type=\"image.default\">\n\t\t\t\t\t\t\t\t\t\t\t\t\t\t\t\t<a href=\"https:\/\/ilv-fernerkundung.de\/wp-content\/uploads\/2025\/04\/2025-04-07_ILV-Fernerkundung_GmbH_Bauma25Muenchen_1-scaled.jpg\" target=\"_blank\">\n\t\t\t\t\t\t\t<img decoding=\"async\" src=\"https:\/\/ilv-fernerkundung.de\/wp-content\/uploads\/elementor\/thumbs\/2025-04-07_ILV-Fernerkundung_GmbH_Bauma25Muenchen_1-scaled-r45i9ymd5hhgso11nml4a76yc21q6yvv24ps4guq9a.jpg\" title=\"2025\u201304-07_ILV-Fernerkundung_GmbH_Bauma25M\u00fcnchen_1\" alt=\"2025-04-07_ILV-Fernerkundung_GmbH_Bauma25M\u00fcnchen_1\" loading=\"lazy\">\t\t\t\t\t\t\t\t<\/a>\n\t\t\t\t\t\t\t\t\t\t\t\t\t\t\t<\/div>\n\t\t\t\t<div class=\"elementor-element elementor-element-df29df9 elementor-widget elementor-widget-image\" data-id=\"df29df9\" data-element_type=\"widget\" data-e-type=\"widget\" data-widget_type=\"image.default\">\n\t\t\t\t\t\t\t\t\t\t\t\t<figure class=\"wp-caption\">\n\t\t\t\t\t\t\t\t\t\t\t<a href=\"https:\/\/ilv-fernerkundung.de\/wp-content\/uploads\/2025\/04\/2025-04-07_ILV-Fernerkundung_GmbH_Bauma25Muenchen_2a-scaled.jpg\" target=\"_blank\">\n\t\t\t\t\t\t\t<img decoding=\"async\" src=\"https:\/\/ilv-fernerkundung.de\/wp-content\/uploads\/elementor\/thumbs\/2025-04-07_ILV-Fernerkundung_GmbH_Bauma25Muenchen_2a-scaled-rc2xcn6tg4dd7tqsslho51o2g8t4nnw6af7sjggjmu.webp\" title=\"2025\u201304-07_ILV-Fernerkundung_GmbH_Bauma25M\u00fcnchen_2a\" alt=\"2025-04-07_ILV-Fernerkundung_GmbH_Bauma25M\u00fcnchen_2a\" loading=\"lazy\">\t\t\t\t\t\t\t\t<\/a>\n\t\t\t\t\t\t\t\t\t\t\t<figcaption class=\"widget-image-caption wp-caption-text\">ILV at the FAB stand at BAUMA 25<\/figcaption>\n\t\t\t\t\t\t\t\t\t\t<\/figure>\n\t\t\t\t\t\t\t\t\t<\/div>\n\t\t\t\t<div class=\"elementor-element elementor-element-676c26a elementor-widget elementor-widget-image-box\" data-id=\"676c26a\" data-element_type=\"widget\" data-e-type=\"widget\" data-widget_type=\"image-box.default\">\n\t\t\t\t\t<div class=\"elementor-image-box-wrapper\"><div class=\"elementor-image-box-content\"><h3 class=\"elementor-image-box-title\">02\/2025<\/h3><p class=\"elementor-image-box-description\">The Min\u00ading Ind\u00ada\u00adba 2025 min\u00ading trade fair in Cape Town was a com\u00adplete suc\u00adcess for ILV-Fern\u00aderkun\u00addung GmbH and was char\u00adac\u00adterised by many pro\u00adduc\u00adtive dis\u00adcus\u00adsions. They took place not only with our Angolan part\u00adners and Ger\u00adman col\u00adleagues, but also with inter\u00adest\u00aded par\u00adties from all over the world. The pic\u00adtures show the Deputy Ger\u00adman Ambas\u00adsador to South Africa, Enri\u00adco Brandt, Dr Mar\u00adtin Wedig (CEO FAB) and col\u00adleagues from the Luele open-cast mine.<\/p><\/div><\/div>\t\t\t\t<\/div>\n\t\t\t\t<div class=\"elementor-element elementor-element-0bfeac5 elementor-widget elementor-widget-image\" data-id=\"0bfeac5\" data-element_type=\"widget\" data-e-type=\"widget\" data-widget_type=\"image.default\">\n\t\t\t\t\t\t\t\t\t\t\t\t\t\t\t\t<a href=\"https:\/\/ilv-fernerkundung.de\/wp-content\/uploads\/2025\/02\/2025-02_MiningIndaba2025_ILV-Fernerkundung_01-scaled.jpg\" target=\"_blank\">\n\t\t\t\t\t\t\t<img decoding=\"async\" src=\"https:\/\/ilv-fernerkundung.de\/wp-content\/uploads\/elementor\/thumbs\/2025-02_MiningIndaba2025_ILV-Fernerkundung_01-scaled-rc2uqa63cv73p2t5st3ytuw7lpwlxja8ndj05gdb5o.webp\" title=\"2025\u201302_MiningIndaba2025_ILV-Fernerkundung_01\" alt=\"2025-02_MiningIndaba2025_ILV-Fernerkundung_01\" loading=\"lazy\">\t\t\t\t\t\t\t\t<\/a>\n\t\t\t\t\t\t\t\t\t\t\t\t\t\t\t<\/div>\n\t\t\t\t<div class=\"elementor-element elementor-element-34f5d3a elementor-widget elementor-widget-image\" data-id=\"34f5d3a\" data-element_type=\"widget\" data-e-type=\"widget\" data-widget_type=\"image.default\">\n\t\t\t\t\t\t\t\t\t\t\t\t<figure class=\"wp-caption\">\n\t\t\t\t\t\t\t\t\t\t\t<a href=\"https:\/\/ilv-fernerkundung.de\/wp-content\/uploads\/2025\/02\/2025-02_MiningIndaba2025_ILV-Fernerkundung_02-scaled.jpg\" target=\"_blank\">\n\t\t\t\t\t\t\t<img decoding=\"async\" src=\"https:\/\/ilv-fernerkundung.de\/wp-content\/uploads\/elementor\/thumbs\/2025-02_MiningIndaba2025_ILV-Fernerkundung_02-scaled-r45i5nizttl5l0abt9jocsbwbha5wws5gt2nxt8owo.jpg\" title=\"2025\u201302_MiningIndaba2025_ILV-Fernerkundung_02\" alt=\"2025-02_MiningIndaba2025_ILV-Fernerkundung_02\" loading=\"lazy\">\t\t\t\t\t\t\t\t<\/a>\n\t\t\t\t\t\t\t\t\t\t\t<figcaption class=\"widget-image-caption wp-caption-text\">Stand of ILV \/ Mibrag-CI at Min\u00ading Ind\u00ada\u00adba 2025<\/figcaption>\n\t\t\t\t\t\t\t\t\t\t<\/figure>\n\t\t\t\t\t\t\t\t\t<\/div>\n\t\t\t\t<div class=\"elementor-element elementor-element-8e8cd7d elementor-widget elementor-widget-image-box\" data-id=\"8e8cd7d\" data-element_type=\"widget\" data-e-type=\"widget\" data-widget_type=\"image-box.default\">\n\t\t\t\t\t<div class=\"elementor-image-box-wrapper\"><div class=\"elementor-image-box-content\"><h3 class=\"elementor-image-box-title\">02\/2025<\/h3><p class=\"elementor-image-box-description\">The min\u00ading trade fair Min\u00ading Ind\u00ada\u00adba takes place in Cape Town from 03rd \u2014 06th Feb\u00adru\u00adary 2025! And we will be there! <a href=\"https:\/\/mining-indaba.german-pavilion.com\/en\/sites\/exhibitors\/115966\" target=\"_blank\" rel=\"noopener\"><font color=\"red\">Have a look at our stand<\/font><\/a>.<\/p><\/div><\/div>\t\t\t\t<\/div>\n\t\t\t\t<div class=\"elementor-element elementor-element-727c5c9 elementor-widget elementor-widget-image\" data-id=\"727c5c9\" data-element_type=\"widget\" data-e-type=\"widget\" data-widget_type=\"image.default\">\n\t\t\t\t\t\t\t\t\t\t\t\t\t\t\t\t<a href=\"https:\/\/mining-indaba.german-pavilion.com\/en\/sites\/exhibitors\/115966\" target=\"_blank\" rel=\"noopener\">\n\t\t\t\t\t\t\t<img decoding=\"async\" src=\"https:\/\/ilv-fernerkundung.de\/wp-content\/uploads\/elementor\/thumbs\/banner_mining_indaba-rc31ayx2a17d690apm916mpojlax5rx0uvbjirfh3y.webp\" title=\"banner_mining_indaba\" alt=\"banner_mining_indaba\" loading=\"lazy\">\t\t\t\t\t\t\t\t<\/a>\n\t\t\t\t\t\t\t\t\t\t\t\t\t\t\t<\/div>\n\t\t\t\t<div class=\"elementor-element elementor-element-a5862ee elementor-widget elementor-widget-image-box\" data-id=\"a5862ee\" data-element_type=\"widget\" data-e-type=\"widget\" data-widget_type=\"image-box.default\">\n\t\t\t\t\t<div class=\"elementor-image-box-wrapper\"><div class=\"elementor-image-box-content\"><h3 class=\"elementor-image-box-title\">12\/2024<\/h3><p class=\"elementor-image-box-description\">Our col\u00adleague Dr. Kuria B. Thiong\u2019o is tak\u00ading part in the 5th Ger\u00adman-African Busi\u00adness Sum\u00admit (GABS) in Nar\u00adi\u00ado\u00adbi (Kenya) on behalf of the ILV from 02nd to 04th Decem\u00adber 2024.<\/p><\/div><\/div>\t\t\t\t<\/div>\n\t\t\t\t<div class=\"elementor-element elementor-element-ea764f0 elementor-widget elementor-widget-image\" data-id=\"ea764f0\" data-element_type=\"widget\" data-e-type=\"widget\" data-widget_type=\"image.default\">\n\t\t\t\t\t\t\t\t\t\t\t\t<figure class=\"wp-caption\">\n\t\t\t\t\t\t\t\t\t\t\t<a href=\"https:\/\/ilv-fernerkundung.de\/wp-content\/uploads\/2024\/12\/2024-12-04_ILV-Fernerkundung_German-African_Business_Summit_GABS_Nairobi_2.jpeg\" target=\"_blank\">\n\t\t\t\t\t\t\t<img decoding=\"async\" src=\"https:\/\/ilv-fernerkundung.de\/wp-content\/uploads\/elementor\/thumbs\/2024-12-04_ILV-Fernerkundung_German-African_Business_Summit_GABS_Nairobi_2-qy10g1muiiyqal5mjgt4z82bku5rqfvvryr74ew976.jpeg\" title=\"2024\u201312-04_ILV-Fernerkundung_German-African_Business_Summit_GABS_Nairobi_2\" alt=\"2024-12-04_ILV-Fernerkundung_German-African_Business_Summit_GABS_Nairobi_2\" loading=\"lazy\">\t\t\t\t\t\t\t\t<\/a>\n\t\t\t\t\t\t\t\t\t\t\t<figcaption class=\"widget-image-caption wp-caption-text\"><\/figcaption>\n\t\t\t\t\t\t\t\t\t\t<\/figure>\n\t\t\t\t\t\t\t\t\t<\/div>\n\t\t\t\t<div class=\"elementor-element elementor-element-d574925 elementor-widget elementor-widget-image-box\" data-id=\"d574925\" data-element_type=\"widget\" data-e-type=\"widget\" data-widget_type=\"image-box.default\">\n\t\t\t\t\t<div class=\"elementor-image-box-wrapper\"><div class=\"elementor-image-box-content\"><h3 class=\"elementor-image-box-title\">10\/2024<\/h3><p class=\"elementor-image-box-description\">The con\u00adfer\u00adence of the SAGA (South\u00adern African Geo\u00adphys\u00adi\u00adcal Asso\u00adci\u00ada\u00adtion) in Wind\u00adhoek was par\u00adtic\u00adu\u00adlar\u00adly char\u00adac\u00adter\u00adized by its spe\u00adcial\u00adist char\u00adac\u00adter. Togeth\u00ader with Dr. Edgar Stet\u00adtler from South Africa, ILV was able to make con\u00adtacts with a large num\u00adber of glob\u00adal and Ger\u00adman experts in Namib\u00adia and dis\u00adcuss pos\u00adsi\u00adble future projects.<\/p><\/div><\/div>\t\t\t\t<\/div>\n\t\t\t\t<div class=\"elementor-element elementor-element-97f9a9e elementor-widget elementor-widget-image\" data-id=\"97f9a9e\" data-element_type=\"widget\" data-e-type=\"widget\" data-widget_type=\"image.default\">\n\t\t\t\t\t\t\t\t\t\t\t\t\t\t\t\t<a href=\"https:\/\/ilv-fernerkundung.de\/wp-content\/uploads\/2024\/10\/2024-10_ILV-Fernerkundung_SAGA24_Windhoek_1.jpeg\" target=\"_blank\">\n\t\t\t\t\t\t\t<img decoding=\"async\" src=\"https:\/\/ilv-fernerkundung.de\/wp-content\/uploads\/elementor\/thumbs\/2024-10_ILV-Fernerkundung_SAGA24_Windhoek_1-qw0yfo95wissqv5zok3tng0mg1ub18eim8mv4wu0p2.jpeg\" title=\"2024\u201310_ILV-Fernerkundung_SAGA24_Windhoek_1\" alt=\"2024-10_ILV-Fernerkundung_SAGA24_Windhoek_1\" loading=\"lazy\">\t\t\t\t\t\t\t\t<\/a>\n\t\t\t\t\t\t\t\t\t\t\t\t\t\t\t<\/div>\n\t\t\t\t<div class=\"elementor-element elementor-element-eff9a0b elementor-widget elementor-widget-image\" data-id=\"eff9a0b\" data-element_type=\"widget\" data-e-type=\"widget\" data-widget_type=\"image.default\">\n\t\t\t\t\t\t\t\t\t\t\t\t<figure class=\"wp-caption\">\n\t\t\t\t\t\t\t\t\t\t\t<a href=\"https:\/\/ilv-fernerkundung.de\/wp-content\/uploads\/2024\/10\/2024-10_ILV-Fernerkundung_SAGA24_Windhoek_2-scaled.jpeg\" target=\"_blank\">\n\t\t\t\t\t\t\t<img decoding=\"async\" src=\"https:\/\/ilv-fernerkundung.de\/wp-content\/uploads\/elementor\/thumbs\/2024-10_ILV-Fernerkundung_SAGA24_Windhoek_2-scaled-rc2vhn8yb8nlof2a0mwzeyba5j1a0bwxqt7v3fspvs.webp\" title=\"2024\u201310_ILV-Fernerkundung_SAGA24_Windhoek_2\" alt=\"2024-10_ILV-Fernerkundung_SAGA24_Windhoek_2\" loading=\"lazy\">\t\t\t\t\t\t\t\t<\/a>\n\t\t\t\t\t\t\t\t\t\t\t<figcaption class=\"widget-image-caption wp-caption-text\">Stand of ILV \/ Mibrag-CI at FILDA 2024<\/figcaption>\n\t\t\t\t\t\t\t\t\t\t<\/figure>\n\t\t\t\t\t\t\t\t\t<\/div>\n\t\t\t\t<div class=\"elementor-element elementor-element-347d6a4 elementor-widget elementor-widget-image-box\" data-id=\"347d6a4\" data-element_type=\"widget\" data-e-type=\"widget\" data-widget_type=\"image-box.default\">\n\t\t\t\t\t<div class=\"elementor-image-box-wrapper\"><div class=\"elementor-image-box-content\"><h3 class=\"elementor-image-box-title\">09\/2024<\/h3><p class=\"elementor-image-box-description\">ILV\u2019s first par\u00adtic\u00adi\u00adpa\u00adtion at MIN\u00adEx\u00adpo Inter\u00adna\u00adtion\u00adal in Las Vegas was char\u00adac\u00adter\u00adized by many pro\u00adduc\u00adtive dis\u00adcus\u00adsions. Melanie Simond from the Berlin Press Ball and Char\u00adlie McK\u00adoss as an intern accom\u00adpa\u00adnied us at this trade fair. The news\u00adpa\u00adper \u201cMin\u00ading Indus\u00adtry News\u201d has pub\u00adlished an arti\u00adcle about ILV. <a href=\"https:\/\/ilv-fernerkundung.de\/wp-content\/uploads\/2025\/01\/2024-09_ILV-Fernerkundung_Mining_Industry_News_MINExpo2024_LasVegas_Article-2.pdf\" target=\"_blank\"><font color=\"red\"><br>Click <\/font><\/a>here for the full arti\u00adcle.<\/p><\/div><\/div>\t\t\t\t<\/div>\n\t\t\t\t<div class=\"elementor-element elementor-element-82ab580 elementor-widget elementor-widget-image\" data-id=\"82ab580\" data-element_type=\"widget\" data-e-type=\"widget\" data-widget_type=\"image.default\">\n\t\t\t\t\t\t\t\t\t\t\t\t<figure class=\"wp-caption\">\n\t\t\t\t\t\t\t\t\t\t\t<a href=\"https:\/\/ilv-fernerkundung.de\/wp-content\/uploads\/2024\/10\/2024-09_ILV-Fernerkundung_MINExpo_Las_Vegas.jpeg\" target=\"_blank\">\n\t\t\t\t\t\t\t<img decoding=\"async\" src=\"https:\/\/ilv-fernerkundung.de\/wp-content\/uploads\/elementor\/thumbs\/2024-09_ILV-Fernerkundung_MINExpo_Las_Vegas-qw0yfnbbporif97cu1p72y95unyxtjasa3zdnmvepg.jpeg\" title=\"2024\u201309_ILV-Fernerkundung_MINExpo_Las_Vegas\" alt=\"2024-09_ILV-Fernerkundung_MINExpo_Las_Vegas\" loading=\"lazy\">\t\t\t\t\t\t\t\t<\/a>\n\t\t\t\t\t\t\t\t\t\t\t<figcaption class=\"widget-image-caption wp-caption-text\">Stand of ILV \/ Mibrag-CI at MIN\u00adEx\u00adpo 2024<\/figcaption>\n\t\t\t\t\t\t\t\t\t\t<\/figure>\n\t\t\t\t\t\t\t\t\t<\/div>\n\t\t\t\t<div class=\"elementor-element elementor-element-1283f17 elementor-widget elementor-widget-image-box\" data-id=\"1283f17\" data-element_type=\"widget\" data-e-type=\"widget\" data-widget_type=\"image-box.default\">\n\t\t\t\t\t<div class=\"elementor-image-box-wrapper\"><div class=\"elementor-image-box-content\"><p class=\"elementor-image-box-description\">The exhi\u00adbi\u00adtion Inter\u00adgeo 2024 in Stuttgart was a great suc\u00adcess for ILV. The stand was well attend\u00aded and we were able to meet many busi\u00adness part\u00adners and friends in per\u00adson. This time we were accom\u00adpa\u00adnied by our long-time friend and col\u00adleague Dr. Kuria B. Thiong\u2019o from Kenya.<\/p><\/div><\/div>\t\t\t\t<\/div>\n\t\t\t\t<div class=\"elementor-element elementor-element-fbab384 elementor-widget elementor-widget-image\" data-id=\"fbab384\" data-element_type=\"widget\" data-e-type=\"widget\" data-widget_type=\"image.default\">\n\t\t\t\t\t\t\t\t\t\t\t\t\t\t\t\t<a href=\"https:\/\/ilv-fernerkundung.de\/wp-content\/uploads\/2024\/10\/2024-09_ILV-Fernerkundung_INTERGEO24_1-scaled.jpg\" target=\"_blank\">\n\t\t\t\t\t\t\t<img decoding=\"async\" src=\"https:\/\/ilv-fernerkundung.de\/wp-content\/uploads\/elementor\/thumbs\/2024-09_ILV-Fernerkundung_INTERGEO24_1-scaled-rc2wmsmli4zhxvahqf90kkhqcs7qzb9wqhd3fis9aw.webp\" title=\"2024\u201309_ILV-Fernerkundung_INTERGEO24_1\" alt=\"2024-09_ILV-Fernerkundung_INTERGEO24_1\" loading=\"lazy\">\t\t\t\t\t\t\t\t<\/a>\n\t\t\t\t\t\t\t\t\t\t\t\t\t\t\t<\/div>\n\t\t\t\t<div class=\"elementor-element elementor-element-9236cd0 elementor-widget elementor-widget-image\" data-id=\"9236cd0\" data-element_type=\"widget\" data-e-type=\"widget\" data-widget_type=\"image.default\">\n\t\t\t\t\t\t\t\t\t\t\t\t<figure class=\"wp-caption\">\n\t\t\t\t\t\t\t\t\t\t\t<a href=\"https:\/\/ilv-fernerkundung.de\/wp-content\/uploads\/2024\/10\/2024-09_ILV-Fernerkundung_INTERGEO24_2.jpg\" target=\"_blank\">\n\t\t\t\t\t\t\t<img decoding=\"async\" src=\"https:\/\/ilv-fernerkundung.de\/wp-content\/uploads\/elementor\/thumbs\/2024-09_ILV-Fernerkundung_INTERGEO24_2-rc2whxsm6yc5yecg3boeoslzv45h7lzu2g0s61zk3s.webp\" title=\"2024\u201309_ILV-Fernerkundung_INTERGEO24_2\" alt=\"2024-09_ILV-Fernerkundung_INTERGEO24_2\" loading=\"lazy\">\t\t\t\t\t\t\t\t<\/a>\n\t\t\t\t\t\t\t\t\t\t\t<figcaption class=\"widget-image-caption wp-caption-text\">Stand of ILV at Inter\u00adgeo 2024<\/figcaption>\n\t\t\t\t\t\t\t\t\t\t<\/figure>\n\t\t\t\t\t\t\t\t\t<\/div>\n\t\t\t\t<div class=\"elementor-element elementor-element-e1d5b2f elementor-widget elementor-widget-image-box\" data-id=\"e1d5b2f\" data-element_type=\"widget\" data-e-type=\"widget\" data-widget_type=\"image-box.default\">\n\t\t\t\t\t<div class=\"elementor-image-box-wrapper\"><div class=\"elementor-image-box-content\"><h3 class=\"elementor-image-box-title\">07\/2024<\/h3><p class=\"elementor-image-box-description\">ILV and its part\u00adners suc\u00adcess\u00adful\u00adly con\u00adclud\u00aded FILDA 2024 in Luan\u00adda! Among oth\u00aders, the Ger\u00adman Ambas\u00adsador to Ango\u00adla Dr Ste\u00adfan Trau\u00admann and AHK Head Mr Van\u00addr\u00e9 Spellmeier vis\u00adit\u00aded the ILV\/MCI stand. Here are a few impres\u00adsions of the fair:<\/p><\/div><\/div>\t\t\t\t<\/div>\n\t\t\t\t<div class=\"elementor-element elementor-element-cf7b648 elementor-widget elementor-widget-image\" data-id=\"cf7b648\" data-element_type=\"widget\" data-e-type=\"widget\" data-widget_type=\"image.default\">\n\t\t\t\t\t\t\t\t\t\t\t\t\t\t\t\t<a href=\"https:\/\/ilv-fernerkundung.de\/wp-content\/uploads\/2024\/08\/2024-08-05_ILV-Website_FILDA_01_ja.jpg\" target=\"_blank\">\n\t\t\t\t\t\t\t<img decoding=\"async\" src=\"https:\/\/ilv-fernerkundung.de\/wp-content\/uploads\/elementor\/thumbs\/2024-08-05_ILV-Website_FILDA_01_ja-qsamhyvx3nn531zhn3hj8vutf1jw9jgomelg99azki.jpg\" title=\"2024\u201308-05_ILV-Website_FILDA_01_ja\" alt=\"2024-08-05_ILV-Website_FILDA_01_ja\" loading=\"lazy\">\t\t\t\t\t\t\t\t<\/a>\n\t\t\t\t\t\t\t\t\t\t\t\t\t\t\t<\/div>\n\t\t\t\t<div class=\"elementor-element elementor-element-ca41c3e elementor-widget elementor-widget-image\" data-id=\"ca41c3e\" data-element_type=\"widget\" data-e-type=\"widget\" data-widget_type=\"image.default\">\n\t\t\t\t\t\t\t\t\t\t\t\t<figure class=\"wp-caption\">\n\t\t\t\t\t\t\t\t\t\t\t<a href=\"https:\/\/ilv-fernerkundung.de\/wp-content\/uploads\/2024\/08\/2024-08-05_ILV-Website_FILDA_02_ja-scaled.jpg\" target=\"_blank\">\n\t\t\t\t\t\t\t<img decoding=\"async\" src=\"https:\/\/ilv-fernerkundung.de\/wp-content\/uploads\/elementor\/thumbs\/2024-08-05_ILV-Website_FILDA_02_ja-scaled-rc2wnjvx0c0tak6wb9172vm3kyhe6ja4i8a6cjnupg.webp\" title=\"2024\u201308-05_ILV-Website_FILDA_02_ja\" alt=\"2024-08-05_ILV-Website_FILDA_02_ja\" loading=\"lazy\">\t\t\t\t\t\t\t\t<\/a>\n\t\t\t\t\t\t\t\t\t\t\t<figcaption class=\"widget-image-caption wp-caption-text\">Stand of ILV \/ Mibrag-CI at FILDA 2024<\/figcaption>\n\t\t\t\t\t\t\t\t\t\t<\/figure>\n\t\t\t\t\t\t\t\t\t<\/div>\n\t\t\t\t<div class=\"elementor-element elementor-element-b864fb5 elementor-widget elementor-widget-image-box\" data-id=\"b864fb5\" data-element_type=\"widget\" data-e-type=\"widget\" data-widget_type=\"image-box.default\">\n\t\t\t\t\t<div class=\"elementor-image-box-wrapper\"><div class=\"elementor-image-box-content\"><h3 class=\"elementor-image-box-title\">10\/2024<\/h3><p class=\"elementor-image-box-description\">The geo\u00adphys\u00adi\u00adcal trade fair SAGA2024 will take place from 01strd \u2014 04th Octo\u00adber 2025 in Wind\u00adhoek! And we will be there! <a><font color=\"red\">Have a look at our stand<\/font><\/a>.<\/p><\/div><\/div>\t\t\t\t<\/div>\n\t\t\t\t<div class=\"elementor-element elementor-element-9cccdc9 elementor-widget elementor-widget-image\" data-id=\"9cccdc9\" data-element_type=\"widget\" data-e-type=\"widget\" data-widget_type=\"image.default\">\n\t\t\t\t\t\t\t\t\t\t\t\t\t\t\t\t<a href=\"https:\/\/sagaconference.co.za\/\" target=\"_blank\" rel=\"noopener\">\n\t\t\t\t\t\t\t<img decoding=\"async\" src=\"https:\/\/ilv-fernerkundung.de\/wp-content\/uploads\/elementor\/thumbs\/SAGA2024_Signatur_Werbung_exhibitor-rc2x62bhlvd3y3av7r3oopfwr58mrxrtdutflq7p9o.webp\" title=\"SAGA2024_Signatur_Werbung_exhibitor\" alt=\"SAGA2024_Signatur_Werbung_exhibitor\" loading=\"lazy\">\t\t\t\t\t\t\t\t<\/a>\n\t\t\t\t\t\t\t\t\t\t\t\t\t\t\t<\/div>\n\t\t\t\t<div class=\"elementor-element elementor-element-785bf16 elementor-widget elementor-widget-image-box\" data-id=\"785bf16\" data-element_type=\"widget\" data-e-type=\"widget\" data-widget_type=\"image-box.default\">\n\t\t\t\t\t<div class=\"elementor-image-box-wrapper\"><div class=\"elementor-image-box-content\"><h3 class=\"elementor-image-box-title\">09\/2024<\/h3><p class=\"elementor-image-box-description\">The INTERGEO 2024 will take place in Stuttgart from 24th  \u201126th Sep\u00adtem\u00adber 2024. We look for\u00adward to see\u00ading you at our stand L1.053 in hall 1!<\/p><\/div><\/div>\t\t\t\t<\/div>\n\t\t\t\t<div class=\"elementor-element elementor-element-bf60fe3 elementor-widget elementor-widget-image\" data-id=\"bf60fe3\" data-element_type=\"widget\" data-e-type=\"widget\" data-widget_type=\"image.default\">\n\t\t\t\t\t\t\t\t\t\t\t\t\t\t\t\t<a href=\"https:\/\/www.intergeo.de\/de\/\" target=\"_blank\" rel=\"noopener\">\n\t\t\t\t\t\t\t<img decoding=\"async\" src=\"https:\/\/ilv-fernerkundung.de\/wp-content\/uploads\/elementor\/thumbs\/INTERGEO_Banner-rc2xp6dcklj00njfm0ildvtbl71badnc0gcuw9vido.webp\" title=\"INTERGEO_Banner\" alt=\"INTERGEO_Banner\" loading=\"lazy\">\t\t\t\t\t\t\t\t<\/a>\n\t\t\t\t\t\t\t\t\t\t\t\t\t\t\t<\/div>\n\t\t\t\t<div class=\"elementor-element elementor-element-c0addef elementor-widget elementor-widget-image-box\" data-id=\"c0addef\" data-element_type=\"widget\" data-e-type=\"widget\" data-widget_type=\"image-box.default\">\n\t\t\t\t\t<div class=\"elementor-image-box-wrapper\"><div class=\"elementor-image-box-content\"><p class=\"elementor-image-box-description\">The min\u00ading trade fair MIN\u00adEx\u00adpo Inter\u00adna\u00adtion\u00adal will take place in Las Vegas from 24th \u2014 26th of Sep\u00adtem\u00adber 2024! And we will be there! <a><font color=\"red\">Have a look at our stand<\/font><\/a>.<\/p><\/div><\/div>\t\t\t\t<\/div>\n\t\t\t\t<div class=\"elementor-element elementor-element-650c3d7 elementor-widget elementor-widget-image\" data-id=\"650c3d7\" data-element_type=\"widget\" data-e-type=\"widget\" data-widget_type=\"image.default\">\n\t\t\t\t\t\t\t\t\t\t\t\t\t\t\t\t<a href=\"https:\/\/minexpo.german-pavilion.com\/en\/sites\/exhibitors\/103177\" target=\"_blank\" rel=\"noopener\">\n\t\t\t\t\t\t\t<img decoding=\"async\" src=\"https:\/\/ilv-fernerkundung.de\/wp-content\/uploads\/elementor\/thumbs\/banner_mining_indaba-rc31ayx2a17d690apm916mpojlax5rx0uvbjirfh3y.webp\" title=\"banner_mining_indaba\" alt=\"banner_mining_indaba\" loading=\"lazy\">\t\t\t\t\t\t\t\t<\/a>\n\t\t\t\t\t\t\t\t\t\t\t\t\t\t\t<\/div>\n\t\t\t\t<div class=\"elementor-element elementor-element-f89cb29 elementor-widget elementor-widget-image-box\" data-id=\"f89cb29\" data-element_type=\"widget\" data-e-type=\"widget\" data-widget_type=\"image-box.default\">\n\t\t\t\t\t<div class=\"elementor-image-box-wrapper\"><div class=\"elementor-image-box-content\"><h3 class=\"elementor-image-box-title\">02\/2024<\/h3><p class=\"elementor-image-box-description\">ILV \/ Mibrag-CI exhibitors on the Min\u00ading Ind\u00ada\u00adba 2024<\/p><\/div><\/div>\t\t\t\t<\/div>\n\t\t\t\t<div class=\"elementor-element elementor-element-836fe17 elementor-widget elementor-widget-image\" data-id=\"836fe17\" data-element_type=\"widget\" data-e-type=\"widget\" data-widget_type=\"image.default\">\n\t\t\t\t\t\t\t\t\t\t\t\t\t\t\t\t<a href=\"https:\/\/ilv-fernerkundung.de\/wp-content\/uploads\/2024\/02\/1000010559-rotated.jpg\" target=\"_blank\">\n\t\t\t\t\t\t\t<img decoding=\"async\" src=\"https:\/\/ilv-fernerkundung.de\/wp-content\/uploads\/elementor\/thumbs\/1000010559-rotated-rc2y5jq5lpxs85rd0l9ob93c1scgcln19heasrlp9w.webp\" title=\"1000010559\" alt=\"1000010559\" loading=\"lazy\">\t\t\t\t\t\t\t\t<\/a>\n\t\t\t\t\t\t\t\t\t\t\t\t\t\t\t<\/div>\n\t\t\t\t<div class=\"elementor-element elementor-element-732cccf elementor-widget elementor-widget-image\" data-id=\"732cccf\" data-element_type=\"widget\" data-e-type=\"widget\" data-widget_type=\"image.default\">\n\t\t\t\t\t\t\t\t\t\t\t\t<figure class=\"wp-caption\">\n\t\t\t\t\t\t\t\t\t\t\t<a href=\"https:\/\/ilv-fernerkundung.de\/wp-content\/uploads\/2024\/02\/1000010558-rotated.jpg\" target=\"_blank\">\n\t\t\t\t\t\t\t<img decoding=\"async\" src=\"https:\/\/ilv-fernerkundung.de\/wp-content\/uploads\/elementor\/thumbs\/1000010558-rotated-qjf0u0tok3nzombsrnudkb33922xnvib77sujfmhpw.jpg\" title=\"1000010558\" alt=\"1000010558\" loading=\"lazy\">\t\t\t\t\t\t\t\t<\/a>\n\t\t\t\t\t\t\t\t\t\t\t<figcaption class=\"widget-image-caption wp-caption-text\">stand of ILV \/ Mibrag-CI at Min\u00ading Ind\u00ada\u00adba 2024<\/figcaption>\n\t\t\t\t\t\t\t\t\t\t<\/figure>\n\t\t\t\t\t\t\t\t\t<\/div>\n\t\t\t\t<div class=\"elementor-element elementor-element-67fe3e8 elementor-widget elementor-widget-image-box\" data-id=\"67fe3e8\" data-element_type=\"widget\" data-e-type=\"widget\" data-widget_type=\"image-box.default\">\n\t\t\t\t\t<div class=\"elementor-image-box-wrapper\"><div class=\"elementor-image-box-content\"><h3 class=\"elementor-image-box-title\">11\/2023<\/h3><p class=\"elementor-image-box-description\">Vis\u00adit of the Ango\u00adlian del\u00ade\u00adga\u00adtion of min\u00ading at ILV-MIBRAG.<\/p><\/div><\/div>\t\t\t\t<\/div>\n\t\t\t\t<div class=\"elementor-element elementor-element-72bebe2 elementor-widget elementor-widget-image\" data-id=\"72bebe2\" data-element_type=\"widget\" data-e-type=\"widget\" data-widget_type=\"image.default\">\n\t\t\t\t\t\t\t\t\t\t\t\t<figure class=\"wp-caption\">\n\t\t\t\t\t\t\t\t\t\t\t<a href=\"https:\/\/ilv-fernerkundung.de\/wp-content\/uploads\/2023\/11\/Foto-Betriebsratsversammlung-MIBRAG-23-1.jpg\" target=\"_blank\">\n\t\t\t\t\t\t\t<img decoding=\"async\" src=\"https:\/\/ilv-fernerkundung.de\/wp-content\/uploads\/elementor\/thumbs\/Foto-Betriebsratsversammlung-MIBRAG-23-1-qfqb98i38gi9shg2uc0w7l6srymv9n2fdykz0d1l4k.jpg\" title=\"Foto Betriebsratsversammlung MIBRAG 23 1\" alt=\"Foto Betriebsratsversammlung MIBRAG 23 1\" loading=\"lazy\">\t\t\t\t\t\t\t\t<\/a>\n\t\t\t\t\t\t\t\t\t\t\t<figcaption class=\"widget-image-caption wp-caption-text\">Group pho\u00adto with the Prime Min\u00adis\u00adter Michael Kretschmer, the Man\u00adag\u00ading Direc\u00adtor of MIBRAG Dr. Armin Eich\u00adholz and the Chair\u00adman of the Works Coun\u00adcil Matthias Lindig.<\/figcaption>\n\t\t\t\t\t\t\t\t\t\t<\/figure>\n\t\t\t\t\t\t\t\t\t<\/div>\n\t\t\t\t<div class=\"elementor-element elementor-element-7116e74 elementor-widget elementor-widget-image-box\" data-id=\"7116e74\" data-element_type=\"widget\" data-e-type=\"widget\" data-widget_type=\"image-box.default\">\n\t\t\t\t\t<div class=\"elementor-image-box-wrapper\"><div class=\"elementor-image-box-content\"><h3 class=\"elementor-image-box-title\">10\/2023<\/h3><p class=\"elementor-image-box-description\">The exhi\u00adbi\u00adtion Inter\u00adgeo 2023 in Berlin was a great suc\u00adcess for ILV. We are look\u00ading for\u00adward to next years event!<\/p><\/div><\/div>\t\t\t\t<\/div>\n\t\t\t\t<div class=\"elementor-element elementor-element-257acce elementor-widget elementor-widget-image\" data-id=\"257acce\" data-element_type=\"widget\" data-e-type=\"widget\" data-widget_type=\"image.default\">\n\t\t\t\t\t\t\t\t\t\t\t\t<figure class=\"wp-caption\">\n\t\t\t\t\t\t\t\t\t\t\t<a href=\"https:\/\/ilv-fernerkundung.de\/wp-content\/uploads\/2023\/11\/DSC_2056-scaled.jpg\" target=\"_blank\">\n\t\t\t\t\t\t\t<img decoding=\"async\" src=\"https:\/\/ilv-fernerkundung.de\/wp-content\/uploads\/elementor\/thumbs\/DSC_2056-scaled-rc2yquqgij3rdyt8lst8tvjgs7bytm806xqiek0ftu.webp\" title=\"DSC_2056\" alt=\"DSC_2056\" loading=\"lazy\">\t\t\t\t\t\t\t\t<\/a>\n\t\t\t\t\t\t\t\t\t\t\t<figcaption class=\"widget-image-caption wp-caption-text\">Pho\u00adto: exhi\u00adbi\u00adtion stand from ILV @Intergeo 2023<\/figcaption>\n\t\t\t\t\t\t\t\t\t\t<\/figure>\n\t\t\t\t\t\t\t\t\t<\/div>\n\t\t\t\t<div class=\"elementor-element elementor-element-12191eb elementor-widget elementor-widget-image-box\" data-id=\"12191eb\" data-element_type=\"widget\" data-e-type=\"widget\" data-widget_type=\"image-box.default\">\n\t\t\t\t\t<div class=\"elementor-image-box-wrapper\"><div class=\"elementor-image-box-content\"><h3 class=\"elementor-image-box-title\">06\/2023<\/h3><p class=\"elementor-image-box-description\">A short arti\u00adcle about ILV\u2019s project abroad in Ango\u00adla. Click on the image to read the full arti\u00adcle!<\/p><\/div><\/div>\t\t\t\t<\/div>\n\t\t\t\t<div class=\"elementor-element elementor-element-a04fe8c elementor-widget elementor-widget-image\" data-id=\"a04fe8c\" data-element_type=\"widget\" data-e-type=\"widget\" data-widget_type=\"image.default\">\n\t\t\t\t\t\t\t\t\t\t\t\t<figure class=\"wp-caption\">\n\t\t\t\t\t\t\t\t\t\t\t<a href=\"https:\/\/ilv-fernerkundung.de\/wp-content\/uploads\/2023\/06\/2023-3-02-Beitrag-website_Angola-Ministerbesuch_dt-port-1.pdf\" target=\"_blank\">\n\t\t\t\t\t\t\t<img decoding=\"async\" src=\"https:\/\/ilv-fernerkundung.de\/wp-content\/uploads\/elementor\/thumbs\/2023-06-08_Bild_Inetseite-q7whgdp29acxqdsdmi8mxv554rr5w8fezz0fzj5w24.jpg\" title=\"2023\u201306-08_Bild_Inetseite\" alt=\"2023-06-08_Bild_Inetseite\" loading=\"lazy\">\t\t\t\t\t\t\t\t<\/a>\n\t\t\t\t\t\t\t\t\t\t\t<figcaption class=\"widget-image-caption wp-caption-text\">Pho\u00adto: Dr Azevo\u00addo (cen\u00adtre), Dipl.-Ing. Mar\u00adtin Wag\u00adn\u00ader (right)<\/figcaption>\n\t\t\t\t\t\t\t\t\t\t<\/figure>\n\t\t\t\t\t\t\t\t\t<\/div>\n\t\t\t\t<div class=\"elementor-element elementor-element-f141da6 elementor-widget elementor-widget-image-box\" data-id=\"f141da6\" data-element_type=\"widget\" data-e-type=\"widget\" data-widget_type=\"image-box.default\">\n\t\t\t\t\t<div class=\"elementor-image-box-wrapper\"><div class=\"elementor-image-box-content\"><h3 class=\"elementor-image-box-title\">05\/2023<\/h3><p class=\"elementor-image-box-description\">In the cur\u00adrent edi\u00adtion of the the\u00admat\u00adic mag\u00ada\u00adzine book\u00adlet 2|2023 \u201cCri\u00adsis man\u00adage\u00adment and trans\u00adfor\u00adma\u00adtion\u201d, ILV con\u00adtributes to the top\u00adic of econ\u00ado\u00admy. <br> Click \n<a href=\"https:\/\/ilv-fernerkundung.de\/wp-content\/uploads\/2023\/05\/S.-22-ILV-Martin-Wagner_Hochaufloesende-Luftbilder-und-praezise-Tagebauvermessung.pdf\" target=\"_blank\"><font color=\"red\">here <\/font><\/a>for the full arti\u00adcle.<\/p><\/div><\/div>\t\t\t\t<\/div>\n\t\t\t\t<div class=\"elementor-element elementor-element-016aea9 elementor-widget elementor-widget-image\" data-id=\"016aea9\" data-element_type=\"widget\" data-e-type=\"widget\" data-widget_type=\"image.default\">\n\t\t\t\t\t\t\t\t\t\t\t\t<figure class=\"wp-caption\">\n\t\t\t\t\t\t\t\t\t\t\t<a href=\"https:\/\/ilv-fernerkundung.de\/wp-content\/uploads\/2023\/05\/MAGAZIN.jpg\" target=\"_blank\">\n\t\t\t\t\t\t\t<img decoding=\"async\" src=\"https:\/\/ilv-fernerkundung.de\/wp-content\/uploads\/elementor\/thumbs\/MAGAZIN-q69dkgitxpd65p9aq1g1oliskeqdyg649riahok716.jpg\" title=\"MAGAZIN\" alt=\"MAGAZIN\" loading=\"lazy\">\t\t\t\t\t\t\t\t<\/a>\n\t\t\t\t\t\t\t\t\t\t\t<figcaption class=\"widget-image-caption wp-caption-text\"><\/figcaption>\n\t\t\t\t\t\t\t\t\t\t<\/figure>\n\t\t\t\t\t\t\t\t\t<\/div>\n\t\t\t\t<div class=\"elementor-element elementor-element-3d53c7f elementor-widget elementor-widget-image-box\" data-id=\"3d53c7f\" data-element_type=\"widget\" data-e-type=\"widget\" data-widget_type=\"image-box.default\">\n\t\t\t\t\t<div class=\"elementor-image-box-wrapper\"><div class=\"elementor-image-box-content\"><h3 class=\"elementor-image-box-title\">02\/2023<\/h3><p class=\"elementor-image-box-description\">ILV suc\u00adcess\u00adful\u00adly com\u00adplet\u00aded the Min\u00ading Ind\u00ada\u00adba trade fair in Cape Town! <a href=\"http:\/\/cdn.creamermedia.com\/e-magazines\/engineering-news\/EngineeringNewsandMiningWeeklyon03February2023\/index.html\" target=\"_blank\" rel=\"noopener\"><font color=\"red\">Here you will find the link to the fair mag\u00ada\u00adzine!<\/font><\/a><\/p><\/div><\/div>\t\t\t\t<\/div>\n\t\t\t\t<div class=\"elementor-element elementor-element-163a50a elementor-widget elementor-widget-image\" data-id=\"163a50a\" data-element_type=\"widget\" data-e-type=\"widget\" data-widget_type=\"image.default\">\n\t\t\t\t\t\t\t\t\t\t\t\t\t\t\t\t<a href=\"https:\/\/ilv-fernerkundung.de\/wp-content\/uploads\/2023\/02\/IMG_20230206_154241_resized_20230213_075721822-scaled.jpg\" target=\"_blank\">\n\t\t\t\t\t\t\t<img decoding=\"async\" src=\"https:\/\/ilv-fernerkundung.de\/wp-content\/uploads\/elementor\/thumbs\/IMG_20230206_154241_resized_20230213_075721822-scaled-rc30qpiaylguwuft0uyjfqrzkl638nhbel2r41h0l0.webp\" title=\"IMG_20230206_154241_resized_20230213_075721822\" alt=\"IMG_20230206_154241_resized_20230213_075721822\" loading=\"lazy\">\t\t\t\t\t\t\t\t<\/a>\n\t\t\t\t\t\t\t\t\t\t\t\t\t\t\t<\/div>\n\t\t\t\t<div class=\"elementor-element elementor-element-b0413f2 elementor-widget elementor-widget-image\" data-id=\"b0413f2\" data-element_type=\"widget\" data-e-type=\"widget\" data-widget_type=\"image.default\">\n\t\t\t\t\t\t\t\t\t\t\t\t<figure class=\"wp-caption\">\n\t\t\t\t\t\t\t\t\t\t\t<a href=\"https:\/\/ilv-fernerkundung.de\/wp-content\/uploads\/2023\/02\/IMG_20230206_153134_resized_20230213_075722278-scaled.jpg\" target=\"_blank\">\n\t\t\t\t\t\t\t<img decoding=\"async\" src=\"https:\/\/ilv-fernerkundung.de\/wp-content\/uploads\/elementor\/thumbs\/IMG_20230206_153134_resized_20230213_075722278-scaled-rc30ielmla3ocuhzi9r6eu7eo23d8wio9hmci1s8sy.webp\" title=\"IMG_20230206_153134_resized_20230213_075722278\" alt=\"IMG_20230206_153134_resized_20230213_075722278\" loading=\"lazy\">\t\t\t\t\t\t\t\t<\/a>\n\t\t\t\t\t\t\t\t\t\t\t<figcaption class=\"widget-image-caption wp-caption-text\">The \u201cGer\u00adman Pavil\u00adion\u201d stand at Min\u00ading Ind\u00ada\u00adba 2023<\/figcaption>\n\t\t\t\t\t\t\t\t\t\t<\/figure>\n\t\t\t\t\t\t\t\t\t<\/div>\n\t\t\t\t<div class=\"elementor-element elementor-element-6b405b7 elementor-widget elementor-widget-image-box\" data-id=\"6b405b7\" data-element_type=\"widget\" data-e-type=\"widget\" data-widget_type=\"image-box.default\">\n\t\t\t\t\t<div class=\"elementor-image-box-wrapper\"><div class=\"elementor-image-box-content\"><p class=\"elementor-image-box-description\">The DGPF Annu\u00adal Con\u00adfer\u00adence in Munich will take place from 22 March \u2014 23 March 2023. Vis\u00adit us at the stand in the com\u00adpa\u00adny exhi\u00adbi\u00adtion!<\/p><\/div><\/div>\t\t\t\t<\/div>\n\t\t\t\t<div class=\"elementor-element elementor-element-5626c19 elementor-widget elementor-widget-image\" data-id=\"5626c19\" data-element_type=\"widget\" data-e-type=\"widget\" data-widget_type=\"image.default\">\n\t\t\t\t\t\t\t\t\t\t\t\t\t\t\t\t<a href=\"https:\/\/dgpf.de\/con\/jt2023.html\" target=\"_blank\" rel=\"noopener\">\n\t\t\t\t\t\t\t<img decoding=\"async\" src=\"https:\/\/ilv-fernerkundung.de\/wp-content\/uploads\/elementor\/thumbs\/Skyline_Munich_mit_Logos-rc3182kz7f8jdj7umv5fzv1iltl6fdetgiwn91q6g6.webp\" title=\"Skyline_Munich_mit_Logos\" alt=\"Skyline_Munich_mit_Logos\" loading=\"lazy\">\t\t\t\t\t\t\t\t<\/a>\n\t\t\t\t\t\t\t\t\t\t\t\t\t\t\t<\/div>\n\t\t\t\t<div class=\"elementor-element elementor-element-81f0ba6 elementor-widget elementor-widget-image-box\" data-id=\"81f0ba6\" data-element_type=\"widget\" data-e-type=\"widget\" data-widget_type=\"image-box.default\">\n\t\t\t\t\t<div class=\"elementor-image-box-wrapper\"><div class=\"elementor-image-box-content\"><p class=\"elementor-image-box-description\">The min\u00ading exhi\u00adbi\u00adtion PDAC takes place from 05th \u2014 08th of March 2023 in Toron\u00adto. And we will be there <a href=\"https:\/\/pdac.german-pavilion.com\/en\/exhibitors\/96473\/\" target=\"_blank\" rel=\"noopener\"><font color=\"red\">Have a look at our stand<\/font><\/a>.<\/p><\/div><\/div>\t\t\t\t<\/div>\n\t\t\t\t<div class=\"elementor-element elementor-element-82695ef elementor-widget elementor-widget-image\" data-id=\"82695ef\" data-element_type=\"widget\" data-e-type=\"widget\" data-widget_type=\"image.default\">\n\t\t\t\t\t\t\t\t\t\t\t\t\t\t\t\t<a href=\"https:\/\/pdac.german-pavilion.com\/en\/home\/\" target=\"_blank\" rel=\"noopener\">\n\t\t\t\t\t\t\t<img decoding=\"async\" src=\"https:\/\/ilv-fernerkundung.de\/wp-content\/uploads\/elementor\/thumbs\/banner_mining_indaba-rc31ayx2a17d690apm916mpojlax5rx0uvbjirfh3y.webp\" title=\"banner_mining_indaba\" alt=\"banner_mining_indaba\" loading=\"lazy\">\t\t\t\t\t\t\t\t<\/a>\n\t\t\t\t\t\t\t\t\t\t\t\t\t\t\t<\/div>\n\t\t\t\t<div class=\"elementor-element elementor-element-ede360b elementor-widget elementor-widget-image-box\" data-id=\"ede360b\" data-element_type=\"widget\" data-e-type=\"widget\" data-widget_type=\"image-box.default\">\n\t\t\t\t\t<div class=\"elementor-image-box-wrapper\"><div class=\"elementor-image-box-content\"><p class=\"elementor-image-box-description\">The min\u00ading exhi\u00adbi\u00adtion MINING INDABA takes place from 06th \u2014 09th of Feb\u00adru\u00adary 2023 in Cape Town. And we will be there <a href=\"https:\/\/mining-indaba.german-pavilion.com\/en\/exhibitors\/96435\/\" target=\"_blank\" rel=\"noopener\"><font color=\"red\">Have a look at our stand<\/font><\/a>.<\/p><\/div><\/div>\t\t\t\t<\/div>\n\t\t\t\t<div class=\"elementor-element elementor-element-c372dc7 elementor-widget elementor-widget-image\" data-id=\"c372dc7\" data-element_type=\"widget\" data-e-type=\"widget\" data-widget_type=\"image.default\">\n\t\t\t\t\t\t\t\t\t\t\t\t\t\t\t\t<a href=\"https:\/\/mining-indaba.german-pavilion.com\/en\/exhibitors\/96435\/\" target=\"_blank\" rel=\"noopener\">\n\t\t\t\t\t\t\t<img decoding=\"async\" src=\"https:\/\/ilv-fernerkundung.de\/wp-content\/uploads\/elementor\/thumbs\/banner_mining_indaba-rc31ayx2a17d690apm916mpojlax5rx0uvbjirfh3y.webp\" title=\"banner_mining_indaba\" alt=\"banner_mining_indaba\" loading=\"lazy\">\t\t\t\t\t\t\t\t<\/a>\n\t\t\t\t\t\t\t\t\t\t\t\t\t\t\t<\/div>\n\t\t\t\t<div class=\"elementor-element elementor-element-364a238 elementor-widget elementor-widget-image-box\" data-id=\"364a238\" data-element_type=\"widget\" data-e-type=\"widget\" data-widget_type=\"image-box.default\">\n\t\t\t\t\t<div class=\"elementor-image-box-wrapper\"><div class=\"elementor-image-box-content\"><h3 class=\"elementor-image-box-title\">10\/2022<\/h3><p class=\"elementor-image-box-description\">The exhi\u00adbi\u00adtion \u201cinter\u00adgeo\u201d 2022 is tak\u00ading place from 18th \u2014 20th of octo\u00adber in Essen. We are hap\u00adpy to announce our par\u00adtic\u00adi\u00adpa\u00adtion again this year. You can find us at hall 3 at booth A3.098. Have a look there!<\/p><\/div><\/div>\t\t\t\t<\/div>\n\t\t\t\t<div class=\"elementor-element elementor-element-6009f38 elementor-widget elementor-widget-image\" data-id=\"6009f38\" data-element_type=\"widget\" data-e-type=\"widget\" data-widget_type=\"image.default\">\n\t\t\t\t\t\t\t\t\t\t\t\t\t\t\t\t<a href=\"https:\/\/ilv-fernerkundung.de\/wp-content\/uploads\/2022\/10\/2022_Intergeo_ILV-Standfoto.jpg\" target=\"_blank\">\n\t\t\t\t\t\t\t<img decoding=\"async\" src=\"https:\/\/ilv-fernerkundung.de\/wp-content\/uploads\/elementor\/thumbs\/2022_Intergeo_ILV-Standfoto-scaled-rc31pn6cyxaif3oz0yld3xeqe4z7bo667hyf89o8wy.webp\" title=\"2022_Intergeo_ILV-Standfoto\" alt=\"2022_Intergeo_ILV-Standfoto\" loading=\"lazy\">\t\t\t\t\t\t\t\t<\/a>\n\t\t\t\t\t\t\t\t\t\t\t\t\t\t\t<\/div>\n\t\t\t\t<div class=\"elementor-element elementor-element-6740961 elementor-widget elementor-widget-image-box\" data-id=\"6740961\" data-element_type=\"widget\" data-e-type=\"widget\" data-widget_type=\"image-box.default\">\n\t\t\t\t\t<div class=\"elementor-image-box-wrapper\"><div class=\"elementor-image-box-content\"><h3 class=\"elementor-image-box-title\">06\/2022<\/h3><p class=\"elementor-image-box-description\">The par\u00adtic\u00adi\u00adpa\u00adtion at the ILA 2022 in Berlin was very suc\u00adcess\u00adful for ILV-Fern\u00aderkun\u00addung GmbH. In addi\u00adtion to the com\u00adpa\u00adny pre\u00adsen\u00adta\u00adtion at the Berlin-Bran\u00adden\u00adburg joint stand, we were able to present the cur\u00adrent Berlin aer\u00adi\u00adal imagery project in a spe\u00adcial\u00adist lec\u00adture and hold many inter\u00adest\u00ading dis\u00adcus\u00adsions.<\/p><\/div><\/div>\t\t\t\t<\/div>\n\t\t\t\t<div class=\"elementor-element elementor-element-4821283 elementor-widget elementor-widget-image\" data-id=\"4821283\" data-element_type=\"widget\" data-e-type=\"widget\" data-widget_type=\"image.default\">\n\t\t\t\t\t\t\t\t\t\t\t\t\t\t\t\t<a href=\"https:\/\/ilv-fernerkundung.de\/wp-content\/uploads\/2022\/06\/2022-06-26_ILA.jpg\" target=\"_blank\">\n\t\t\t\t\t\t\t<img decoding=\"async\" src=\"https:\/\/ilv-fernerkundung.de\/wp-content\/uploads\/elementor\/thumbs\/2022-06-26_ILA-rc32ghgg4m19y8peak9ub5kl28oj4iq8kclkkpvk2s.webp\" title=\"2022\u201306-26_ILA\" alt=\"2022-06-26_ILA\" loading=\"lazy\">\t\t\t\t\t\t\t\t<\/a>\n\t\t\t\t\t\t\t\t\t\t\t\t\t\t\t<\/div>\n\t\t\t\t<div class=\"elementor-element elementor-element-f914f90 elementor-widget elementor-widget-image-box\" data-id=\"f914f90\" data-element_type=\"widget\" data-e-type=\"widget\" data-widget_type=\"image-box.default\">\n\t\t\t\t\t<div class=\"elementor-image-box-wrapper\"><div class=\"elementor-image-box-content\"><h3 class=\"elementor-image-box-title\">05\/2022<\/h3><p class=\"elementor-image-box-description\">The par\u00adtic\u00adi\u00adpa\u00adtion in the Min\u00ading Ind\u00ada\u00adba in Cape Town was very suc\u00adcess\u00adful for ILV-Fern\u00aderkun\u00addung GmbH. In addi\u00adtion to inten\u00adsi\u00adfy\u00ading con\u00adnec\u00adtions with busi\u00adness part\u00adners from cur\u00adrent projects, we were also able to make many new con\u00adtacts. You can find the inter\u00adview about the exhi\u00adbi\u00adtion <a href=\"https:\/\/www.miningweekly.com\/article\/remote-sensing-specialist-successful-at-indaba-2022-07-01\/searchString:ILV\" target=\"_blank\" rel=\"noopener\"><font color=\"red\">here<\/font><\/a>.<\/p><\/div><\/div>\t\t\t\t<\/div>\n\t\t\t\t<div class=\"elementor-element elementor-element-3784a45 elementor-widget elementor-widget-image\" data-id=\"3784a45\" data-element_type=\"widget\" data-e-type=\"widget\" data-widget_type=\"image.default\">\n\t\t\t\t\t\t\t\t\t\t\t\t\t\t\t\t<a href=\"https:\/\/ilv-fernerkundung.de\/wp-content\/uploads\/2022\/05\/IMG_20220509_134427-scaled.jpg\" target=\"_blank\">\n\t\t\t\t\t\t\t<img decoding=\"async\" src=\"https:\/\/ilv-fernerkundung.de\/wp-content\/uploads\/elementor\/thumbs\/IMG_20220509_134427-scaled-rc35ekipgh9a9wlztx317vuemrsuuqvnhf7dfykzec.webp\" title=\"IMG_20220509_134427\" alt=\"IMG_20220509_134427\" loading=\"lazy\">\t\t\t\t\t\t\t\t<\/a>\n\t\t\t\t\t\t\t\t\t\t\t\t\t\t\t<\/div>\n\t\t\t\t<div class=\"elementor-element elementor-element-a9c7ef3 elementor-widget elementor-widget-image-box\" data-id=\"a9c7ef3\" data-element_type=\"widget\" data-e-type=\"widget\" data-widget_type=\"image-box.default\">\n\t\t\t\t\t<div class=\"elementor-image-box-wrapper\"><div class=\"elementor-image-box-content\"><h3 class=\"elementor-image-box-title\">04\/2022<\/h3><p class=\"elementor-image-box-description\">ILV flew the cap\u00adi\u00adtal region of Accra-Ghana on behalf of Hexa\u00adgon with a ground res\u00ado\u00adlu\u00adtion of approx. 2 cm. Click here for the <a href=\"https:\/\/www.hexagonsafetyinfrastructure.com\/news-and-events\/news-releases\/hexagon-helps-electricity-company-of-ghana-modernize-electricity-distribution\" target=\"_blank\" rel=\"noopener\"><font color=\"red\">arti\u00adcle<\/font><\/a>.<\/p><\/div><\/div>\t\t\t\t<\/div>\n\t\t\t\t<div class=\"elementor-element elementor-element-a3ae157 elementor-widget elementor-widget-image\" data-id=\"a3ae157\" data-element_type=\"widget\" data-e-type=\"widget\" data-widget_type=\"image.default\">\n\t\t\t\t\t\t\t\t\t\t\t\t\t\t\t\t<a href=\"https:\/\/ilv-fernerkundung.de\/wp-content\/uploads\/2022\/04\/Afua_foto2_clip2.jpg\" target=\"_blank\">\n\t\t\t\t\t\t\t<img decoding=\"async\" src=\"https:\/\/ilv-fernerkundung.de\/wp-content\/uploads\/elementor\/thumbs\/Afua_foto2_clip2-rc33bam0547mi3yadvpm1doi0wtnfd1i4ueiv8705e.webp\" title=\"Afua_foto2_clip2\" alt=\"Afua_foto2_clip2\" loading=\"lazy\">\t\t\t\t\t\t\t\t<\/a>\n\t\t\t\t\t\t\t\t\t\t\t\t\t\t\t<\/div>\n\t\t\t\t<div class=\"elementor-element elementor-element-a45be7d elementor-widget elementor-widget-image-box\" data-id=\"a45be7d\" data-element_type=\"widget\" data-e-type=\"widget\" data-widget_type=\"image-box.default\">\n\t\t\t\t\t<div class=\"elementor-image-box-wrapper\"><div class=\"elementor-image-box-content\"><h3 class=\"elementor-image-box-title\">03\/2022<\/h3><p class=\"elementor-image-box-description\">The avi\u00ada\u00adtion exhi\u00adbi\u00adtion ILA Berlin is live on stage again this year 2022 and takes place at Berlin Air\u00adport BER from 22nd \u2014 26th of June 2022. We will be there! And you? Save your tick\u00adet <a href=\"https:\/\/www.ila-berlin.de\/de\/tickets\" target=\"_blank\" rel=\"noopener\"><font color=\"red\"> here<\/font><\/a>.<\/p><\/div><\/div>\t\t\t\t<\/div>\n\t\t\t\t<div class=\"elementor-element elementor-element-a3f773d elementor-widget elementor-widget-image\" data-id=\"a3f773d\" data-element_type=\"widget\" data-e-type=\"widget\" data-widget_type=\"image.default\">\n\t\t\t\t\t\t\t\t\t\t\t\t\t\t\t\t<a href=\"https:\/\/www.ila-berlin.de\/en\" target=\"_blank\" rel=\"noopener\">\n\t\t\t\t\t\t\t<img decoding=\"async\" src=\"https:\/\/ilv-fernerkundung.de\/wp-content\/uploads\/elementor\/thumbs\/header-rc33t5jlzsnr3e0e3lmfevfscgspobxwl8mn4hpocq.webp\" title=\"header\" alt=\"header\" loading=\"lazy\">\t\t\t\t\t\t\t\t<\/a>\n\t\t\t\t\t\t\t\t\t\t\t\t\t\t\t<\/div>\n\t\t\t\t<div class=\"elementor-element elementor-element-2960a92 elementor-widget elementor-widget-image-box\" data-id=\"2960a92\" data-element_type=\"widget\" data-e-type=\"widget\" data-widget_type=\"image-box.default\">\n\t\t\t\t\t<div class=\"elementor-image-box-wrapper\"><div class=\"elementor-image-box-content\"><h3 class=\"elementor-image-box-title\">03\/2022<\/h3><p class=\"elementor-image-box-description\">The world\u2019s biggest min\u00ading exhi\u00adbi\u00adtion INDABA takes place from 09th \u2014 12th of May 2022 in South Africa. And we will be there <a href=\"https:\/\/mining-indaba.german-pavilion.com\/en\/exhibitors\/92249\/\" target=\"_blank\" rel=\"noopener\"><font color=\"red\">Have a look at our stand<\/font><\/a>.<\/p><\/div><\/div>\t\t\t\t<\/div>\n\t\t\t\t<div class=\"elementor-element elementor-element-9efe63d elementor-widget elementor-widget-image\" data-id=\"9efe63d\" data-element_type=\"widget\" data-e-type=\"widget\" data-widget_type=\"image.default\">\n\t\t\t\t\t\t\t\t\t\t\t\t\t\t\t\t<a href=\"https:\/\/mining-indaba.german-pavilion.com\" target=\"_blank\" rel=\"noopener\">\n\t\t\t\t\t\t\t<img decoding=\"async\" src=\"https:\/\/ilv-fernerkundung.de\/wp-content\/uploads\/2022\/03\/Werbe_INDABA.jpg\" title alt loading=\"lazy\">\t\t\t\t\t\t\t\t<\/a>\n\t\t\t\t\t\t\t\t\t\t\t\t\t\t\t<\/div>\n\t\t\t\t<div class=\"elementor-element elementor-element-f5387df elementor-widget elementor-widget-image-box\" data-id=\"f5387df\" data-element_type=\"widget\" data-e-type=\"widget\" data-widget_type=\"image-box.default\">\n\t\t\t\t\t<div class=\"elementor-image-box-wrapper\"><div class=\"elementor-image-box-content\"><h3 class=\"elementor-image-box-title\"><a href=\"https:\/\/play.google.com\/store\/apps\/details?id=com.ilv.ilv_ar&amp;hl=de\" target=\"_blank\" rel=\"noopener\">01\/2022<\/a><\/h3><p class=\"elementor-image-box-description\">The update of the ILV-AR App for the ILV Cal\u00aden\u00addar 2022 is avail\u00adable on <a href=\"https:\/\/play.google.com\/store\/apps\/details?id=com.ilv.ilv_ar&amp;hl=de\" target=\"_blank\" rel=\"noopener\"><font color=\"red\">Google Play Store<\/font><\/a> and <a href=\"https:\/\/apps.apple.com\/us\/app\/id1525535557\" target=\"_blank\" rel=\"noopener\"><font color=\"red\">Apple Store<\/font><\/a>. Test the AR app in the cal\u00aden\u00addar 02 and 09\/2022.<\/p><\/div><\/div>\t\t\t\t<\/div>\n\t\t\t\t<\/div>\n\t\t\t\t\t<\/div>\n\t\t\t\t<\/div>\n\t\t<div class=\"elementor-element elementor-element-9c6f048 e-flex e-con-boxed e-con e-parent\" data-id=\"9c6f048\" data-element_type=\"container\" data-e-type=\"container\">\n\t\t\t\t\t<div class=\"e-con-inner\">\n\t\t\t\t<div class=\"elementor-element elementor-element-028e839 elementor-widget-divider--view-line elementor-widget elementor-widget-divider\" data-id=\"028e839\" data-element_type=\"widget\" data-e-type=\"widget\" data-widget_type=\"divider.default\">\n\t\t\t\t\t\t\t<div class=\"elementor-divider\">\n\t\t\t<span class=\"elementor-divider-separator\">\n\t\t\t\t\t\t<\/span>\n\t\t<\/div>\n\t\t\t\t\t\t<\/div>\n\t\t\t\t\t<\/div>\n\t\t\t\t<\/div>\n\t\t\t\t<\/div>\n\t\t","protected":false},"excerpt":{"rendered":"<p>Job offers We are look\u00ading for pilots, also with a US pilot\u2019s license. . We are look\u00ading for aer\u00adi\u00adal pho\u00adtog\u00adra\u00adphers, prefer\u00adably with knowl\u00adedge of pho\u00adtogram\u00adme\u00adtry. We are look\u00ading for sur\u00advey\u00adors and engi\u00adneers, prefer\u00adably with GIS knowl\u00adedge. We are look\u00ading for min\u00aders \/ drilling rig oper\u00ada\u00adtors \/ min\u00ading engi\u00adneers \/ geol\u00ado\u00adgists. 09\/2026 The INTERGEO 2026 will [\u2026]<\/p>\n","protected":false},"author":1,"featured_media":0,"parent":0,"menu_order":4,"comment_status":"closed","ping_status":"closed","template":"","meta":{"wp_typography_post_enhancements_disabled":false,"footnotes":""},"class_list":["post-2526","page","type-page","status-publish","hentry","entry"],"_links":{"self":[{"href":"https:\/\/ilv-fernerkundung.de\/en\/wp-json\/wp\/v2\/pages\/2526","targetHints":{"allow":["GET"]}}],"collection":[{"href":"https:\/\/ilv-fernerkundung.de\/en\/wp-json\/wp\/v2\/pages"}],"about":[{"href":"https:\/\/ilv-fernerkundung.de\/en\/wp-json\/wp\/v2\/types\/page"}],"author":[{"embeddable":true,"href":"https:\/\/ilv-fernerkundung.de\/en\/wp-json\/wp\/v2\/users\/1"}],"replies":[{"embeddable":true,"href":"https:\/\/ilv-fernerkundung.de\/en\/wp-json\/wp\/v2\/comments?post=2526"}],"version-history":[{"count":446,"href":"https:\/\/ilv-fernerkundung.de\/en\/wp-json\/wp\/v2\/pages\/2526\/revisions"}],"predecessor-version":[{"id":7132,"href":"https:\/\/ilv-fernerkundung.de\/en\/wp-json\/wp\/v2\/pages\/2526\/revisions\/7132"}],"wp:attachment":[{"href":"https:\/\/ilv-fernerkundung.de\/en\/wp-json\/wp\/v2\/media?parent=2526"}],"curies":[{"name":"wp","href":"https:\/\/api.w.org\/{rel}","templated":true}]}}